{"id":3315,"date":"2022-06-07T04:52:24","date_gmt":"2022-06-07T02:52:24","guid":{"rendered":"https:\/\/lengnau.rettenmund.com\/rechtliche-hinweise\/"},"modified":"2026-04-09T08:11:37","modified_gmt":"2026-04-09T06:11:37","slug":"rechtliche-hinweise","status":"publish","type":"page","link":"https:\/\/www.lengnau.ch\/fr\/rechtliche-hinweise\/","title":{"rendered":"Protection des donn\u00e9es"},"content":{"rendered":"<p>Par la pr\u00e9sente <strong>d\u00e9claration de protection des donn\u00e9es<\/strong>, nous informons sur les donn\u00e9es personnelles que nous traitons dans le cadre de nos <strong>activit\u00e9s et de<\/strong> nos op\u00e9rations, y compris notre <strong>site web lengnau.ch<\/strong>. Nous informons en particulier \u00e0 quelles fins, comment et o\u00f9 nous traitons quelles donn\u00e9es personnelles. Nous informons en outre sur les droits des personnes dont nous traitons les donn\u00e9es.<\/p>\n<p>D&rsquo;autres d\u00e9clarations de protection des donn\u00e9es ainsi que d&rsquo;autres documents juridiques, tels que les conditions g\u00e9n\u00e9rales de vente (CGV), les conditions d&rsquo;utilisation ou les conditions de participation, peuvent s&rsquo;appliquer \u00e0 des activit\u00e9s et des activit\u00e9s individuelles ou suppl\u00e9mentaires.<\/p>\n<h2 id=\"kontaktadressen\">1. adresses de contact<\/h2>\n<p>Responsabilit\u00e9 du traitement des donn\u00e9es personnelles :<\/p>\n<p><strong id=\"verantwortlicher\">Einwohnergemeinde Lengnau BE<\/strong><br \/>\nDorfplatz 1<br \/>\n2543 Lengnau BE<\/p>\n<p><a href=\"mailto:in**@*****au.ch\" data-original-string=\"lPSRhEM6LfhQLBFWI2NbsQ==a0eezRzrUQtOBCKIxP68H9y8w==\" title=\"This contact has been encoded by Anti-Spam by CleanTalk. Click to decode. To finish the decoding make sure that JavaScript is enabled in your browser.\"><span \n                data-original-string='eUScpT445UaYeCXBT+h+eQ==a0eYi5FJUcswvgKc90TBeVX8Q=='\n                class='apbct-email-encoder'\n                title='This contact has been encoded by Anti-Spam by CleanTalk. Click to decode. To finish the decoding make sure that JavaScript is enabled in your browser.'>in<span class=\"apbct-blur\">**<\/span>@<span class=\"apbct-blur\">*****<\/span>au.ch<\/span><\/a><\/p>\n<p>Nous attirons votre attention sur le fait que, dans certains cas, il existe d&rsquo;autres responsables du traitement des donn\u00e9es personnelles.<\/p>\n<h2 id=\"begriffe-rechtsgrundlagen\">2. notions et bases juridiques<\/h2>\n<h3 id=\"begriffe\">2.1 D\u00e9finitions<\/h3>\n<p><strong>Les donn\u00e9es personnelles<\/strong> sont <em>toutes les<\/em> informations qui se rapportent \u00e0 une personne physique identifi\u00e9e ou identifiable. Une <strong>personne concern\u00e9e<\/strong> est une personne au sujet de laquelle nous traitons des donn\u00e9es personnelles.<\/p>\n<p>Le <strong>traitement<\/strong> comprend <em>toute<\/em> manipulation de donn\u00e9es personnelles, quels <em>que<\/em> soient les moyens et proc\u00e9d\u00e9s utilis\u00e9s, par exemple la consultation, la comparaison, l&rsquo;adaptation, l&rsquo;archivage, la conservation, l&rsquo;extraction, la communication, la collecte, la saisie, la collecte, l&rsquo;effacement, la divulgation, le classement, l&rsquo;organisation, la sauvegarde, la modification, la diffusion, l&rsquo;interconnexion, la destruction et l&rsquo;utilisation de donn\u00e9es personnelles.<\/p>\n<h3 id=\"rechtsgrundlagen\">2.2 Bases juridiques<\/h3>\n<p>Nous traitons les donn\u00e9es personnelles conform\u00e9ment \u00e0 la l\u00e9gislation suisse en mati\u00e8re de protection des donn\u00e9es, notamment la <a id=\"111818\" href=\"https:\/\/www.fedlex.admin.ch\/eli\/oc\/2022\/491\/de\" target=\"_blank\" rel=\"nofollow noopener noreferrer\">loi f\u00e9d\u00e9rale sur la protection des donn\u00e9es<\/a> (LPD) et l&rsquo;<a href=\"https:\/\/www.fedlex.admin.ch\/eli\/oc\/2022\/568\/de\" target=\"_blank\" rel=\"nofollow noopener\">ordonnance<\/a> sur la protection des donn\u00e9es (OPD).<\/p>\n<h2 id=\"art-umfang-zweck\">3. nature, port\u00e9e et objectif<\/h2>\n<p>Nous traitons les donn\u00e9es personnelles qui sont <em>n\u00e9cessaires<\/em> \u00e0 l&rsquo;exercice durable, convivial, s\u00fbr et fiable de nos activit\u00e9s. De telles donn\u00e9es personnelles peuvent notamment entrer dans les cat\u00e9gories des donn\u00e9es d&rsquo;inventaire et de contact, des donn\u00e9es de navigateur et d&rsquo;appareil, des donn\u00e9es de contenu, des m\u00e9tadonn\u00e9es ou donn\u00e9es marginales et des donn\u00e9es d&rsquo;utilisation, des donn\u00e9es de localisation, des donn\u00e9es de vente ainsi que des donn\u00e9es de contrat et de paiement.<\/p>\n<p>Nous traitons les donn\u00e9es personnelles pendant la <em>dur\u00e9e<\/em> requise par le ou les objectifs concern\u00e9s ou par la loi. Les donn\u00e9es personnelles dont le traitement n&rsquo;est plus n\u00e9cessaire sont rendues anonymes ou supprim\u00e9es.<\/p>\n<p>Nous pouvons faire traiter des donn\u00e9es personnelles <em>par des tiers<\/em>. Nous pouvons traiter des donn\u00e9es personnelles en collaboration avec des tiers ou les transmettre \u00e0 des tiers. Ces tiers sont notamment des prestataires sp\u00e9cialis\u00e9s dont nous utilisons les services. Nous garantissons \u00e9galement la protection des donn\u00e9es aupr\u00e8s de ces tiers.<\/p>\n<p><em>En principe<\/em>, nous ne traitons les donn\u00e9es personnelles qu&rsquo;avec le consentement des personnes concern\u00e9es. Si et dans la mesure o\u00f9 le traitement est autoris\u00e9 pour d&rsquo;autres raisons juridiques, nous pouvons renoncer \u00e0 demander un consentement. Nous pouvons par exemple traiter des donn\u00e9es personnelles sans consentement afin d&rsquo;ex\u00e9cuter un contrat, de respecter des obligations l\u00e9gales ou de pr\u00e9server des int\u00e9r\u00eats pr\u00e9pond\u00e9rants.<\/p>\n<p>Dans ce cadre, nous traitons notamment les informations qu&rsquo;une personne concern\u00e9e nous transmet <em>volontairement<\/em> lors d&rsquo;une prise de contact &#8211; par exemple par courrier postal, e-mail, messagerie instantan\u00e9e, formulaire de contact, m\u00e9dias sociaux ou t\u00e9l\u00e9phone &#8211; ou lors de l&rsquo;enregistrement d&rsquo;un compte utilisateur. Nous pouvons par exemple enregistrer ces informations dans un carnet d&rsquo;adresses, dans un syst\u00e8me de gestion de la relation client (CRM) ou \u00e0 l&rsquo;aide d&rsquo;outils comparables. Lorsque des donn\u00e9es concernant d&rsquo;autres personnes nous sont transmises, les personnes qui les transmettent sont tenues de garantir la protection des donn\u00e9es vis-\u00e0-vis de ces personnes ainsi que l&rsquo;exactitude de ces donn\u00e9es personnelles.<\/p>\n<p>Nous traitons en outre les donn\u00e9es personnelles que nous recevons de tiers, que nous nous procurons \u00e0 partir de sources accessibles au public ou que nous collectons dans le cadre de nos activit\u00e9s et de nos op\u00e9rations, si et dans la mesure o\u00f9 un tel traitement est autoris\u00e9 pour des raisons juridiques.<\/p>\n<h2 id=\"ausland\">4. donn\u00e9es personnelles \u00e0 l&rsquo;\u00e9tranger<\/h2>\n<p>Nous traitons les donn\u00e9es personnelles en <em>principe<\/em> en Suisse. Nous pouvons \u00e9galement communiquer ou exporter des donn\u00e9es personnelles vers d&rsquo;autres pays, notamment pour les y traiter ou les y faire traiter.<\/p>\n<p>Nous pouvons communiquer des donn\u00e9es personnelles \u00e0 tous les <a href=\"https:\/\/de.wikipedia.org\/wiki\/Liste_der_Staaten_der_Erde#Tabelle\" target=\"_blank\" rel=\"nofollow noopener noreferrer\">\u00c9tats et territoires de la Terre<\/a> ainsi qu&rsquo;\u00e0 d&rsquo;autres dans l&rsquo;<a href=\"https:\/\/www.datenschutzpartner.ch\/2022\/04\/23\/datenschutzerklaerung-daten-export-universum-mond\/\" target=\"_blank\" rel=\"nofollow noopener noreferrer\">univers<\/a>, pour autant que la l\u00e9gislation locale garantisse une protection ad\u00e9quate des donn\u00e9es, conform\u00e9ment \u00e0 la <a href=\"https:\/\/steigerlegal.ch\/2022\/09\/10\/ndsg-schweiz-staatenliste\/\" target=\"_blank\" rel=\"nofollow noopener noreferrer\">d\u00e9cision du Conseil f\u00e9d\u00e9ral suisse<\/a>.<\/p>\n<p>Nous pouvons communiquer des donn\u00e9es personnelles \u00e0 des \u00c9tats dont la l\u00e9gislation ne garantit pas une protection ad\u00e9quate des donn\u00e9es, \u00e0 condition qu&rsquo;une protection des donn\u00e9es appropri\u00e9e soit garantie pour d&rsquo;autres raisons. Une protection ad\u00e9quate des donn\u00e9es peut \u00eatre assur\u00e9e, par exemple, par des accords contractuels appropri\u00e9s, sur la base de clauses standard de protection des donn\u00e9es ou avec d&rsquo;autres garanties appropri\u00e9es. Exceptionnellement, nous pouvons exporter des donn\u00e9es personnelles vers des \u00c9tats ne disposant pas d&rsquo;une protection des donn\u00e9es ad\u00e9quate ou appropri\u00e9e, si les conditions particuli\u00e8res de protection des donn\u00e9es sont remplies, par exemple le consentement explicite des personnes concern\u00e9es ou un lien direct avec la conclusion ou l&rsquo;ex\u00e9cution d&rsquo;un contrat. Sur demande, nous fournissons volontiers aux personnes concern\u00e9es des informations sur d&rsquo;\u00e9ventuelles garanties ou une copie de celles-ci.<\/p>\n<h2 id=\"rechte\">5. droits des personnes concern\u00e9es<\/h2>\n<h3 id=\"ansprueche\">5.1 Droits en mati\u00e8re de protection des donn\u00e9es<\/h3>\n<p>Nous accordons aux personnes concern\u00e9es tous les droits pr\u00e9vus par la l\u00e9gislation applicable en mati\u00e8re de protection des donn\u00e9es. Les personnes concern\u00e9es disposent notamment des droits suivants :<\/p>\n<ul>\n<li><strong>Renseignements :<\/strong> les personnes concern\u00e9es peuvent demander \u00e0 savoir si nous traitons des donn\u00e9es personnelles les concernant et, dans l&rsquo;affirmative, de quelles donn\u00e9es personnelles il s&rsquo;agit. Les personnes concern\u00e9es re\u00e7oivent \u00e9galement les informations n\u00e9cessaires pour faire valoir leurs droits en mati\u00e8re de protection des donn\u00e9es et pour garantir la transparence. En font partie les donn\u00e9es personnelles trait\u00e9es en tant que telles, mais aussi, entre autres, des indications sur le but du traitement, sur la dur\u00e9e de conservation, sur une \u00e9ventuelle communication ou exportation de donn\u00e9es dans d&rsquo;autres \u00c9tats et sur l&rsquo;origine des donn\u00e9es personnelles.<\/li>\n<li><strong>Rectification et limitation :<\/strong> les personnes concern\u00e9es peuvent faire rectifier des donn\u00e9es personnelles inexactes, faire compl\u00e9ter des donn\u00e9es incompl\u00e8tes et faire limiter le traitement de leurs donn\u00e9es.<\/li>\n<li><strong>Effacement et opposition :<\/strong> les personnes concern\u00e9es peuvent faire effacer leurs donn\u00e9es personnelles (\u00ab\u00a0droit \u00e0 l&rsquo;oubli\u00a0\u00bb) et s&rsquo;opposer au traitement de leurs donn\u00e9es avec effet pour l&rsquo;avenir.<\/li>\n<li><strong>Remise des donn\u00e9es et transfert des donn\u00e9es :<\/strong> Les personnes concern\u00e9es peuvent demander la remise de donn\u00e9es personnelles ou le transfert de leurs donn\u00e9es \u00e0 un autre responsable.<\/li>\n<\/ul>\n<p>Nous pouvons suspendre, limiter ou refuser l&rsquo;exercice des droits des personnes concern\u00e9es dans les limites autoris\u00e9es par la loi. Nous pouvons attirer l&rsquo;attention des personnes concern\u00e9es sur les conditions \u00e0 remplir le cas \u00e9ch\u00e9ant pour l&rsquo;exercice de leurs droits en mati\u00e8re de protection des donn\u00e9es. Nous pouvons par exemple refuser de fournir tout ou partie des informations en invoquant le secret des affaires ou la protection d&rsquo;autres personnes. Nous pouvons aussi, par exemple, refuser de supprimer tout ou partie des donn\u00e9es personnelles en invoquant des obligations l\u00e9gales de conservation.<\/p>\n<p>Nous pouvons <em>exceptionnellement<\/em> pr\u00e9voir des frais pour l&rsquo;exercice de ces droits. Nous informons au pr\u00e9alable les personnes concern\u00e9es des frais \u00e9ventuels.<\/p>\n<p>Nous sommes tenus d&rsquo;identifier, par des mesures appropri\u00e9es, les personnes concern\u00e9es qui demandent des informations ou font valoir d&rsquo;autres droits. Les personnes concern\u00e9es sont tenues de coop\u00e9rer.<\/p>\n<h3 id=\"beschwerderecht\">5.2 Droit de recours<\/h3>\n<p>Les personnes concern\u00e9es ont le droit de faire valoir leurs droits en mati\u00e8re de protection des donn\u00e9es par voie juridique ou de d\u00e9poser une plainte aupr\u00e8s d&rsquo;une autorit\u00e9 de contr\u00f4le comp\u00e9tente en mati\u00e8re de protection des donn\u00e9es.<\/p>\n<p>L&rsquo;autorit\u00e9 de surveillance de la protection des donn\u00e9es pour les responsables priv\u00e9s et les organes f\u00e9d\u00e9raux en Suisse est le <a href=\"https:\/\/www.edoeb.admin.ch\/de\" target=\"_blank\" rel=\"nofollow noopener noreferrer\">Pr\u00e9pos\u00e9 f\u00e9d\u00e9ral \u00e0 la protection des donn\u00e9es et \u00e0 la transparence<\/a> (PFPDT).<\/p>\n<h2 id=\"sicherheit\">6. s\u00e9curit\u00e9 des donn\u00e9es<\/h2>\n<p>Nous prenons les mesures techniques et organisationnelles appropri\u00e9es afin de garantir une s\u00e9curit\u00e9 des donn\u00e9es adapt\u00e9e au risque respectif. Nous ne pouvons toutefois pas garantir une s\u00e9curit\u00e9 absolue des donn\u00e9es.<\/p>\n<p>L&rsquo;acc\u00e8s \u00e0 notre site web s&rsquo;effectue au moyen du cryptage de transport (SSL \/ TLS, en particulier avec le Hypertext Transfer Protocol Secure, en abr\u00e9g\u00e9 HTTPS). La plupart des navigateurs signalent le cryptage de transport par un cadenas dans la barre d&rsquo;adresse.<\/p>\n<p>Nos communications num\u00e9riques sont soumises &#8211; comme toute communication num\u00e9rique <em>en principe<\/em> &#8211; \u00e0 la surveillance de masse sans motif ni soup\u00e7on, ainsi qu&rsquo;\u00e0 d&rsquo;autres formes de surveillance par les autorit\u00e9s de s\u00e9curit\u00e9 en Suisse, dans le reste de l&rsquo;Europe, aux \u00c9tats-Unis d&rsquo;Am\u00e9rique (USA) et dans d&rsquo;autres pays. Nous ne pouvons pas exercer d&rsquo;influence directe sur le traitement correspondant des donn\u00e9es personnelles par les services secrets, les services de police et autres autorit\u00e9s de s\u00e9curit\u00e9.<\/p>\n<h2 id=\"website\">7. utilisation du site web<\/h2>\n<h3 id=\"cookies\">7.1 Cookies<\/h3>\n<p>Nous pouvons utiliser des cookies. Les cookies, qu&rsquo;il s&rsquo;agisse de nos propres cookies (cookies de premi\u00e8re partie) ou de cookies de tiers dont nous utilisons les services (cookies de troisi\u00e8me partie), sont des donn\u00e9es qui sont stock\u00e9es dans le navigateur. De telles donn\u00e9es stock\u00e9es ne doivent pas \u00eatre limit\u00e9es aux cookies traditionnels sous forme de texte.<\/p>\n<p>Les cookies peuvent \u00eatre stock\u00e9s temporairement dans le navigateur en tant que \u00ab\u00a0cookies de session\u00a0\u00bb ou pour une p\u00e9riode d\u00e9termin\u00e9e en tant que cookies dits permanents. Les \u00ab\u00a0cookies de session\u00a0\u00bb sont automatiquement supprim\u00e9s lorsque le navigateur est ferm\u00e9. Les cookies permanents ont une dur\u00e9e de conservation d\u00e9termin\u00e9e. Les cookies permettent notamment de reconna\u00eetre un navigateur lors de la prochaine visite de notre site web et de mesurer ainsi, par exemple, la port\u00e9e de notre site web. Mais les cookies permanents peuvent aussi \u00eatre utilis\u00e9s, par exemple, pour le marketing en ligne.<\/p>\n<p>Les cookies peuvent \u00eatre d\u00e9sactiv\u00e9s ou supprim\u00e9s en partie ou en totalit\u00e9 \u00e0 tout moment dans les param\u00e8tres du navigateur. Sans cookies, notre site web ne sera \u00e9ventuellement plus disponible dans son int\u00e9gralit\u00e9. Nous demandons activement &#8211; au moins si et dans la mesure o\u00f9 cela est n\u00e9cessaire &#8211; le consentement explicite \u00e0 l&rsquo;utilisation de cookies.<\/p>\n<p><strong>Les cookies suivants sont utilis\u00e9s sur notre site web :<br \/>\n<\/strong>Vous trouverez pour chaque cookie des explications d\u00e9taill\u00e9es et des informations sur la dur\u00e9e de conservation :<\/p>\n<p><strong>__cf_bm<br \/>\n<\/strong>Explication : un cookie plac\u00e9 par le service de polices myfonts suite \u00e0 l&rsquo;utilisation d&rsquo;un service Cloudflare.<br \/>\nDur\u00e9e de conservation : 30 minutes <strong>wp-wpml_current_language<\/strong><br \/>\nExplication : enregistre le r\u00e9glage actuel de la langue\/le choix de la langue (plugin WPML).<br \/>\nDur\u00e9e de conservation : pendant votre visite\/s\u00e9ance sur notre site (session)<\/p>\n<p><a id=\"dscookiesetup\" class=\"cky-banner-element\" href=\"#\">D\u00e9finir\/modifier les param\u00e8tres des cookies<\/a><\/p>\n<h3 id=\"logdateien\">7.2 Fichiers journaux du serveur<\/h3>\n<p>Nous pouvons collecter les informations suivantes pour chaque acc\u00e8s \u00e0 notre site web, dans la mesure o\u00f9 elles sont transmises par votre navigateur \u00e0 notre infrastructure de serveur ou peuvent \u00eatre d\u00e9termin\u00e9es par notre serveur web : la date et l&rsquo;heure, y compris le fuseau horaire, l&rsquo;adresse IP (Internet Protocol), le statut d&rsquo;acc\u00e8s (code d&rsquo;\u00e9tat HTTP), le syst\u00e8me d&rsquo;exploitation, y compris l&rsquo;interface utilisateur et la version, le navigateur, y compris la langue et la version, la sous-page de notre site web consult\u00e9e, y compris la quantit\u00e9 de donn\u00e9es transmises, la derni\u00e8re page web consult\u00e9e dans la m\u00eame fen\u00eatre du navigateur (r\u00e9f\u00e9rent ou referrer).<\/p>\n<p>Nous enregistrons ces informations, qui peuvent \u00e9galement constituer des donn\u00e9es personnelles, dans des fichiers journaux de serveur. Ces informations sont n\u00e9cessaires pour mettre \u00e0 disposition notre site web de mani\u00e8re durable, conviviale et fiable ainsi que pour pouvoir garantir la s\u00e9curit\u00e9 des donn\u00e9es et donc en particulier la protection des donn\u00e9es personnelles &#8211; \u00e9galement par des tiers ou avec l&rsquo;aide de tiers.<\/p>\n<h3 id=\"zaehlpixel\">7.3 Pixels de suivi<\/h3>\n<p>Nous pouvons utiliser des pixels de suivi sur notre site web. Les pixels de suivi sont \u00e9galement appel\u00e9s balises web. Les pixels &#8211; y compris ceux de tiers dont nous utilisons les services &#8211; sont de petites images g\u00e9n\u00e9ralement invisibles qui sont automatiquement appel\u00e9es lors de la visite de notre site web. Les pixels de comptage permettent de collecter les m\u00eames informations que les fichiers journaux du serveur.<\/p>\n<h2 id=\"mitteilungen\">8. notifications et messages<\/h2>\n<p>Nous envoyons des notifications et des messages par courrier \u00e9lectronique et par d&rsquo;autres canaux de communication, tels que la messagerie instantan\u00e9e ou les SMS.<\/p>\n<h3 id=\"mitteilungen-statistik\">8.1 Mesure de la r\u00e9ussite et de la port\u00e9e<\/h3>\n<p>Les notifications et les messages peuvent contenir des liens web ou des pixels qui enregistrent si un message individuel a \u00e9t\u00e9 ouvert et sur quels liens web il a \u00e9t\u00e9 cliqu\u00e9. De tels liens web et pixels peuvent \u00e9galement enregistrer l&rsquo;utilisation des notifications et des communications \u00e0 titre personnel. Nous avons besoin de cette saisie statistique de l&rsquo;utilisation pour mesurer le succ\u00e8s et la port\u00e9e, afin de pouvoir envoyer des notifications et des messages de mani\u00e8re efficace et conviviale, ainsi que de mani\u00e8re durable, s\u00fbre et fiable, sur la base des besoins et des habitudes de lecture des destinataires.<\/p>\n<h3 id=\"mitteilungen-einwilligung\">8.2 Consentement et opposition<\/h3>\n<p>Vous devez <em>en principe<\/em> consentir express\u00e9ment \u00e0 l&rsquo;utilisation de votre adresse \u00e9lectronique et de vos autres adresses de contact, \u00e0 moins que cette utilisation ne soit autoris\u00e9e pour d&rsquo;autres raisons juridiques. Pour un \u00e9ventuel consentement, nous utilisons dans la mesure du possible la proc\u00e9dure de \u00ab\u00a0double opt-in\u00a0\u00bb, c&rsquo;est-\u00e0-dire que vous recevez un e-mail avec un lien web sur lequel vous devez cliquer pour confirmer, afin d&rsquo;\u00e9viter tout abus par des tiers non autoris\u00e9s. Nous pouvons enregistrer ces consentements, y compris l&rsquo;adresse IP (Internet Protocol), la date et l&rsquo;heure, pour des raisons de preuve et de s\u00e9curit\u00e9.<\/p>\n<p>Vous pouvez en <em>principe<\/em> vous opposer \u00e0 tout moment \u00e0 la r\u00e9ception de notifications et de communications telles que les newsletters. Avec une telle opposition, vous pouvez en m\u00eame temps vous opposer \u00e0 la saisie statistique de l&rsquo;utilisation pour la mesure du succ\u00e8s et de la port\u00e9e. Les notifications et communications n\u00e9cessaires en rapport avec nos activit\u00e9s et activit\u00e9s demeurent r\u00e9serv\u00e9es.<\/p>\n<h3 id=\"mitteilungen-dienstleister\">8.3 Prestataires de services pour les notifications et les messages<\/h3>\n<p>Nous envoyons des notifications et des messages \u00e0 l&rsquo;aide de prestataires de services sp\u00e9cialis\u00e9s.<\/p>\n<h2 id=\"dienste\">9. services de tiers<\/h2>\n<p>Nous utilisons les services de tiers sp\u00e9cialis\u00e9s afin de pouvoir exercer nos activit\u00e9s et nos op\u00e9rations de mani\u00e8re durable, conviviale, s\u00fbre et fiable. Ces services nous permettent, entre autres, d&rsquo;int\u00e9grer des fonctions et des contenus dans notre site web. Dans le cas d&rsquo;une telle int\u00e9gration, les services utilis\u00e9s collectent au moins temporairement les adresses Internet Protocol (IP) des utilisateurs pour des raisons techniques imp\u00e9ratives.<\/p>\n<p>Pour des raisons de s\u00e9curit\u00e9, statistiques et techniques, les tiers dont nous utilisons les services peuvent traiter des donn\u00e9es agr\u00e9g\u00e9es, anonymes ou pseudonymis\u00e9es en rapport avec nos activit\u00e9s et nos op\u00e9rations. Il s&rsquo;agit par exemple de donn\u00e9es relatives aux performances ou \u00e0 l&rsquo;utilisation, afin de pouvoir proposer le service en question.<\/p>\n<h3 id=\"infrastruktur\">9.1 Infrastructure num\u00e9rique<\/h3>\n<p>Nous utilisons les services de tiers sp\u00e9cialis\u00e9s afin de b\u00e9n\u00e9ficier de l&rsquo;infrastructure num\u00e9rique n\u00e9cessaire dans le cadre de nos activit\u00e9s et de nos op\u00e9rations. Il s&rsquo;agit par exemple de services d&rsquo;h\u00e9bergement et de stockage fournis par des fournisseurs s\u00e9lectionn\u00e9s.<\/p>\n<p>Nous utilisons notamment<\/p>\n<ul>\n<li><strong><a href=\"https:\/\/www.metanet.ch\/de\" target=\"_blank\" rel=\"nofollow noopener noreferrer\">METANET :<\/a><\/strong> H\u00e9bergement ; Fournisseur : METANET AG (Suisse) ; Informations sur la protection des donn\u00e9es : <a href=\"https:\/\/www.metanet.ch\/de\/ueber-metanet\/datenschutzerklaerung\" target=\"_blank\" rel=\"nofollow noopener noreferrer\">D\u00e9claration de protection des donn\u00e9es<\/a>, <a href=\"https:\/\/www.metanet.ch\/media\/109\/download\/40.pdf?v=1\" target=\"_blank\" rel=\"nofollow noopener noreferrer\">\u00ab\u00a0Mesures techniques et organisationnelles\u00a0\u00bb.<\/a><\/li>\n<\/ul>\n<h3 id=\"kontaktmoeglichkeiten\">9.2 Possibilit\u00e9s de contact<\/h3>\n<p>Nous utilisons les services de fournisseurs s\u00e9lectionn\u00e9s afin de pouvoir mieux communiquer avec des tiers, par exemple des clients potentiels ou existants.<\/p>\n<h3 id=\"kartenmaterial\">9.3 Mat\u00e9riel cartographique<\/h3>\n<p>Nous utilisons des services de tiers pour pouvoir int\u00e9grer des cartes dans notre site web.<\/p>\n<p>Nous utilisons notamment<\/p>\n<ul>\n<li><strong><a href=\"https:\/\/map.geo.admin.ch\/?lang=de\" target=\"_blank\" rel=\"nofollow noopener noreferrer\">map.geo.admin.ch :<\/a><\/strong> Service cartographique ; fournisseur : Organe de coordination de la g\u00e9oinformation au niveau f\u00e9d\u00e9ral (GCS) ; indications relatives \u00e0 la protection des donn\u00e9es : <a href=\"https:\/\/www.admin.ch\/de\/rechtliches#-827789746\" target=\"_blank\" rel=\"nofollow noopener noreferrer\">D\u00e9claration de protection des donn\u00e9es<\/a>, <a href=\"https:\/\/www.geo.admin.ch\/de\/rechtliche-grundlagen\/\" target=\"_blank\" rel=\"nofollow noopener noreferrer\">\u00ab\u00a0Bases l\u00e9gales\u00a0\u00bb.<\/a><\/li>\n<\/ul>\n<h3 id=\"schriftarten\">9.4 Polices de caract\u00e8res<\/h3>\n<p>Nous utilisons des services de tiers pour pouvoir int\u00e9grer des polices de caract\u00e8res s\u00e9lectionn\u00e9es ainsi que des ic\u00f4nes, des logos et des symboles dans notre site web.<\/p>\n<p>Nous utilisons notamment<\/p>\n<ul>\n<li><strong><a href=\"https:\/\/www.myfonts.com\" target=\"_blank\" rel=\"nofollow noopener noreferrer\">MyFonts (by Monotype) :<\/a><\/strong> Polices de caract\u00e8res ; fournisseurs : Monotype Imaging Holdings Inc. (\u00c9tats-Unis) \/ MyFonts Inc. (\u00c9tats-Unis) ; informations sur la protection des donn\u00e9es : <a href=\"https:\/\/www.myfonts.com\/de\/a\/font\/legal\/website-use-privacy-policy\" target=\"_blank\" rel=\"nofollow noopener noreferrer\">\u00ab\u00a0Votre vie priv\u00e9e\u00a0\u00bb (\u00ab\u00a0Your Privacy\u00a0\u00bb)<\/a>, <a href=\"https:\/\/www.monotype.com\/de\/rechtshinweise\/datenschutzrichtlinie\" target=\"_blank\" rel=\"nofollow noopener noreferrer\">d\u00e9claration de confidentialit\u00e9<\/a>, <a href=\"https:\/\/www.monotype.com\/de\/rechtshinweise\/datenschutzrichtlinie\/datenschutzrichtlinie-zum-tracking-von-webschriften\" target=\"_blank\" rel=\"nofollow noopener noreferrer\">\u00ab\u00a0Politique de confidentialit\u00e9 sur le suivi des polices web\u00a0\u00bb.<\/a><\/li>\n<\/ul>\n<h3 id=\"zahlungen\">9.5 Paiements<\/h3>\n<p>Nous faisons appel \u00e0 des prestataires de services sp\u00e9cialis\u00e9s afin de pouvoir traiter les paiements de nos clients de mani\u00e8re s\u00fbre et fiable. Pour le traitement des paiements, les textes juridiques des diff\u00e9rents prestataires de services tels que les conditions g\u00e9n\u00e9rales de vente (CGV) ou les d\u00e9clarations de protection des donn\u00e9es s&rsquo;appliquent en compl\u00e9ment.<\/p>\n<p>Nous utilisons notamment<\/p>\n<ul>\n<li><a href=\"https:\/\/www.twint.ch\/\" target=\"_blank\" rel=\"noopener noreferrer\" data-wa-event=\"click\" data-wa-label=\"https:\/\/www.twint.ch\/\" data-wa-category=\"extern\"><strong>TWINT :<\/strong><\/a> Traitement des paiements en Suisse ; fournisseur : TWINT AG (Suisse) ; informations sur la protection des donn\u00e9es : <a href=\"https:\/\/www.twint.ch\/datenschutz\/\" target=\"_blank\" rel=\"noopener noreferrer\" data-wa-event=\"click\" data-wa-label=\"https:\/\/www.twint.ch\/datenschutz\/\" data-wa-category=\"extern\">d\u00e9claration de protection des donn\u00e9es<\/a>, <a href=\"https:\/\/www.twint.ch\/privatkunden\/support\/sicherheit\/\" target=\"_blank\" rel=\"noopener noreferrer\" data-wa-event=\"click\" data-wa-label=\"https:\/\/www.twint.ch\/privatkunden\/support\/sicherheit\/\" data-wa-category=\"extern\">\u00ab\u00a0S\u00e9curit\u00e9 selon les normes suisses\u00a0\u00bb.<\/a><\/li>\n<li><strong><a href=\"https:\/\/worldline.com\/de-ch\/home\" target=\"_blank\" rel=\"nofollow noopener noreferrer\">Worldline, soci\u00e9t\u00e9 sp\u00e9cialis\u00e9e dans les paiements :<\/a><\/strong> Traitement des paiements, en particulier avec des solutions de paiement mobile ; fournisseurs : Worldline Financial Services (Europe) SA (France) et autres soci\u00e9t\u00e9s Worldline ; informations sur la protection des donn\u00e9es : <a href=\"https:\/\/worldline.com\/de-ch\/compliancy\/privacy\" target=\"_blank\" rel=\"nofollow noopener noreferrer\">d\u00e9claration g\u00e9n\u00e9rale de protection des donn\u00e9es<\/a>, <a href=\"https:\/\/worldline.com\/content\/dam\/worldline\/local\/de-ch\/documents\/110078701-fs-privacy-notice-che-de-09-2023.pdf\" target=\"_blank\" rel=\"nofollow noopener noreferrer\">d\u00e9claration de protection des donn\u00e9es de Worldline Suisse SA<\/a>, <a href=\"https:\/\/support.worldline.com\/de-ch\/home\/merchants\/payment-security\" target=\"_blank\" rel=\"nofollow noopener noreferrer\">\u00ab\u00a0S\u00e9curit\u00e9 des paiements sans num\u00e9raire\u00a0\u00bb.<\/a><\/li>\n<\/ul>\n<h2 id=\"schlussbestimmungen\">10. dispositions finales<\/h2>\n<p>Nous avons \u00e9labor\u00e9 cette d\u00e9claration de protection des donn\u00e9es en nous basant sur le <a href=\"https:\/\/www.datenschutzpartner.ch\/angebot-datenschutz-generator\/\" target=\"_blank\" rel=\"nofollow noopener noreferrer\">g\u00e9n\u00e9rateur de protection des donn\u00e9es<\/a> de <a href=\"https:\/\/www.datenschutzpartner.ch\/\" target=\"_blank\" rel=\"nofollow noopener noreferrer\">Datenschutzpartner<\/a> et l&rsquo;avons adapt\u00e9e individuellement pour lengnau.ch.<\/p>\n<p>Nous pouvons \u00e0 tout moment adapter et compl\u00e9ter la pr\u00e9sente d\u00e9claration de protection des donn\u00e9es. Nous informerons de ces adaptations et compl\u00e9ments sous une forme appropri\u00e9e, notamment en publiant la d\u00e9claration de protection des donn\u00e9es en vigueur sur notre site web.<\/p>\n","protected":false},"excerpt":{"rendered":"<p>Par la pr\u00e9sente d\u00e9claration de protection des donn\u00e9es, nous informons sur les donn\u00e9es personnelles que nous traitons dans le cadre de nos activit\u00e9s et de nos op\u00e9rations, y compris notre site web lengnau.ch. Nous informons en particulier \u00e0 quelles fins, comment et o\u00f9 nous traitons quelles donn\u00e9es personnelles. Nous informons en outre sur les droits [&hellip;]<\/p>\n","protected":false},"author":1,"featured_media":0,"parent":0,"menu_order":934,"comment_status":"closed","ping_status":"closed","template":"page-fullwidth.php","meta":{"_acf_changed":false,"_relevanssi_hide_post":"","_relevanssi_hide_content":"","_relevanssi_pin_for_all":"","_relevanssi_pin_keywords":"","_relevanssi_unpin_keywords":"","_relevanssi_related_keywords":"","_relevanssi_related_include_ids":"","_relevanssi_related_exclude_ids":"","_relevanssi_related_no_append":"","_relevanssi_related_not_related":"","_relevanssi_related_posts":"","_relevanssi_noindex_reason":"","footnotes":""},"class_list":["post-3315","page","type-page","status-publish","hentry"],"acf":[],"yoast_head":"<!-- This site is optimized with the Yoast SEO plugin v27.4 - https:\/\/yoast.com\/product\/yoast-seo-wordpress\/ -->\n<title>Protection des donn\u00e9es - Gemeinde Lengnau<\/title>\n<meta name=\"robots\" content=\"index, follow, max-snippet:-1, max-image-preview:large, max-video-preview:-1\" \/>\n<link rel=\"canonical\" href=\"https:\/\/www.lengnau.ch\/fr\/rechtliche-hinweise\/\" \/>\n<meta property=\"og:locale\" content=\"fr_FR\" \/>\n<meta property=\"og:type\" content=\"article\" \/>\n<meta property=\"og:title\" content=\"Protection des donn\u00e9es - Gemeinde Lengnau\" \/>\n<meta property=\"og:description\" content=\"Par la pr\u00e9sente d\u00e9claration de protection des donn\u00e9es, nous informons sur les donn\u00e9es personnelles que nous traitons dans le cadre de nos activit\u00e9s et de nos op\u00e9rations, y compris notre site web lengnau.ch. Nous informons en particulier \u00e0 quelles fins, comment et o\u00f9 nous traitons quelles donn\u00e9es personnelles. Nous informons en outre sur les droits [&hellip;]\" \/>\n<meta property=\"og:url\" content=\"https:\/\/www.lengnau.ch\/fr\/rechtliche-hinweise\/\" \/>\n<meta property=\"og:site_name\" content=\"Gemeinde Lengnau\" \/>\n<meta property=\"article:modified_time\" content=\"2026-04-09T06:11:37+00:00\" \/>\n<meta name=\"twitter:card\" content=\"summary_large_image\" \/>\n<script type=\"application\/ld+json\" class=\"yoast-schema-graph\">{\"@context\":\"https:\\\/\\\/schema.org\",\"@graph\":[{\"@type\":\"WebPage\",\"@id\":\"https:\\\/\\\/www.lengnau.ch\\\/fr\\\/rechtliche-hinweise\\\/\",\"url\":\"https:\\\/\\\/www.lengnau.ch\\\/fr\\\/rechtliche-hinweise\\\/\",\"name\":\"Protection des donn\u00e9es - Gemeinde Lengnau\",\"isPartOf\":{\"@id\":\"https:\\\/\\\/www.lengnau.ch\\\/#website\"},\"datePublished\":\"2022-06-07T02:52:24+00:00\",\"dateModified\":\"2026-04-09T06:11:37+00:00\",\"breadcrumb\":{\"@id\":\"https:\\\/\\\/www.lengnau.ch\\\/fr\\\/rechtliche-hinweise\\\/#breadcrumb\"},\"inLanguage\":\"fr-FR\",\"potentialAction\":[{\"@type\":\"ReadAction\",\"target\":[\"https:\\\/\\\/www.lengnau.ch\\\/fr\\\/rechtliche-hinweise\\\/\"]}]},{\"@type\":\"BreadcrumbList\",\"@id\":\"https:\\\/\\\/www.lengnau.ch\\\/fr\\\/rechtliche-hinweise\\\/#breadcrumb\",\"itemListElement\":[{\"@type\":\"ListItem\",\"position\":1,\"name\":\"Home\",\"item\":\"https:\\\/\\\/www.lengnau.ch\\\/fr\\\/\"},{\"@type\":\"ListItem\",\"position\":2,\"name\":\"Protection des donn\u00e9es\"}]},{\"@type\":\"WebSite\",\"@id\":\"https:\\\/\\\/www.lengnau.ch\\\/#website\",\"url\":\"https:\\\/\\\/www.lengnau.ch\\\/\",\"name\":\"Gemeinde Lengnau\",\"description\":\"\",\"potentialAction\":[{\"@type\":\"SearchAction\",\"target\":{\"@type\":\"EntryPoint\",\"urlTemplate\":\"https:\\\/\\\/www.lengnau.ch\\\/?s={search_term_string}\"},\"query-input\":{\"@type\":\"PropertyValueSpecification\",\"valueRequired\":true,\"valueName\":\"search_term_string\"}}],\"inLanguage\":\"fr-FR\"}]}<\/script>\n<!-- \/ Yoast SEO plugin. -->","yoast_head_json":{"title":"Protection des donn\u00e9es - Gemeinde Lengnau","robots":{"index":"index","follow":"follow","max-snippet":"max-snippet:-1","max-image-preview":"max-image-preview:large","max-video-preview":"max-video-preview:-1"},"canonical":"https:\/\/www.lengnau.ch\/fr\/rechtliche-hinweise\/","og_locale":"fr_FR","og_type":"article","og_title":"Protection des donn\u00e9es - Gemeinde Lengnau","og_description":"Par la pr\u00e9sente d\u00e9claration de protection des donn\u00e9es, nous informons sur les donn\u00e9es personnelles que nous traitons dans le cadre de nos activit\u00e9s et de nos op\u00e9rations, y compris notre site web lengnau.ch. Nous informons en particulier \u00e0 quelles fins, comment et o\u00f9 nous traitons quelles donn\u00e9es personnelles. Nous informons en outre sur les droits [&hellip;]","og_url":"https:\/\/www.lengnau.ch\/fr\/rechtliche-hinweise\/","og_site_name":"Gemeinde Lengnau","article_modified_time":"2026-04-09T06:11:37+00:00","twitter_card":"summary_large_image","schema":{"@context":"https:\/\/schema.org","@graph":[{"@type":"WebPage","@id":"https:\/\/www.lengnau.ch\/fr\/rechtliche-hinweise\/","url":"https:\/\/www.lengnau.ch\/fr\/rechtliche-hinweise\/","name":"Protection des donn\u00e9es - Gemeinde Lengnau","isPartOf":{"@id":"https:\/\/www.lengnau.ch\/#website"},"datePublished":"2022-06-07T02:52:24+00:00","dateModified":"2026-04-09T06:11:37+00:00","breadcrumb":{"@id":"https:\/\/www.lengnau.ch\/fr\/rechtliche-hinweise\/#breadcrumb"},"inLanguage":"fr-FR","potentialAction":[{"@type":"ReadAction","target":["https:\/\/www.lengnau.ch\/fr\/rechtliche-hinweise\/"]}]},{"@type":"BreadcrumbList","@id":"https:\/\/www.lengnau.ch\/fr\/rechtliche-hinweise\/#breadcrumb","itemListElement":[{"@type":"ListItem","position":1,"name":"Home","item":"https:\/\/www.lengnau.ch\/fr\/"},{"@type":"ListItem","position":2,"name":"Protection des donn\u00e9es"}]},{"@type":"WebSite","@id":"https:\/\/www.lengnau.ch\/#website","url":"https:\/\/www.lengnau.ch\/","name":"Gemeinde Lengnau","description":"","potentialAction":[{"@type":"SearchAction","target":{"@type":"EntryPoint","urlTemplate":"https:\/\/www.lengnau.ch\/?s={search_term_string}"},"query-input":{"@type":"PropertyValueSpecification","valueRequired":true,"valueName":"search_term_string"}}],"inLanguage":"fr-FR"}]}},"publishpress_future_action":{"enabled":false,"date":"2026-05-06 07:19:52","action":"change-status","newStatus":"draft","terms":[],"taxonomy":"translation_priority","extraData":[]},"publishpress_future_workflow_manual_trigger":{"enabledWorkflows":[]},"_links":{"self":[{"href":"https:\/\/www.lengnau.ch\/fr\/wp-json\/wp\/v2\/pages\/3315","targetHints":{"allow":["GET"]}}],"collection":[{"href":"https:\/\/www.lengnau.ch\/fr\/wp-json\/wp\/v2\/pages"}],"about":[{"href":"https:\/\/www.lengnau.ch\/fr\/wp-json\/wp\/v2\/types\/page"}],"author":[{"embeddable":true,"href":"https:\/\/www.lengnau.ch\/fr\/wp-json\/wp\/v2\/users\/1"}],"replies":[{"embeddable":true,"href":"https:\/\/www.lengnau.ch\/fr\/wp-json\/wp\/v2\/comments?post=3315"}],"version-history":[{"count":10,"href":"https:\/\/www.lengnau.ch\/fr\/wp-json\/wp\/v2\/pages\/3315\/revisions"}],"predecessor-version":[{"id":19454,"href":"https:\/\/www.lengnau.ch\/fr\/wp-json\/wp\/v2\/pages\/3315\/revisions\/19454"}],"wp:attachment":[{"href":"https:\/\/www.lengnau.ch\/fr\/wp-json\/wp\/v2\/media?parent=3315"}],"curies":[{"name":"wp","href":"https:\/\/api.w.org\/{rel}","templated":true}]}}