{"id":3222,"date":"2022-02-16T18:43:10","date_gmt":"2022-02-16T17:43:10","guid":{"rendered":"https:\/\/lengnau.rettenmund.com\/verwaltung-politik\/politik\/abstimmungen-und-wahlen\/"},"modified":"2026-04-09T08:08:10","modified_gmt":"2026-04-09T06:08:10","slug":"abstimmungen-und-wahlen","status":"publish","type":"page","link":"https:\/\/www.lengnau.ch\/fr\/verwaltung-politik-2\/politik\/abstimmungen-und-wahlen\/","title":{"rendered":"Votes et \u00e9lections"},"content":{"rendered":"<h2>Prochains votes \/ \u00e9lections<\/h2>\n<ul>\n<li>14.06.2026<\/li>\n<li>27.09.2026<\/li>\n<li>29.11.2026<\/li>\n<\/ul>\n<h2>\u00c9lections cantonales 2026<\/h2>\n<p><strong>\u00c9lections au Grand Conseil et au Conseil d&rsquo;\u00c9tat du 29.03.2026<\/strong><\/p>\n<p>Les \u00e9lections au Grand Conseil et au Conseil d&rsquo;Etat auront lieu le 29 mars 2026 dans le canton de Berne. 160 membres (27 membres dans la circonscription de Bienne-Seeland) sont \u00e9lus au Grand Conseil et 7 membres au Conseil ex\u00e9cutif.<\/p>\n<p>Pour plus d&rsquo;informations, consultez le site <span class=\"link-external\"><a class=\"external-link\" title=\"Chancellerie d'\u00c9tat du canton de Berne\" href=\"https:\/\/www.sta.be.ch\/de\/start\/themen\/wahlen-und-abstimmungen\/wahlen\/resultate-von-kantonalen-wahlen-seit-2002\/wahlen-2026.html\" target=\"_blank\" rel=\"noopener\">site web de la Chancellerie d&rsquo;Etat du canton de Berne.<\/a><\/span><\/p>\n<p>Dans le communiqu\u00e9 <a href=\"https:\/\/www.lengnau.ch\/fr\/2026\/03\/resultats-des-elections-au-grand-conseil-et-au-conseil-detat-du-29-03-2026\/\" target=\"_blank\" rel=\"noopener\"> de presse \u00ab\u00a0R\u00e9sultats des \u00e9lections au Grand Conseil et au Conseil d&rsquo;Etat du 29.03.2026\u00a0\u00bb<\/a>, vous trouverez les r\u00e9sultats des \u00e9lections de la commune de Lengnau BE.<\/p>\n<h2>App avec informations de vote \u00ab\u00a0VoteInfo<\/h2>\n<p>Avec les explications de vote du Conseil f\u00e9d\u00e9ral, vous trouverez \u00e9galement les vid\u00e9os explicatives de la Chancellerie f\u00e9d\u00e9rale sur l&rsquo;application \u00ab\u00a0VoteInfo\u00a0\u00bb. La Chancellerie f\u00e9d\u00e9rale a d\u00e9velopp\u00e9 l&rsquo;application \u00ab\u00a0VoteInfo\u00a0\u00bb avec le concours de l&rsquo;Office f\u00e9d\u00e9ral de la statistique OFS et en \u00e9troite collaboration avec le canton de Zurich. L&rsquo;application offre un acc\u00e8s mobile aux informations officielles sur les votations f\u00e9d\u00e9rales et cantonales.<\/p>\n<p><a href=\"https:\/\/apps.apple.com\/ch\/app\/voteinfo\/id1434819062\"><img loading=\"lazy\" decoding=\"async\" class=\"alignnone wp-image-5421 size-full\" src=\"https:\/\/www.lengnau.ch\/wp-content\/uploads\/2022\/08\/apple-store-1-e1660547603761.jpg\" alt=\"https:\/\/apps.apple.com\/ch\/app\/bird-e-scooter-sharing\/id1260842311\" width=\"200\" height=\"59\"><\/a><\/p>\n<p><a href=\"https:\/\/play.google.com\/store\/apps\/details?id=ch.bk.voteinfo\"><img loading=\"lazy\" decoding=\"async\" class=\"alignnone wp-image-5491 size-full\" src=\"https:\/\/www.lengnau.ch\/wp-content\/uploads\/2022\/08\/google-play-app-store-mobile-phones-google-1-1.jpg-2-1-1-e1660547396613.jpg\" alt=\"\" width=\"200\" height=\"59\"><\/a><\/p>\n<p>Pour plus d&rsquo;informations, consultez le <a class=\"pdf\" title=\"D\u00e9pliant VoteInfo\" href=\"https:\/\/www.lengnau.ch\/wp-content\/uploads\/2022\/08\/Flyer_VoteInfo.pdf\" target=\"_blank\" rel=\"noopener\">d\u00e9pliant VoteInfo.<\/a><\/p>\n<h2>R\u00e9sultats des votes<\/h2>\n<p>Le dimanche de la votation, les r\u00e9sultats seront publi\u00e9s ici.<\/p>\n<p><strong>R\u00e9sultats du vote de la commune<\/strong><\/p>\n<ul>\n<li style=\"list-style-type: none;\">\n<ul>\n<li><a href=\"https:\/\/www.lengnau.ch\/fr\/2026\/03\/resultats-de-la-votation-populaire-federale-du-08-03-2026\/\" target=\"_blank\" rel=\"noopener\">R\u00e9sultats de la votation populaire f\u00e9d\u00e9rale du 08.03.2026<\/a><\/li>\n<li><a href=\"https:\/\/www.lengnau.ch\/fr\/2025\/11\/resultats-de-la-votation-populaire-federale-du-30-11-2025\/\" target=\"_blank\" rel=\"noopener\">R\u00e9sultats de la votation populaire f\u00e9d\u00e9rale du 30.11.2025<\/a><\/li>\n<li><a href=\"https:\/\/www.lengnau.ch\/fr\/2025\/09\/resultats-des-votations-cantonales-et-federales-du-28-09-2025\/\" target=\"_blank\" rel=\"noopener\">R\u00e9sultats des votations cantonales et f\u00e9d\u00e9rales du 28.09.2025<\/a><\/li>\n<li><a href=\"https:\/\/www.lengnau.ch\/fr\/2025\/02\/resultats-des-votations-cantonales-et-federales-du-09-02-2025\/\" target=\"_blank\" rel=\"noopener\">R\u00e9sultats des votations cantonales et f\u00e9d\u00e9rales du 09.02.2025<\/a><\/li>\n<\/ul>\n<\/li>\n<\/ul>\n<p>&nbsp;<\/p>\n<p><strong>R\u00e9sultats des votations et des \u00e9lections cantonales et f\u00e9d\u00e9rales<\/strong><\/p>\n<p>Vous trouverez les r\u00e9sultats des votations cantonales ou f\u00e9d\u00e9rales directement sur le site web correspondant du canton et de la Conf\u00e9d\u00e9ration :<\/p>\n<p><a class=\"next\" title=\"R\u00e9sultats des votations et des \u00e9lections Canton\" href=\"https:\/\/www.sta.be.ch\/de\/start\/themen\/wahlen-und-abstimmungen.html\" target=\"_blank\" rel=\"noopener\">R\u00e9sultats des votations et des \u00e9lections Canton<\/a><br \/>\n<a class=\"next\" title=\"R\u00e9sultats des votes et des \u00e9lections au niveau f\u00e9d\u00e9ral\" href=\"https:\/\/www.admin.ch\/de\/eidgenoessische-abstimmungen\" target=\"_blank\" rel=\"noopener\">R\u00e9sultats des votes et des \u00e9lections au niveau f\u00e9d\u00e9ral<\/a><\/p>\n<h2>R\u00e9sultats des \u00e9lections<\/h2>\n<h3>\u00c9lection g\u00e9n\u00e9rale du pr\u00e9fet\/de la pr\u00e9f\u00e8te de l&rsquo;arrondissement administratif de Biel\/Bienne du 18.05.2025<\/h3>\n<p>Dans le communiqu\u00e9 de presse <a href=\"https:\/\/www.lengnau.ch\/fr\/2025\/05\/resultats-de-lelection-generale-du-prefet-de-larrondissement-administratif-de-biel-bienne-2025\/\" target=\"_blank\" rel=\"noopener\">R\u00e9sultats de l&rsquo;\u00e9lection g\u00e9n\u00e9rale du pr\u00e9fet\/de la pr\u00e9f\u00e8te de l&rsquo;arrondissement administratif de Biel\/Bienne<\/a>, vous trouverez les r\u00e9sultats de l&rsquo;\u00e9lection de la commune de Lengnau BE.<\/p>\n<h3>\u00c9lection au scrutin majoritaire du 19.11.2023 du pr\u00e9sident \/ de la pr\u00e9sidente de la commune<\/h3>\n<p>Deux personnes se sont annonc\u00e9es dans le d\u00e9lai l\u00e9gal pour la fonction de maire de la commune municipale de Lengnau BE.<\/p>\n<p>Il s&rsquo;agit des candidats suivants :<\/p>\n<p><strong>PS + syndicats<br \/>\n<\/strong>Huber-M\u00fcller Sandra, 1975, L\u00e4usliweg 1, 2543 Lengnau BE (ancienne) \/ <strong><br \/>\n  <em>Candidate n\u00b0 1<\/em><br \/>\n<\/strong><\/p>\n<p><strong>UDC section Lengnau<br \/>\n<\/strong>Spahr Adrian, 1994, Rolliweg 28, 2543 Lengnau BE \/ <strong><br \/>\n  <em>Candidat n\u00b0 2<\/em><br \/>\n<\/strong><\/p>\n<p>L&rsquo;\u00e9lection au scrutin majoritaire est ordonn\u00e9e pour le dimanche 19 novembre 2023.<\/p>\n<p>Dans le communiqu\u00e9 de presse <a href=\"https:\/\/www.lengnau.ch\/fr\/2023\/11\/resultats-de-lelection-a-la-presidence-de-la-commune-du-19-11-2023\/\" target=\"_blank\" rel=\"noopener\">\u00ab\u00a0R\u00e9sultats de l&rsquo;\u00e9lection \u00e0 la pr\u00e9sidence de la commune du 19.11.2023\u00a0\u00bb<\/a>, vous trouverez les r\u00e9sultats des \u00e9lections.<\/p>\n<h3>\u00c9lections du 22.10.2023<\/h3>\n<p><strong>\u00c9lections g\u00e9n\u00e9rales 2023 de la commune municipale de Lengnau BE &#8211; \u00c9lections du conseil municipal du 22.10.2023<\/strong><\/p>\n<p>Suite \u00e0 l&rsquo;expiration du mandat de quatre ans, une nouvelle \u00e9lection aura lieu le dimanche 22 octobre 2023.<strong> <\/strong>en vertu de l&rsquo;article 25 du r\u00e8glement sur les \u00e9lections et les votations aux urnes de la commune municipale de Lengnau BE, l&rsquo;\u00e9lection aux urnes suivante a lieu \u00e0 la proportionnelle : L&rsquo;\u00e9lection de 7 membres du conseil municipal.<\/p>\n<p>Vous trouverez les listes et les propositions de vote dans le communiqu\u00e9 <a href=\"https:\/\/www.lengnau.ch\/fr\/2023\/09\/elections-generales-de-2023-2\/\" target=\"_blank\" rel=\"noopener\"> de presse \u00ab\u00a0Gesamterneuerung 2023 der Einwohnergemeinde Lengnau BE\u00a0\u00bb.<\/a><\/p>\n<p>Dans le communiqu\u00e9 de presse <a href=\"https:\/\/www.lengnau.ch\/fr\/2023\/10\/resultats-des-elections-communales-du-22-10-2023\/\" target=\"_blank\" rel=\"noopener\">\u00ab\u00a0R\u00e9sultats des \u00e9lections communales du 22.10.2023\u00a0\u00bb<\/a>, vous trouverez les r\u00e9sultats des \u00e9lections.<\/p>\n<p>Communiqu\u00e9 de presse <a href=\"https:\/\/www.lengnau.ch\/fr\/2023\/10\/elections-generales-2023-de-la-commune-municipale-de-lengnau-be\/\" target=\"_blank\" rel=\"noopener\">\u00ab\u00a0\u00c9lections g\u00e9n\u00e9rales de renouvellement 2023 de la commune municipale de Lengnau BE\u00a0\u00bb<\/a> (publication dans l&rsquo;Anzeiger B\u00fcren und Umgebung du 26.10.2023)<\/p>\n<p><strong>\u00c9lections au Conseil national et au Conseil des \u00c9tats en 2023<\/strong><\/p>\n<p>Les \u00e9lections au Conseil national et au Conseil des \u00c9tats auront lieu le 22 octobre 2023.<\/p>\n<p>Pour plus d&rsquo;informations, consultez le <a href=\"https:\/\/www.sta.be.ch\/de\/start\/themen\/wahlen-und-abstimmungen\/wahlen\/naechste-wahlen.html\" target=\"_blank\" rel=\"noopener\">site de la Chancellerie d&rsquo;\u00c9tat du canton de Berne<\/a> et le site <a href=\"https:\/\/www.ch.ch\/de\/wahlen2023\/\" target=\"_blank\" rel=\"noopener\">ch.ch &#8211; \u00c9lections f\u00e9d\u00e9rales 2023.<\/a><\/p>\n<p>Dans le communiqu\u00e9 <a href=\"https:\/\/www.lengnau.ch\/fr\/2023\/10\/resultats-des-elections-au-conseil-national-et-au-conseil-des-etats-du-22-10-2023\/\" target=\"_blank\" rel=\"noopener\"> de presse \u00ab\u00a0R\u00e9sultats des \u00e9lections au Conseil national et au Conseil des Etats du 22.10.2023\u00a0\u00bb<\/a>, vous trouverez les r\u00e9sultats des \u00e9lections de la commune de Lengnau BE.<\/p>\n<h3>\u00c9lections au Grand Conseil et au Conseil d&rsquo;\u00c9tat du 27.03.2022<\/h3>\n<p>Les \u00e9lections au Grand Conseil et au Conseil d&rsquo;Etat auront lieu le 27 mars 2022.<\/p>\n<p>Dans le <a href=\"https:\/\/www.lengnau.ch\/fr\/2022\/03\/grossrats-und-regierungsratswahlen-vom-27-03-2022-resultate\/\" target=\"_blank\" rel=\"noopener\">communiqu\u00e9 de presse \u00ab\u00a0\u00c9lections au Grand Conseil et au Conseil-ex\u00e9cutif du 27.03.2022 &#8211; R\u00e9sultats\u00a0\u00bb<\/a>, vous trouverez les r\u00e9sultats de la commune municipale de Lengnau BE.<\/p>\n<p>Sous \u00ab\u00a0En savoir plus\u00a0\u00bb, vous trouverez diverses informations et liens sur les \u00e9lections.<\/p>\n<h2>Organisation \/ Registre des votes<\/h2>\n<p>Les documents de vote et d&rsquo;\u00e9lection sont envoy\u00e9s aux \u00e9lecteurs en temps utile. Les \u00e9lecteurs peuvent voter par correspondance ou \u00e0 l&rsquo;urne.<\/p>\n<p><strong>Organisation<\/strong><\/p>\n<p>Le d\u00e9partement de la pr\u00e9sidence est responsable de l&rsquo;organisation des votations et des \u00e9lections. Elle r\u00e9pond aux questions d&rsquo;ordre organisationnel en rapport avec les objets soumis au vote et les documents de vote.<\/p>\n<p><strong>Registre des votes<\/strong><\/p>\n<p>Le registre \u00e9lectoral de la commune municipale de Lengnau BE est ouvert au public pour consultation aupr\u00e8s du d\u00e9partement de la pr\u00e9sidence. Les \u00e9lecteurs ont en principe le droit de demander des inscriptions ou de s&rsquo;opposer au droit de vote d&rsquo;autres personnes ou \u00e0 des radiations effectu\u00e9es. Les demandes en ce sens doivent \u00eatre d\u00e9pos\u00e9es jusqu&rsquo;au 5e jour avant une votation ou une \u00e9lection. Les \u00e9lecteurs inscrits au registre \u00e9lectoral qui n&rsquo;ont pas re\u00e7u de carte de l\u00e9gitimation ou qui l&rsquo;ont perdue peuvent en demander un double \u00e0 la section pr\u00e9sidentielle. La demande doit \u00eatre d\u00e9pos\u00e9e au plus tard la veille de l&rsquo;ouverture des urnes, c&rsquo;est-\u00e0-dire avant la fermeture des bureaux.<\/p>\n<p><strong>Vote par correspondance<\/strong><\/p>\n<p>Pour voter par correspondance, vous disposez des possibilit\u00e9s suivantes :<\/p>\n<ul>\n<li>Pendant les heures d&rsquo;ouverture normales au guichet du d\u00e9partement de la pr\u00e9sidence<\/li>\n<li>Dans la bo\u00eete aux lettres au rez-de-chauss\u00e9e de la maison communale, au plus tard vendredi \u00e0 13h00<\/li>\n<li>Dans la bo\u00eete aux lettres devant la maison communale, au plus tard le dimanche de la votation, \u00e0 09h00 (derni\u00e8re lev\u00e9e)<\/li>\n<\/ul>\n<p class=\"hasOnlyATag\"><a class=\"pdf\" title=\"Instructions pour le vote par correspondance\" href=\"https:\/\/www.lengnau.ch\/wp-content\/uploads\/2022\/08\/Anleitung_zur_brieflichen_Stimmabgabe.pdf\" target=\"_blank\" rel=\"noopener\">Instructions pour le vote par correspondance<\/a><\/p>\n<h2>Heures d&rsquo;ouverture des urnes<\/h2>\n<p>Le dimanche de la votation, le bureau de vote est ouvert aux heures suivantes :<\/p>\n<p><strong>Dimanche<\/strong><br \/>\n10 h 00 &#8211; 11 h 00<\/p>\n<p><strong>Local de vote<br \/>\n<\/strong>Le local de vote et d&rsquo;\u00e9lection se trouve \u00e0 l&rsquo;adresse suivante :<\/p>\n<p><strong>Maison communale de Lengnau BE<\/strong><br \/>\nParterre<br \/>\nDorfplatz 1<br \/>\n2543 Lengnau BE<\/p>\n<h2>Droits politiques<\/h2>\n<p><strong>Droit de vote aux \u00e9lections municipales<\/strong><\/p>\n<p>Les Suisses \u00e2g\u00e9s de 18 ans r\u00e9volus et r\u00e9sidant dans la commune depuis trois mois (\u00e0 partir de la date d&rsquo;inscription) ont le droit de vote.<\/p>\n<p><strong>Droit de vote f\u00e9d\u00e9ral et cantonal<\/strong><\/p>\n<p>Tous les Suisses \u00e2g\u00e9s de 18 ans r\u00e9volus ont le droit de vote. Les personnes frapp\u00e9es d&rsquo;incapacit\u00e9 pour cause de maladie mentale ou de faiblesse d&rsquo;esprit n&rsquo;ont pas le droit de vote.<\/p>\n<p><strong>Lieu d&rsquo;exercice (domicile politique)<\/strong><\/p>\n<p>Le droit de vote ne peut \u00eatre exerc\u00e9 qu&rsquo;au domicile politique. Le domicile politique se trouve dans la commune dans laquelle l&rsquo;\u00e9lecteur habite et est inscrit. Celui qui d\u00e9pose dans une commune une autre pi\u00e8ce d&rsquo;identit\u00e9 (acte d&rsquo;origine, acte provisoire, etc.) au lieu de l&rsquo;acte d&rsquo;origine n&rsquo;y acquiert un domicile politique que s&rsquo;il prouve par \u00e9crit qu&rsquo;il n&rsquo;est pas inscrit au registre \u00e9lectoral du lieu o\u00f9 l&rsquo;acte d&rsquo;origine est d\u00e9pos\u00e9. Les dispositions relatives aux droits politiques des Suisses de l&rsquo;\u00e9tranger demeurent r\u00e9serv\u00e9es.<\/p>\n<h2>En savoir plus sur le sujet<\/h2>\n<p><a class=\"next\" title=\"Conf\u00e9d\u00e9ration suisse - Votations\" href=\"https:\/\/www.admin.ch\/de\/eidgenoessische-abstimmungen\" target=\"_blank\" rel=\"noopener\">Conf\u00e9d\u00e9ration suisse &#8211; Votations<\/a><br \/>\n<a class=\"next\" title=\"Canton de Berne - Votations et \u00e9lections\" href=\"https:\/\/www.sta.be.ch\/de\/start\/themen\/wahlen-und-abstimmungen.html\" target=\"_blank\" rel=\"noopener\">Canton de Berne &#8211; Votations et \u00e9lections<\/a><br \/>\n<a class=\"next\" title=\"ch.ch - Service de la Conf\u00e9d\u00e9ration, des cantons et des communes\" href=\"https:\/\/www.ch.ch\/de\/\" target=\"_blank\" rel=\"noopener\">ch.ch &#8211; Service de la Conf\u00e9d\u00e9ration, des cantons et des communes<\/a><\/p>\n","protected":false},"excerpt":{"rendered":"<p>Prochains votes \/ \u00e9lections 14.06.2026 27.09.2026 29.11.2026 \u00c9lections cantonales 2026 \u00c9lections au Grand Conseil et au Conseil d&rsquo;\u00c9tat du 29.03.2026 Les \u00e9lections au Grand Conseil et au Conseil d&rsquo;Etat auront lieu le 29 mars 2026 dans le canton de Berne. 160 membres (27 membres dans la circonscription de Bienne-Seeland) sont \u00e9lus au Grand Conseil et [&hellip;]<\/p>\n","protected":false},"author":1,"featured_media":0,"parent":3221,"menu_order":14,"comment_status":"closed","ping_status":"closed","template":"","meta":{"_acf_changed":false,"_relevanssi_hide_post":"","_relevanssi_hide_content":"","_relevanssi_pin_for_all":"","_relevanssi_pin_keywords":"","_relevanssi_unpin_keywords":"","_relevanssi_related_keywords":"","_relevanssi_related_include_ids":"","_relevanssi_related_exclude_ids":"","_relevanssi_related_no_append":"","_relevanssi_related_not_related":"","_relevanssi_related_posts":"","_relevanssi_noindex_reason":"","footnotes":""},"class_list":["post-3222","page","type-page","status-publish","hentry"],"acf":[],"yoast_head":"<!-- This site is optimized with the Yoast SEO plugin v27.4 - https:\/\/yoast.com\/product\/yoast-seo-wordpress\/ -->\n<title>Votes et \u00e9lections - Gemeinde Lengnau<\/title>\n<meta name=\"robots\" content=\"index, follow, max-snippet:-1, max-image-preview:large, max-video-preview:-1\" \/>\n<link rel=\"canonical\" href=\"https:\/\/www.lengnau.ch\/fr\/verwaltung-politik-2\/politik\/abstimmungen-und-wahlen\/\" \/>\n<meta property=\"og:locale\" content=\"fr_FR\" \/>\n<meta property=\"og:type\" content=\"article\" \/>\n<meta property=\"og:title\" content=\"Votes et \u00e9lections - Gemeinde Lengnau\" \/>\n<meta property=\"og:description\" content=\"Prochains votes \/ \u00e9lections 14.06.2026 27.09.2026 29.11.2026 \u00c9lections cantonales 2026 \u00c9lections au Grand Conseil et au Conseil d&rsquo;\u00c9tat du 29.03.2026 Les \u00e9lections au Grand Conseil et au Conseil d&rsquo;Etat auront lieu le 29 mars 2026 dans le canton de Berne. 160 membres (27 membres dans la circonscription de Bienne-Seeland) sont \u00e9lus au Grand Conseil et [&hellip;]\" \/>\n<meta property=\"og:url\" content=\"https:\/\/www.lengnau.ch\/fr\/verwaltung-politik-2\/politik\/abstimmungen-und-wahlen\/\" \/>\n<meta property=\"og:site_name\" content=\"Gemeinde Lengnau\" \/>\n<meta property=\"article:modified_time\" content=\"2026-04-09T06:08:10+00:00\" \/>\n<meta property=\"og:image\" content=\"https:\/\/www.lengnau.ch\/wp-content\/uploads\/2022\/08\/apple-store-1-e1660547603761.jpg\" \/>\n\t<meta property=\"og:image:width\" content=\"200\" \/>\n\t<meta property=\"og:image:height\" content=\"59\" \/>\n\t<meta property=\"og:image:type\" content=\"image\/jpeg\" \/>\n<meta name=\"twitter:card\" content=\"summary_large_image\" \/>\n<script type=\"application\/ld+json\" class=\"yoast-schema-graph\">{\"@context\":\"https:\\\/\\\/schema.org\",\"@graph\":[{\"@type\":\"WebPage\",\"@id\":\"https:\\\/\\\/www.lengnau.ch\\\/fr\\\/verwaltung-politik-2\\\/politik\\\/abstimmungen-und-wahlen\\\/\",\"url\":\"https:\\\/\\\/www.lengnau.ch\\\/fr\\\/verwaltung-politik-2\\\/politik\\\/abstimmungen-und-wahlen\\\/\",\"name\":\"Votes et \u00e9lections - Gemeinde Lengnau\",\"isPartOf\":{\"@id\":\"https:\\\/\\\/www.lengnau.ch\\\/#website\"},\"primaryImageOfPage\":{\"@id\":\"https:\\\/\\\/www.lengnau.ch\\\/fr\\\/verwaltung-politik-2\\\/politik\\\/abstimmungen-und-wahlen\\\/#primaryimage\"},\"image\":{\"@id\":\"https:\\\/\\\/www.lengnau.ch\\\/fr\\\/verwaltung-politik-2\\\/politik\\\/abstimmungen-und-wahlen\\\/#primaryimage\"},\"thumbnailUrl\":\"https:\\\/\\\/www.lengnau.ch\\\/wp-content\\\/uploads\\\/2022\\\/08\\\/apple-store-1-e1660547603761.jpg\",\"datePublished\":\"2022-02-16T17:43:10+00:00\",\"dateModified\":\"2026-04-09T06:08:10+00:00\",\"breadcrumb\":{\"@id\":\"https:\\\/\\\/www.lengnau.ch\\\/fr\\\/verwaltung-politik-2\\\/politik\\\/abstimmungen-und-wahlen\\\/#breadcrumb\"},\"inLanguage\":\"fr-FR\",\"potentialAction\":[{\"@type\":\"ReadAction\",\"target\":[\"https:\\\/\\\/www.lengnau.ch\\\/fr\\\/verwaltung-politik-2\\\/politik\\\/abstimmungen-und-wahlen\\\/\"]}]},{\"@type\":\"ImageObject\",\"inLanguage\":\"fr-FR\",\"@id\":\"https:\\\/\\\/www.lengnau.ch\\\/fr\\\/verwaltung-politik-2\\\/politik\\\/abstimmungen-und-wahlen\\\/#primaryimage\",\"url\":\"https:\\\/\\\/www.lengnau.ch\\\/wp-content\\\/uploads\\\/2022\\\/08\\\/apple-store-1-e1660547603761.jpg\",\"contentUrl\":\"https:\\\/\\\/www.lengnau.ch\\\/wp-content\\\/uploads\\\/2022\\\/08\\\/apple-store-1-e1660547603761.jpg\"},{\"@type\":\"BreadcrumbList\",\"@id\":\"https:\\\/\\\/www.lengnau.ch\\\/fr\\\/verwaltung-politik-2\\\/politik\\\/abstimmungen-und-wahlen\\\/#breadcrumb\",\"itemListElement\":[{\"@type\":\"ListItem\",\"position\":1,\"name\":\"Home\",\"item\":\"https:\\\/\\\/www.lengnau.ch\\\/fr\\\/\"},{\"@type\":\"ListItem\",\"position\":2,\"name\":\"Administration et politique\",\"item\":\"https:\\\/\\\/www.lengnau.ch\\\/fr\\\/verwaltung-politik-2\\\/\"},{\"@type\":\"ListItem\",\"position\":3,\"name\":\"Politique\",\"item\":\"https:\\\/\\\/www.lengnau.ch\\\/fr\\\/verwaltung-politik-2\\\/politik\\\/\"},{\"@type\":\"ListItem\",\"position\":4,\"name\":\"Votes et \u00e9lections\"}]},{\"@type\":\"WebSite\",\"@id\":\"https:\\\/\\\/www.lengnau.ch\\\/#website\",\"url\":\"https:\\\/\\\/www.lengnau.ch\\\/\",\"name\":\"Gemeinde Lengnau\",\"description\":\"\",\"potentialAction\":[{\"@type\":\"SearchAction\",\"target\":{\"@type\":\"EntryPoint\",\"urlTemplate\":\"https:\\\/\\\/www.lengnau.ch\\\/?s={search_term_string}\"},\"query-input\":{\"@type\":\"PropertyValueSpecification\",\"valueRequired\":true,\"valueName\":\"search_term_string\"}}],\"inLanguage\":\"fr-FR\"}]}<\/script>\n<!-- \/ Yoast SEO plugin. -->","yoast_head_json":{"title":"Votes et \u00e9lections - Gemeinde Lengnau","robots":{"index":"index","follow":"follow","max-snippet":"max-snippet:-1","max-image-preview":"max-image-preview:large","max-video-preview":"max-video-preview:-1"},"canonical":"https:\/\/www.lengnau.ch\/fr\/verwaltung-politik-2\/politik\/abstimmungen-und-wahlen\/","og_locale":"fr_FR","og_type":"article","og_title":"Votes et \u00e9lections - Gemeinde Lengnau","og_description":"Prochains votes \/ \u00e9lections 14.06.2026 27.09.2026 29.11.2026 \u00c9lections cantonales 2026 \u00c9lections au Grand Conseil et au Conseil d&rsquo;\u00c9tat du 29.03.2026 Les \u00e9lections au Grand Conseil et au Conseil d&rsquo;Etat auront lieu le 29 mars 2026 dans le canton de Berne. 160 membres (27 membres dans la circonscription de Bienne-Seeland) sont \u00e9lus au Grand Conseil et [&hellip;]","og_url":"https:\/\/www.lengnau.ch\/fr\/verwaltung-politik-2\/politik\/abstimmungen-und-wahlen\/","og_site_name":"Gemeinde Lengnau","article_modified_time":"2026-04-09T06:08:10+00:00","og_image":[{"width":200,"height":59,"url":"https:\/\/www.lengnau.ch\/wp-content\/uploads\/2022\/08\/apple-store-1-e1660547603761.jpg","type":"image\/jpeg"}],"twitter_card":"summary_large_image","schema":{"@context":"https:\/\/schema.org","@graph":[{"@type":"WebPage","@id":"https:\/\/www.lengnau.ch\/fr\/verwaltung-politik-2\/politik\/abstimmungen-und-wahlen\/","url":"https:\/\/www.lengnau.ch\/fr\/verwaltung-politik-2\/politik\/abstimmungen-und-wahlen\/","name":"Votes et \u00e9lections - Gemeinde Lengnau","isPartOf":{"@id":"https:\/\/www.lengnau.ch\/#website"},"primaryImageOfPage":{"@id":"https:\/\/www.lengnau.ch\/fr\/verwaltung-politik-2\/politik\/abstimmungen-und-wahlen\/#primaryimage"},"image":{"@id":"https:\/\/www.lengnau.ch\/fr\/verwaltung-politik-2\/politik\/abstimmungen-und-wahlen\/#primaryimage"},"thumbnailUrl":"https:\/\/www.lengnau.ch\/wp-content\/uploads\/2022\/08\/apple-store-1-e1660547603761.jpg","datePublished":"2022-02-16T17:43:10+00:00","dateModified":"2026-04-09T06:08:10+00:00","breadcrumb":{"@id":"https:\/\/www.lengnau.ch\/fr\/verwaltung-politik-2\/politik\/abstimmungen-und-wahlen\/#breadcrumb"},"inLanguage":"fr-FR","potentialAction":[{"@type":"ReadAction","target":["https:\/\/www.lengnau.ch\/fr\/verwaltung-politik-2\/politik\/abstimmungen-und-wahlen\/"]}]},{"@type":"ImageObject","inLanguage":"fr-FR","@id":"https:\/\/www.lengnau.ch\/fr\/verwaltung-politik-2\/politik\/abstimmungen-und-wahlen\/#primaryimage","url":"https:\/\/www.lengnau.ch\/wp-content\/uploads\/2022\/08\/apple-store-1-e1660547603761.jpg","contentUrl":"https:\/\/www.lengnau.ch\/wp-content\/uploads\/2022\/08\/apple-store-1-e1660547603761.jpg"},{"@type":"BreadcrumbList","@id":"https:\/\/www.lengnau.ch\/fr\/verwaltung-politik-2\/politik\/abstimmungen-und-wahlen\/#breadcrumb","itemListElement":[{"@type":"ListItem","position":1,"name":"Home","item":"https:\/\/www.lengnau.ch\/fr\/"},{"@type":"ListItem","position":2,"name":"Administration et politique","item":"https:\/\/www.lengnau.ch\/fr\/verwaltung-politik-2\/"},{"@type":"ListItem","position":3,"name":"Politique","item":"https:\/\/www.lengnau.ch\/fr\/verwaltung-politik-2\/politik\/"},{"@type":"ListItem","position":4,"name":"Votes et \u00e9lections"}]},{"@type":"WebSite","@id":"https:\/\/www.lengnau.ch\/#website","url":"https:\/\/www.lengnau.ch\/","name":"Gemeinde Lengnau","description":"","potentialAction":[{"@type":"SearchAction","target":{"@type":"EntryPoint","urlTemplate":"https:\/\/www.lengnau.ch\/?s={search_term_string}"},"query-input":{"@type":"PropertyValueSpecification","valueRequired":true,"valueName":"search_term_string"}}],"inLanguage":"fr-FR"}]}},"publishpress_future_action":{"enabled":false,"date":"2026-05-07 22:56:16","action":"change-status","newStatus":"draft","terms":[],"taxonomy":"translation_priority","extraData":[]},"publishpress_future_workflow_manual_trigger":{"enabledWorkflows":[]},"_links":{"self":[{"href":"https:\/\/www.lengnau.ch\/fr\/wp-json\/wp\/v2\/pages\/3222","targetHints":{"allow":["GET"]}}],"collection":[{"href":"https:\/\/www.lengnau.ch\/fr\/wp-json\/wp\/v2\/pages"}],"about":[{"href":"https:\/\/www.lengnau.ch\/fr\/wp-json\/wp\/v2\/types\/page"}],"author":[{"embeddable":true,"href":"https:\/\/www.lengnau.ch\/fr\/wp-json\/wp\/v2\/users\/1"}],"replies":[{"embeddable":true,"href":"https:\/\/www.lengnau.ch\/fr\/wp-json\/wp\/v2\/comments?post=3222"}],"version-history":[{"count":10,"href":"https:\/\/www.lengnau.ch\/fr\/wp-json\/wp\/v2\/pages\/3222\/revisions"}],"predecessor-version":[{"id":19452,"href":"https:\/\/www.lengnau.ch\/fr\/wp-json\/wp\/v2\/pages\/3222\/revisions\/19452"}],"up":[{"embeddable":true,"href":"https:\/\/www.lengnau.ch\/fr\/wp-json\/wp\/v2\/pages\/3221"}],"wp:attachment":[{"href":"https:\/\/www.lengnau.ch\/fr\/wp-json\/wp\/v2\/media?parent=3222"}],"curies":[{"name":"wp","href":"https:\/\/api.w.org\/{rel}","templated":true}]}}