{"id":3194,"date":"2022-02-16T15:42:50","date_gmt":"2022-02-16T14:42:50","guid":{"rendered":"https:\/\/lengnau.rettenmund.com\/oeffentlicher-verkehr\/"},"modified":"2026-01-28T10:58:30","modified_gmt":"2026-01-28T09:58:30","slug":"oeffentlicher-verkehr","status":"publish","type":"page","link":"https:\/\/www.lengnau.ch\/fr\/themes\/verkehr-und-mobilitaet\/oeffentlicher-verkehr\/","title":{"rendered":"Transports publics"},"content":{"rendered":"<p>Le m\u00eame syst\u00e8me tarifaire simple s&rsquo;applique partout dans l&rsquo;ensemble de la communaut\u00e9 tarifaire Libero (train, bus et tram). Vous avez ainsi besoin d&rsquo;un seul titre de transport pour la ville et la campagne, qu&rsquo;il s&rsquo;agisse d&rsquo;une carte journali\u00e8re ou multicourses, d&rsquo;un billet individuel ou d&rsquo;un abonnement.<\/p>\n<p>Vous trouverez de plus amples informations sur la communaut\u00e9 tarifaire Libero sur le site <a title=\"Communaut\u00e9 tarifaire Libero\" href=\"https:\/\/www.mylibero.ch\/de\" target=\"_blank\" rel=\"noopener\">www.mylibero.ch.<\/a><\/p>\n<h4><strong>Carte journali\u00e8re \u00e9conomique commune (anciennement carte journali\u00e8re commune)<\/strong><\/h4>\n<p>La commune de Lengnau BE a d\u00e9cid\u00e9 de mettre fin \u00e0 son offre de carte journali\u00e8re communale fin 2020 en raison du manque de demande.<\/p>\n<p>La vente de la carte journali\u00e8re commune a \u00e9t\u00e9 arr\u00eat\u00e9e dans toute la Suisse au 31 d\u00e9cembre 2023. La carte journali\u00e8re \u00e9pargne commune a \u00e9t\u00e9 lanc\u00e9e comme solution de remplacement.<\/p>\n<p>La commune de Lengnau BE ne propose pas la carte journali\u00e8re \u00e9conomique commune pour le moment. Le site <a href=\"https:\/\/www.spartageskarte-gemeinde.ch\/de\" target=\"_blank\" rel=\"noopener\">www.spartageskarte-gemeinde.ch<\/a> affiche toutes les communes et villes, ainsi que la disponibilit\u00e9 et les prix.<\/p>\n<h2>Chemin de fer<\/h2>\n<p>Lengnau BE dispose d&rsquo;une gare tr\u00e8s centrale au c\u0153ur du village. Pendant les heures de pointe, de tr\u00e8s bonnes liaisons sont assur\u00e9es toutes les demi-heures vers Biel\/Bienne, Berne, Zurich, B\u00e2le, Gen\u00e8ve et Lausanne.<\/p>\n<p><strong>CFF<\/strong><br \/>\n<a class=\"pdflink\" href=\"https:\/\/www.lengnau.ch\/wp-content\/uploads\/2025\/12\/17_SBB_Fahrplan_Abfahrt_Bahnhof_Lengnau_ab_14_12_2025.pdf\" target=\"_blank\" rel=\"noopener\">Horaire CFF d\u00e9part gare de Lengnau \u00e0 partir du 14.12.2025<\/a><br \/>\n<a href=\"https:\/\/www.sbb.ch\/de\" target=\"_blank\" rel=\"noopener\">Site web CFF<\/a><\/p>\n<h2>Bus<\/h2>\n<h3>Optimisations de l&rsquo;offre pour d\u00e9but f\u00e9vrier 2026<\/h3>\n<p>Apr\u00e8s le changement d&rsquo;horaire \u00e0 la mi-d\u00e9cembre, la population a d\u00e9j\u00e0 fait part de plusieurs r\u00e9actions constructives concernant l&rsquo;extension de l&rsquo;offre, dont les services comp\u00e9tents des cantons de Soleure et de Berne ont examin\u00e9 la faisabilit\u00e9. Les premi\u00e8res optimisations de l&rsquo;offre ont d\u00e9j\u00e0 pu \u00eatre r\u00e9alis\u00e9es, par exemple sur la <strong>ligne 26<\/strong>.<\/p>\n<p><strong>A partir du lundi 2 f\u00e9vrier 2026, une liaison matinale circule \u00e0 nouveau du lundi au vendredi au d\u00e9part de Lengnau Sportplatz \u00e0 5h10 vers Grenchen S\u00fcd, Bahnhof. <\/strong>L\u00e0, il y a une correspondance avec l&rsquo;IR55 en direction de Solothurn-Oensingen-Olten-Z\u00fcrich HB.<\/p>\n<p><a href=\"https:\/\/www.lengnau.ch\/wp-content\/uploads\/2026\/01\/20260126_MM_BSGU_Angebotsoptimierungen_Februar2026.pdf\" target=\"_blank\" rel=\"noopener\">Communiqu\u00e9 de presse de Busbetrieb Solothurn Grenchen und Umgebung AG du 26.01.2026 &#8211; Optimisations de l&rsquo;offre \u00e0 partir de d\u00e9but f\u00e9vrier 2026<\/a><\/p>\n<h3>Nette am\u00e9lioration de l&rsquo;offre \u00e0 partir du changement d&rsquo;horaire sur le r\u00e9seau grenoblois de la soci\u00e9t\u00e9 fusionn\u00e9e \u00ab\u00a0Busbetrieb Solothurn Grenchen und Umgebung AG\u00a0\u00bb.<\/h3>\n<p>Apr\u00e8s plus de 15 ans, la r\u00e9gion de Grenchen conna\u00eet \u00e0 nouveau un d\u00e9veloppement important de son offre. A partir du dimanche 14 d\u00e9cembre 2025, le \u00ab\u00a0concept de bus Granges et environs 2026\u00a0\u00bb sera mis en \u0153uvre avec de nombreuses am\u00e9liorations de l&rsquo;offre. Les quartiers sont mieux desservis et la stabilit\u00e9 des horaires est am\u00e9lior\u00e9e. Les correspondances \u00e0 la gare de Granges Nord avec les nouveaux trains grandes lignes circulant toutes les demi-heures en provenance\/\u00e0 destination de B\u00e2le CFF seront optimis\u00e9es. Les distributeurs automatiques de billets dans les bus et aux arr\u00eats de bus subissent \u00e9galement des modifications.<\/p>\n<p><strong>Simplification du r\u00e9seau de lignes  <\/strong><\/p>\n<p>Le nombre de lignes de bus est r\u00e9duit et une harmonisation de l&rsquo;offre en journ\u00e9e et en soir\u00e9e est r\u00e9alis\u00e9e. Cela simplifie consid\u00e9rablement l&rsquo;utilisation de l&rsquo;offre de bus pour les passagers. Les lignes de bus de Granges et de ses environs re\u00e7oivent de nouveaux num\u00e9ros allant de 20 \u00e0 28. Gr\u00e2ce \u00e0 de nouvelles liaisons directes au sein de l&rsquo;agglom\u00e9ration de Granges, les changements de ligne, qui prennent beaucoup de temps, sont supprim\u00e9s.<\/p>\n<table style=\"width: 100%; border-collapse: collapse;\" border=\"0\">\n<tbody>\n<tr>\n<td style=\"width: 14.6354%;\"><img loading=\"lazy\" decoding=\"async\" class=\"alignnone size-full wp-image-18599\" src=\"https:\/\/www.lengnau.ch\/wp-content\/uploads\/2025\/12\/BGU_Busline_24-e1765871103254.png\" alt=\"\" width=\"249\" height=\"145\"><\/td>\n<td style=\"width: 85.3646%; vertical-align: middle;\"><strong>Granges, Flurstrasse Sud-Grenchen Sud, Gare- Granges, Place de la Poste Sud-Grenchen Nord, Gare-Biel\/Bienne, Stades  <\/strong><\/td>\n<\/tr>\n<\/tbody>\n<\/table>\n<p>Au d\u00e9part du terminus Grenchen Flurstrasse S\u00fcd, les bus de la ligne 24 desservent toutes les demi-heures les zones d&#8217;emploi du sud et les gares de Grenchen S\u00fcd et Grenchen Nord. Pendant les heures de pointe, les bus continuent \u00e0 partir de Granges Nord jusqu&rsquo;aux stades de Biel\/Bienne et, pendant les heures creuses, jusqu&rsquo;\u00e0 Lengnau Sportplatz.<\/p>\n<table style=\"width: 100%; border-collapse: collapse;\" border=\"0\">\n<tbody>\n<tr>\n<td style=\"width: 14.6354%;\"><img loading=\"lazy\" decoding=\"async\" class=\"alignnone wp-image-18598\" src=\"https:\/\/www.lengnau.ch\/wp-content\/uploads\/2025\/12\/BGU_Busline_26-e1765871134931.png\" alt=\"\" width=\"250\" height=\"145\"><\/td>\n<td style=\"width: 85.3646%; vertical-align: middle;\"><strong>Bettlach, place du village-Grenchen Sud, gare-Grenchen, Lingeriz- Lengnau BE, Erle<\/strong><\/td>\n<\/tr>\n<\/tbody>\n<\/table>\n<p>Entre la place du village de Bettlach et la gare de Granges Sud, les bus de la ligne 26 font la navette toutes les demi-heures du lundi au samedi jusqu&rsquo;\u00e0 20h, le dimanche jusqu&rsquo;\u00e0 19h. Du lundi au vendredi, aux heures de pointe, la ligne est prolong\u00e9e jusqu&rsquo;au nouvel arr\u00eat de bus Lengnau Erle.<\/p>\n<p><a href=\"https:\/\/www.lengnau.ch\/wp-content\/uploads\/2025\/12\/Fahrplanwechsel2025.pdf\" target=\"_blank\" rel=\"noopener\">Communiqu\u00e9 de presse de Busbetrieb Solothurn Grenchen und Umgebung AG \u00e0 propos du changement d&rsquo;horaire 2025<\/a><\/p>\n<p><strong>BGU<\/strong><br \/>\n<a class=\"pdflink\" href=\"https:\/\/www.lengnau.ch\/wp-content\/uploads\/2025\/12\/18_BGU_Fahrplan_ab_14_12_2025_40.024.pdf\" target=\"_blank\" rel=\"noopener\">BGU Horaires \u00e0 partir du 14.12.2025 \/ Ligne 24<\/a><br \/>\n<a class=\"pdflink\" href=\"https:\/\/www.lengnau.ch\/wp-content\/uploads\/2025\/12\/18_BGU_Fahrplan_ab_14_12_2025_40.026.pdf\" target=\"_blank\" rel=\"noopener\">BGU Horaires \u00e0 partir du 14.12.2025 \/ Ligne 26<\/a> <strong>Ligne de bus 26 :<\/strong> <strong>A partir du lundi 02.02.2026, une liaison matinale circule \u00e0 nouveau du lundi au vendredi au d\u00e9part de Lengnau Sportplatz \u00e0 5h10 vers Granges Sud, gare \u21d2. <\/strong><a class=\"pdflink\" href=\"https:\/\/www.lengnau.ch\/wp-content\/uploads\/2026\/01\/20260126_MM_BSGU_Angebotsoptimierungen_Februar2026.pdf\" target=\"_blank\" rel=\"noopener\">plus d&rsquo;infos<\/a><br \/>\n<a href=\"https:\/\/www.lengnau.ch\/wp-content\/uploads\/2025\/12\/18_BGU_Liniennetzplan_ab_14_1_2025.pdf\" target=\"_blank\" rel=\"noopener\">BGU Plan du r\u00e9seau de lignes \u00e0 partir du 14.12.2025<\/a><br \/>\n<a href=\"https:\/\/bgu.ch\/Willkommen\" target=\"_blank\" rel=\"noopener\">Site web BGU<\/a><\/p>\n<h2>Bus de nuit MOONLINER<\/h2>\n<p>Pour r\u00e9pondre \u00e0 un besoin de la client\u00e8le, la ligne M30 a \u00e9t\u00e9 introduite par la soci\u00e9t\u00e9 des lignes de nuit (NLG) de Bernmobil. Il s&rsquo;agit d&rsquo;une liaison directe de bus de nuit entre les villes de Soleure et de Biel\/Bienne. La ligne MOONLINER M30 dessert \u00e9galement les communes de Pieterlen et Lengnau BE et offre de toutes nouvelles possibilit\u00e9s aux noctambules. Deux trajets sont propos\u00e9s chaque nuit de week-end au d\u00e9part de Bienne en direction de Soleure et dans le sens inverse.<\/p>\n<p>Avec MOONLINER, plus d&rsquo;un demi-million d&rsquo;habitants de quelque 120 communes ont la possibilit\u00e9 de rentrer chez eux le week-end jusqu&rsquo;aux petites heures du matin. Le bus de nuit circule principalement dans le canton de Berne et dessert \u00e9galement certaines communes des cantons de Fribourg et de Soleure.<\/p>\n<p>Si les passagers ach\u00e8tent leur billet avant le trajet via l&rsquo;application MOONLINER-Ticket, aux distributeurs automatiques ou ach\u00e8tent une carte multicourses moins ch\u00e8re, l&#8217;embarquement est plus rapide et le d\u00e9part peut \u00eatre plus ponctuel.<\/p>\n<p>Toi aussi, conduis en toute s\u00e9curit\u00e9 et en toute tranquillit\u00e9 jusqu&rsquo;\u00e0 Lengnau BE et utilise le MOONLINER. Dans cette optique, nous souhaitons \u00e0 tous les noctambules de bonnes f\u00eates et un retour en toute s\u00e9curit\u00e9 !<\/p>\n<p><strong>Moonliner<\/strong><br \/>\n<a class=\"pdflink\" href=\"https:\/\/www.lengnau.ch\/wp-content\/uploads\/2025\/12\/19_Moonliner_Fahrplan_M30_ab_19_12_2025.pdf\" target=\"_blank\" rel=\"noopener\">Horaires Moonliner \u00e0 partir du 19.12.2025<\/a><br \/>\n<a class=\"pdflink\" href=\"https:\/\/www.lengnau.ch\/wp-content\/uploads\/2025\/12\/19_Moonliner_Zonenplan_Region_Biel_2025.pdf\" target=\"_blank\" rel=\"noopener\">Moonliner Plan de zonage de la r\u00e9gion de Bienne \u00e0 partir du 15.12.2024<\/a><br \/>\n<a href=\"https:\/\/www.moonliner.ch\/\" target=\"_blank\" rel=\"noopener\">Site web Moonliner<\/a><\/p>\n<h2>En savoir plus sur le sujet<\/h2>\n<p><strong>Projets de la commune : Projet CFF Gare de Lengnau<br \/>\n<\/strong><a href=\"https:\/\/www.lengnau.ch\/fr\/gemeindeprojekte\/projet-cff-gare-de-lengnau\/\" target=\"_blank\" rel=\"noopener\">Projet CFF Gare de Lengnau<\/a><strong><br \/>\n<\/strong><\/p>\n<p><strong>projets communaux : Strat\u00e9gie de mobilit\u00e9<\/strong><br \/>\n<a href=\"https:\/\/www.lengnau.ch\/fr\/gemeindeprojekte\/strategie-de-mobilite\/\" target=\"_blank\" rel=\"noopener\">Strat\u00e9gie de mobilit\u00e9<\/a><\/p>\n","protected":false},"excerpt":{"rendered":"<p>Le m\u00eame syst\u00e8me tarifaire simple s&rsquo;applique partout dans l&rsquo;ensemble de la communaut\u00e9 tarifaire Libero (train, bus et tram). Vous avez ainsi besoin d&rsquo;un seul titre de transport pour la ville et la campagne, qu&rsquo;il s&rsquo;agisse d&rsquo;une carte journali\u00e8re ou multicourses, d&rsquo;un billet individuel ou d&rsquo;un abonnement. Vous trouverez de plus amples informations sur la communaut\u00e9 [&hellip;]<\/p>\n","protected":false},"author":1,"featured_media":0,"parent":3201,"menu_order":0,"comment_status":"closed","ping_status":"closed","template":"","meta":{"_acf_changed":false,"_relevanssi_hide_post":"","_relevanssi_hide_content":"","_relevanssi_pin_for_all":"","_relevanssi_pin_keywords":"","_relevanssi_unpin_keywords":"","_relevanssi_related_keywords":"","_relevanssi_related_include_ids":"","_relevanssi_related_exclude_ids":"","_relevanssi_related_no_append":"","_relevanssi_related_not_related":"","_relevanssi_related_posts":"","_relevanssi_noindex_reason":"","footnotes":""},"class_list":["post-3194","page","type-page","status-publish","hentry"],"acf":[],"yoast_head":"<!-- This site is optimized with the Yoast SEO plugin v27.4 - https:\/\/yoast.com\/product\/yoast-seo-wordpress\/ -->\n<title>Transports publics - Gemeinde Lengnau<\/title>\n<meta name=\"robots\" content=\"index, follow, max-snippet:-1, max-image-preview:large, max-video-preview:-1\" \/>\n<link rel=\"canonical\" href=\"https:\/\/www.lengnau.ch\/fr\/themes\/verkehr-und-mobilitaet\/oeffentlicher-verkehr\/\" \/>\n<meta property=\"og:locale\" content=\"fr_FR\" \/>\n<meta property=\"og:type\" content=\"article\" \/>\n<meta property=\"og:title\" content=\"Transports publics - Gemeinde Lengnau\" \/>\n<meta property=\"og:description\" content=\"Le m\u00eame syst\u00e8me tarifaire simple s&rsquo;applique partout dans l&rsquo;ensemble de la communaut\u00e9 tarifaire Libero (train, bus et tram). Vous avez ainsi besoin d&rsquo;un seul titre de transport pour la ville et la campagne, qu&rsquo;il s&rsquo;agisse d&rsquo;une carte journali\u00e8re ou multicourses, d&rsquo;un billet individuel ou d&rsquo;un abonnement. Vous trouverez de plus amples informations sur la communaut\u00e9 [&hellip;]\" \/>\n<meta property=\"og:url\" content=\"https:\/\/www.lengnau.ch\/fr\/themes\/verkehr-und-mobilitaet\/oeffentlicher-verkehr\/\" \/>\n<meta property=\"og:site_name\" content=\"Gemeinde Lengnau\" \/>\n<meta property=\"article:modified_time\" content=\"2026-01-28T09:58:30+00:00\" \/>\n<meta property=\"og:image\" content=\"https:\/\/www.lengnau.ch\/wp-content\/uploads\/2025\/12\/BGU_Busline_24-e1765871103254.png\" \/>\n\t<meta property=\"og:image:width\" content=\"225\" \/>\n\t<meta property=\"og:image:height\" content=\"141\" \/>\n\t<meta property=\"og:image:type\" content=\"image\/png\" \/>\n<meta name=\"twitter:card\" content=\"summary_large_image\" \/>\n<script type=\"application\/ld+json\" class=\"yoast-schema-graph\">{\"@context\":\"https:\\\/\\\/schema.org\",\"@graph\":[{\"@type\":\"WebPage\",\"@id\":\"https:\\\/\\\/www.lengnau.ch\\\/fr\\\/themes\\\/verkehr-und-mobilitaet\\\/oeffentlicher-verkehr\\\/\",\"url\":\"https:\\\/\\\/www.lengnau.ch\\\/fr\\\/themes\\\/verkehr-und-mobilitaet\\\/oeffentlicher-verkehr\\\/\",\"name\":\"Transports publics - Gemeinde Lengnau\",\"isPartOf\":{\"@id\":\"https:\\\/\\\/www.lengnau.ch\\\/#website\"},\"primaryImageOfPage\":{\"@id\":\"https:\\\/\\\/www.lengnau.ch\\\/fr\\\/themes\\\/verkehr-und-mobilitaet\\\/oeffentlicher-verkehr\\\/#primaryimage\"},\"image\":{\"@id\":\"https:\\\/\\\/www.lengnau.ch\\\/fr\\\/themes\\\/verkehr-und-mobilitaet\\\/oeffentlicher-verkehr\\\/#primaryimage\"},\"thumbnailUrl\":\"https:\\\/\\\/www.lengnau.ch\\\/wp-content\\\/uploads\\\/2025\\\/12\\\/BGU_Busline_24-e1765871103254.png\",\"datePublished\":\"2022-02-16T14:42:50+00:00\",\"dateModified\":\"2026-01-28T09:58:30+00:00\",\"breadcrumb\":{\"@id\":\"https:\\\/\\\/www.lengnau.ch\\\/fr\\\/themes\\\/verkehr-und-mobilitaet\\\/oeffentlicher-verkehr\\\/#breadcrumb\"},\"inLanguage\":\"fr-FR\",\"potentialAction\":[{\"@type\":\"ReadAction\",\"target\":[\"https:\\\/\\\/www.lengnau.ch\\\/fr\\\/themes\\\/verkehr-und-mobilitaet\\\/oeffentlicher-verkehr\\\/\"]}]},{\"@type\":\"ImageObject\",\"inLanguage\":\"fr-FR\",\"@id\":\"https:\\\/\\\/www.lengnau.ch\\\/fr\\\/themes\\\/verkehr-und-mobilitaet\\\/oeffentlicher-verkehr\\\/#primaryimage\",\"url\":\"https:\\\/\\\/www.lengnau.ch\\\/wp-content\\\/uploads\\\/2025\\\/12\\\/BGU_Busline_24-e1765871103254.png\",\"contentUrl\":\"https:\\\/\\\/www.lengnau.ch\\\/wp-content\\\/uploads\\\/2025\\\/12\\\/BGU_Busline_24-e1765871103254.png\"},{\"@type\":\"BreadcrumbList\",\"@id\":\"https:\\\/\\\/www.lengnau.ch\\\/fr\\\/themes\\\/verkehr-und-mobilitaet\\\/oeffentlicher-verkehr\\\/#breadcrumb\",\"itemListElement\":[{\"@type\":\"ListItem\",\"position\":1,\"name\":\"Home\",\"item\":\"https:\\\/\\\/www.lengnau.ch\\\/fr\\\/\"},{\"@type\":\"ListItem\",\"position\":2,\"name\":\"Th\u00e8mes\",\"item\":\"https:\\\/\\\/www.lengnau.ch\\\/fr\\\/themes\\\/\"},{\"@type\":\"ListItem\",\"position\":3,\"name\":\"Transport et mobilit\u00e9\",\"item\":\"https:\\\/\\\/www.lengnau.ch\\\/fr\\\/themes\\\/verkehr-und-mobilitaet\\\/\"},{\"@type\":\"ListItem\",\"position\":4,\"name\":\"Transports publics\"}]},{\"@type\":\"WebSite\",\"@id\":\"https:\\\/\\\/www.lengnau.ch\\\/#website\",\"url\":\"https:\\\/\\\/www.lengnau.ch\\\/\",\"name\":\"Gemeinde Lengnau\",\"description\":\"\",\"potentialAction\":[{\"@type\":\"SearchAction\",\"target\":{\"@type\":\"EntryPoint\",\"urlTemplate\":\"https:\\\/\\\/www.lengnau.ch\\\/?s={search_term_string}\"},\"query-input\":{\"@type\":\"PropertyValueSpecification\",\"valueRequired\":true,\"valueName\":\"search_term_string\"}}],\"inLanguage\":\"fr-FR\"}]}<\/script>\n<!-- \/ Yoast SEO plugin. -->","yoast_head_json":{"title":"Transports publics - Gemeinde Lengnau","robots":{"index":"index","follow":"follow","max-snippet":"max-snippet:-1","max-image-preview":"max-image-preview:large","max-video-preview":"max-video-preview:-1"},"canonical":"https:\/\/www.lengnau.ch\/fr\/themes\/verkehr-und-mobilitaet\/oeffentlicher-verkehr\/","og_locale":"fr_FR","og_type":"article","og_title":"Transports publics - Gemeinde Lengnau","og_description":"Le m\u00eame syst\u00e8me tarifaire simple s&rsquo;applique partout dans l&rsquo;ensemble de la communaut\u00e9 tarifaire Libero (train, bus et tram). Vous avez ainsi besoin d&rsquo;un seul titre de transport pour la ville et la campagne, qu&rsquo;il s&rsquo;agisse d&rsquo;une carte journali\u00e8re ou multicourses, d&rsquo;un billet individuel ou d&rsquo;un abonnement. Vous trouverez de plus amples informations sur la communaut\u00e9 [&hellip;]","og_url":"https:\/\/www.lengnau.ch\/fr\/themes\/verkehr-und-mobilitaet\/oeffentlicher-verkehr\/","og_site_name":"Gemeinde Lengnau","article_modified_time":"2026-01-28T09:58:30+00:00","og_image":[{"width":225,"height":141,"url":"https:\/\/www.lengnau.ch\/wp-content\/uploads\/2025\/12\/BGU_Busline_24-e1765871103254.png","type":"image\/png"}],"twitter_card":"summary_large_image","schema":{"@context":"https:\/\/schema.org","@graph":[{"@type":"WebPage","@id":"https:\/\/www.lengnau.ch\/fr\/themes\/verkehr-und-mobilitaet\/oeffentlicher-verkehr\/","url":"https:\/\/www.lengnau.ch\/fr\/themes\/verkehr-und-mobilitaet\/oeffentlicher-verkehr\/","name":"Transports publics - Gemeinde Lengnau","isPartOf":{"@id":"https:\/\/www.lengnau.ch\/#website"},"primaryImageOfPage":{"@id":"https:\/\/www.lengnau.ch\/fr\/themes\/verkehr-und-mobilitaet\/oeffentlicher-verkehr\/#primaryimage"},"image":{"@id":"https:\/\/www.lengnau.ch\/fr\/themes\/verkehr-und-mobilitaet\/oeffentlicher-verkehr\/#primaryimage"},"thumbnailUrl":"https:\/\/www.lengnau.ch\/wp-content\/uploads\/2025\/12\/BGU_Busline_24-e1765871103254.png","datePublished":"2022-02-16T14:42:50+00:00","dateModified":"2026-01-28T09:58:30+00:00","breadcrumb":{"@id":"https:\/\/www.lengnau.ch\/fr\/themes\/verkehr-und-mobilitaet\/oeffentlicher-verkehr\/#breadcrumb"},"inLanguage":"fr-FR","potentialAction":[{"@type":"ReadAction","target":["https:\/\/www.lengnau.ch\/fr\/themes\/verkehr-und-mobilitaet\/oeffentlicher-verkehr\/"]}]},{"@type":"ImageObject","inLanguage":"fr-FR","@id":"https:\/\/www.lengnau.ch\/fr\/themes\/verkehr-und-mobilitaet\/oeffentlicher-verkehr\/#primaryimage","url":"https:\/\/www.lengnau.ch\/wp-content\/uploads\/2025\/12\/BGU_Busline_24-e1765871103254.png","contentUrl":"https:\/\/www.lengnau.ch\/wp-content\/uploads\/2025\/12\/BGU_Busline_24-e1765871103254.png"},{"@type":"BreadcrumbList","@id":"https:\/\/www.lengnau.ch\/fr\/themes\/verkehr-und-mobilitaet\/oeffentlicher-verkehr\/#breadcrumb","itemListElement":[{"@type":"ListItem","position":1,"name":"Home","item":"https:\/\/www.lengnau.ch\/fr\/"},{"@type":"ListItem","position":2,"name":"Th\u00e8mes","item":"https:\/\/www.lengnau.ch\/fr\/themes\/"},{"@type":"ListItem","position":3,"name":"Transport et mobilit\u00e9","item":"https:\/\/www.lengnau.ch\/fr\/themes\/verkehr-und-mobilitaet\/"},{"@type":"ListItem","position":4,"name":"Transports publics"}]},{"@type":"WebSite","@id":"https:\/\/www.lengnau.ch\/#website","url":"https:\/\/www.lengnau.ch\/","name":"Gemeinde Lengnau","description":"","potentialAction":[{"@type":"SearchAction","target":{"@type":"EntryPoint","urlTemplate":"https:\/\/www.lengnau.ch\/?s={search_term_string}"},"query-input":{"@type":"PropertyValueSpecification","valueRequired":true,"valueName":"search_term_string"}}],"inLanguage":"fr-FR"}]}},"publishpress_future_action":{"enabled":false,"date":"2026-05-09 05:55:36","action":"change-status","newStatus":"draft","terms":[],"taxonomy":"translation_priority","extraData":[]},"publishpress_future_workflow_manual_trigger":{"enabledWorkflows":[]},"_links":{"self":[{"href":"https:\/\/www.lengnau.ch\/fr\/wp-json\/wp\/v2\/pages\/3194","targetHints":{"allow":["GET"]}}],"collection":[{"href":"https:\/\/www.lengnau.ch\/fr\/wp-json\/wp\/v2\/pages"}],"about":[{"href":"https:\/\/www.lengnau.ch\/fr\/wp-json\/wp\/v2\/types\/page"}],"author":[{"embeddable":true,"href":"https:\/\/www.lengnau.ch\/fr\/wp-json\/wp\/v2\/users\/1"}],"replies":[{"embeddable":true,"href":"https:\/\/www.lengnau.ch\/fr\/wp-json\/wp\/v2\/comments?post=3194"}],"version-history":[{"count":10,"href":"https:\/\/www.lengnau.ch\/fr\/wp-json\/wp\/v2\/pages\/3194\/revisions"}],"predecessor-version":[{"id":18864,"href":"https:\/\/www.lengnau.ch\/fr\/wp-json\/wp\/v2\/pages\/3194\/revisions\/18864"}],"up":[{"embeddable":true,"href":"https:\/\/www.lengnau.ch\/fr\/wp-json\/wp\/v2\/pages\/3201"}],"wp:attachment":[{"href":"https:\/\/www.lengnau.ch\/fr\/wp-json\/wp\/v2\/media?parent=3194"}],"curies":[{"name":"wp","href":"https:\/\/api.w.org\/{rel}","templated":true}]}}