{"id":3188,"date":"2022-02-16T15:41:44","date_gmt":"2022-02-16T14:41:44","guid":{"rendered":"https:\/\/lengnau.rettenmund.com\/wie-entsorge-ich-was\/"},"modified":"2026-04-27T09:07:54","modified_gmt":"2026-04-27T07:07:54","slug":"wie-entsorge-ich-was","status":"publish","type":"page","link":"https:\/\/www.lengnau.ch\/fr\/themes\/abfall\/wie-entsorge-ich-was\/","title":{"rendered":"Comment se d\u00e9barrasser de quoi ?"},"content":{"rendered":"<h2>Collecte des ordures m\u00e9nag\u00e8res incl. Objets encombrants<\/h2>\n<p>Le ramassage des ordures et des encombrants a lieu tous les jeudis. Les sacs \u00e0 ordures doivent \u00eatre d\u00e9pos\u00e9s dans les conteneurs \u00e0 ordures noirs ou dans les conteneurs souterrains. Seuls les sacs \u00e0 ordures officiels de Lengnau ou les sacs \u00e0 ordures noirs de 110 litres munis de vignettes vertes de la commune de Lengnau BE peuvent \u00eatre utilis\u00e9s.<\/p>\n<p>Les d\u00e9chets encombrants doivent \u00eatre pr\u00e9sent\u00e9s group\u00e9s aux endroits o\u00f9 les collectes sp\u00e9ciales (verre usag\u00e9, d\u00e9chets verts, fer blanc, ferraille, papier, carton, plastique m\u00e9nager) sont effectu\u00e9es. Les encombrants ne doivent pas \u00eatre d\u00e9pos\u00e9s devant les conteneurs \u00e0 ordures noirs ou les conteneurs souterrains.<\/p>\n<h3><strong>Sacs \u00e0 ordures<\/strong><\/h3>\n<p>La commune de Lengnau BE poss\u00e8de ses propres sacs \u00e0 ordures (sacs \u00e0 ordures officiels de Lengnau). Ils sont disponibles dans les points de vente suivants :<\/p>\n<ul>\n<li>Supermarch\u00e9 Coop, Dorfplatz 2<\/li>\n<li>Partenaire Denner Markthof, Jungfraustrasse 2<\/li>\n<li>Droguerie Renfer, rue de Bienne 1<\/li>\n<li>Boulangerie &#8211; Caf\u00e9, Solothurnstrasse 3<\/li>\n<li>My Kiosk, place de la gare 1<\/li>\n<li>VOI Migros Partner, Bielstrasse 35<\/li>\n<\/ul>\n<p>Les<strong> sacs \u00e0 ordures officiels de Len<\/strong>gnau, les vignettes de taxe pour les encombrants (vignette bleue) et les fagots verts ainsi que les vignettes de taxe pour les sacs \u00e0 ordures de 110 litres (vignette verte) de la commune de Lengnau BE sont disponibles dans les points de vente mentionn\u00e9s ci-dessus (tous les magasins mentionn\u00e9s ci-dessus vendent \u00e9galement les <strong>vignettes<\/strong> <strong>pour les encombrants<\/strong>, <strong>les fagots<\/strong> et <strong>les vignettes de taxe <\/strong>s\u00e9par\u00e9ment).<\/p>\n<p>Les habitations \u00e9quip\u00e9es d&rsquo;un conteneur utilisent \u00e9galement les sacs poubelles officiels de Longeville et les font vider avec le conteneur (sans vignettes de conteneur).<\/p>\n<p><strong>Prix de vente des sacs \u00e0 ordures, des vignettes pour conteneurs et des vignettes pour objets encombrants<\/strong><\/p>\n<ul>\n<li>Sacs \u00e0 ordures de 17 litres 10 pi\u00e8ces CHF 10.25<\/li>\n<li>Sacs \u00e0 ordures de 35 litres 10 pi\u00e8ces CHF 17.30<\/li>\n<li>Sacs \u00e0 ordures de 60 litres 10 pi\u00e8ces CHF 25.95<\/li>\n<li>Sacs \u00e0 ordures de 110 litres 10 pi\u00e8ces CHF 41.60<\/li>\n<li>Jeton de taxe 110 litres Sac \u00e0 ordures CHF 4.15 l&rsquo;unit\u00e9<\/li>\n<li>Jeton de conteneur CHF 30.90 l&rsquo;unit\u00e9<\/li>\n<li>Timbre pour objets encombrants CHF 5.60 l&rsquo;unit\u00e9<\/li>\n<\/ul>\n<h3><strong>Objets encombrants<\/strong><\/h3>\n<p>Les objets encombrants d&rsquo;un poids maximal de 25 kg par unit\u00e9 sont emport\u00e9s s&rsquo;ils sont munis d&rsquo;un <strong>timbre-taxe<\/strong> <strong>bleu<\/strong> de 5,60 CHF par pi\u00e8ce. Ce timbre peut \u00e9galement \u00eatre achet\u00e9 aupr\u00e8s des points de vente mentionn\u00e9s ci-dessus.<\/p>\n<p><a class=\"pdf\" title=\"Fiche d'information sur le ramassage des ordures et des d\u00e9chets verts\" href=\"https:\/\/www.lengnau.ch\/wp-content\/uploads\/2024\/01\/08_Informationsblatt_Kehricht-_und_Gruenabfuhr_01_02_2024.pdf\" target=\"_blank\" rel=\"noopener\">Fiche d&rsquo;information sur le ramassage des ordures et des d\u00e9chets verts<\/a><\/p>\n<h2>Collecte des plastiques m\u00e9nagers<\/h2>\n<p>Depuis le 1er mai 2023, la collecte des plastiques m\u00e9nagers est propos\u00e9e dans la commune de Lengnau BE. Les m\u00e9nages produisent des quantit\u00e9s de plus en plus importantes d&#8217;emballages alimentaires et m\u00e9nagers en plastique.<\/p>\n<p>Une fois par mois (premier mardi du mois), les sacs de collecte remplis sont collect\u00e9s. Les sacs de collecte doivent \u00eatre d\u00e9pos\u00e9s aux endroits o\u00f9 les collectes sp\u00e9ciales (verre usag\u00e9, d\u00e9chets verts, fer blanc, ferraille, papier et carton) sont effectu\u00e9es.<\/p>\n<p>Les sacs de collecte remplis peuvent \u00e9galement \u00eatre d\u00e9pos\u00e9s au <a href=\"https:\/\/www.lengnau.ch\/fr\/verwaltung-politik-2\/gemeindeverwaltung\/werkhof\/\" rel=\"noopener\">Werkhof Lengnau<\/a> pendant les heures d&rsquo;ouverture (jeudi, 16h30 &#8211; 18h00 \/ vendredi, 14h00 &#8211; 16h00).<\/p>\n<p><strong>A partir du 1er juillet 2025<\/strong>, tous les sacs de collecte en plastique tax\u00e9s des fournisseurs certifi\u00e9s VSPR et RecyPac seront accept\u00e9s gratuitement dans tous les points de collecte officiels &#8211; ind\u00e9pendamment du fournisseur ou du point de vente. <a href=\"https:\/\/www.lengnau.ch\/wp-content\/uploads\/2025\/06\/Plakat_Durchgaengigkeit_BringPlasticBack_BE.pdf\" target=\"_blank\" rel=\"noopener\">Vers l&rsquo;aper\u00e7u<\/a><a href=\"https:\/\/www.sammelsack.ch\/\"><img loading=\"lazy\" decoding=\"async\" class=\"alignright wp-image-9794 size-thumbnail\" src=\"https:\/\/www.lengnau.ch\/wp-content\/uploads\/2023\/04\/Bild_Kunststoff_Sammlung_Bring_Plastic_back-150x150.jpg\" alt=\"\" width=\"150\" height=\"150\" srcset=\"https:\/\/www.lengnau.ch\/wp-content\/uploads\/2023\/04\/Bild_Kunststoff_Sammlung_Bring_Plastic_back-150x150.jpg 150w, https:\/\/www.lengnau.ch\/wp-content\/uploads\/2023\/04\/Bild_Kunststoff_Sammlung_Bring_Plastic_back-300x300.jpg 300w, https:\/\/www.lengnau.ch\/wp-content\/uploads\/2023\/04\/Bild_Kunststoff_Sammlung_Bring_Plastic_back.jpg 543w\" sizes=\"auto, (max-width: 150px) 100vw, 150px\" \/><\/a><\/p>\n<p><strong>Points de vente Sacs de collecte<\/strong><\/p>\n<ul>\n<li>Einwohnergemeinde Lengnau BE, d\u00e9partement des finances, Dorfplatz 1<\/li>\n<li>Supermarch\u00e9 Coop, Dorfplatz 2<\/li>\n<li>Partenaire Denner Markthof, Jungfraustrasse 2<\/li>\n<li>Boulangerie &#8211; Caf\u00e9, Solothurnstrasse 3<\/li>\n<li>VOI Migros Partner, Bielstrasse 35<\/li>\n<\/ul>\n<p><strong>Prix de vente par rouleau de 10 sacs<\/strong><\/p>\n<ul>\n<li>17 litres CHF 10.00<\/li>\n<li>35 litres CHF 19.00<\/li>\n<li>60 litres CHF 32.00<\/li>\n<li>110 litres CHF 57.00<\/li>\n<\/ul>\n<p>La <a href=\"https:\/\/www.lengnau.ch\/wp-content\/uploads\/2023\/04\/Merkblatt_Kunststoffsammlung_01_01_2024.pdf\" target=\"_blank\" rel=\"noopener\">fiche d&rsquo;information sur la collecte des plastiques m\u00e9nagers<\/a> indique les dates de collecte, ce qui est collect\u00e9, etc.<\/p>\n<p><a href=\"https:\/\/www.lengnau.ch\/wp-content\/uploads\/2025\/02\/Lengnau_Zertifikat-2025.pdf\" target=\"_blank\" rel=\"noopener\">Certificat 2025<\/a><br \/>\n<a href=\"https:\/\/www.lengnau.ch\/wp-content\/uploads\/2024\/05\/Flyer_Haushalt-Kunststoffe-Recycling_Gemeinde_Lengnau_2024.pdf\" target=\"_blank\" rel=\"noopener\">D\u00e9pliant sur le recyclage des plastiques m\u00e9nagers<\/a><br \/>\n<a href=\"https:\/\/www.lengnau.ch\/wp-content\/uploads\/2025\/02\/BE_Medienmitteilung-Gemeinden_BE_Eckdaten_AVAG_2024.pdf\" target=\"_blank\" rel=\"noopener\">Collecte des plastiques m\u00e9nagers : Chiffres et faits concernant la solution uniforme bernoise<\/a><br \/>\n<a href=\"https:\/\/www.lengnau.ch\/fr\/2025\/02\/collecte-de-plastique-menager\/\" target=\"_blank\" rel=\"noopener\">Communiqu\u00e9 de presse de mars 2026 &#8211; Collecte des plastiques m\u00e9nagers en 2025<\/a><br \/>\n<a href=\"https:\/\/www.lengnau.ch\/wp-content\/uploads\/2025\/02\/BE_Medienmitteilung-Gemeinden_BE_InnoWay_AVAG_2024.pdf\" target=\"_blank\" rel=\"noopener\">Communiqu\u00e9 de presse Communes InnoWay AVAG 2024<\/a><br \/>\n<a href=\"https:\/\/www.sammelsack.ch\/\" target=\"_blank\" rel=\"noopener\">www.sammelsack.ch<\/a><\/p>\n<h2>Collecte des d\u00e9chets verts<\/h2>\n<p>La collecte des d\u00e9chets verts a lieu tous les mercredis \u00e0 partir de 7h00. Pendant les mois d&rsquo;hiver (d\u00e9cembre, janvier et f\u00e9vrier), la collecte n&rsquo;a lieu que tous les 15 jours.<\/p>\n<p>La fiche d&rsquo;information \u00a0\u00bb <a class=\"pdf\" title=\"Fiche d'information \"Comment g\u00e9rer les d\u00e9chets verts\" ?\" href=\"https:\/\/www.lengnau.ch\/wp-content\/uploads\/2024\/01\/10_Flyer_Entsorgung_Gruenabfaelle_2024.pdf\" target=\"_blank\" rel=\"noopener\">Comment \u00e9liminer les d\u00e9chets verts ?<\/a> \u00a0\u00bb indique quels types de d\u00e9chets doivent \u00eatre collect\u00e9s dans le cadre de la collecte des d\u00e9chets verts.<\/p>\n<p>Les d\u00e9chets verts doivent \u00eatre plac\u00e9s dans des bacs ouverts r\u00e9sistants aux intemp\u00e9ries, des paniers, des chaudi\u00e8res ou dans le conteneur vert. Tous les types de r\u00e9cipients doivent \u00eatre munis d&rsquo;une marque de redevance verte. Ils sont consid\u00e9r\u00e9s comme des timbres annuels et sont disponibles aupr\u00e8s du service financier de Lengnau BE.<\/p>\n<p>Les types de r\u00e9cipients suivants sont autoris\u00e9s (taxe annuelle) :<\/p>\n<ul>\n<li>Bidon \u00e0 compost jusqu&rsquo;\u00e0 10 litres CHF 27.00<\/li>\n<li>Panier ou bassin jusqu&rsquo;\u00e0 75 litres CHF 81.10<\/li>\n<li>Conteneur 110 \u00e0 140 litres CHF 108.10<\/li>\n<li>Conteneur 240 litres CHF 162.15<\/li>\n<li>Conteneur 770 litres CHF 337.80<\/li>\n<\/ul>\n<p>Les branches peuvent \u00eatre fournies en fagots (jusqu&rsquo;\u00e0 1,5 m de long et 25 kg) munis d&rsquo;une \u00e9tiquette de fagot (CHF 2.70 par pi\u00e8ce \/ CHF 27.00 par 10 pi\u00e8ces). Les vignettes pour paquets sont disponibles dans les points de vente qui vendent \u00e9galement les sacs \u00e0 ordures officiels.<\/p>\n<p><strong>Lieu d&rsquo;obtention des timbres-taxe pour les bacs verts ou les conteneurs verts<\/strong><\/p>\n<p>Commune municipale de Lengnau BE<br \/>\n<a title=\"D\u00e9partement des finances\" href=\"https:\/\/www.lengnau.ch\/fr\/verwaltung-politik-2\/gemeindeverwaltung\/finanzabteilung\/\">D\u00e9partement des finances<\/a><br \/>\nDorfplatz 1<br \/>\n2543 Lengnau BE<\/p>\n<p>Les taxes annuelles d&rsquo;enl\u00e8vement des d\u00e9chets verts sont ensuite factur\u00e9es trimestriellement.<\/p>\n<p><a class=\"pdf\" title=\"Fiche d'information sur le ramassage des ordures et des d\u00e9chets verts\" href=\"https:\/\/www.lengnau.ch\/wp-content\/uploads\/2024\/01\/08_Informationsblatt_Kehricht-_und_Gruenabfuhr_01_02_2024.pdf\" target=\"_blank\" rel=\"noopener\">Fiche d&rsquo;information sur le ramassage des ordures et des d\u00e9chets verts<\/a><\/p>\n<h2>Marques de conteneurs Commerce et industrie<\/h2>\n<p>Les vignettes de conteneur sont destin\u00e9es aux entreprises industrielles et commerciales qui d\u00e9posent leurs ordures \u00e0 ciel ouvert dans des conteneurs. La marque rouge du conteneur doit \u00eatre appos\u00e9e sur le conteneur avant qu&rsquo;il ne soit vid\u00e9. Elle est invalid\u00e9e par la collecte lors du vidage.<\/p>\n<p><strong>Point de vente des vignettes de conteneurs<\/strong><\/p>\n<p>Les timbres pour conteneurs ne peuvent \u00eatre obtenus <u>qu&rsquo;<\/u> aupr\u00e8s de l&rsquo;organisme suivant :<\/p>\n<p>Commune municipale de Lengnau BE<br \/>\n<a href=\"https:\/\/www.lengnau.ch\/fr\/verwaltung-politik-2\/gemeindeverwaltung\/finanzabteilung\/\">D\u00e9partement des finances<\/a><br \/>\nDorfplatz 1<br \/>\n2543 Lengnau BE<\/p>\n<p><strong>Taxe <\/strong>CHF 30.90 par marque de conteneur<\/p>\n<h2>Conteneurs Robidog et poubelles publiques<\/h2>\n<p>Il y a actuellement 48 conteneurs Robidog et 54 poubelles publiques sur le territoire de la commune de Lengnau BE.<\/p>\n<p>Les emplacements exacts des conteneurs Robidog et des poubelles publiques sont indiqu\u00e9s sur les plans d&rsquo;ensemble :<\/p>\n<p><a class=\"pdf\" title=\"Plan d'ensemble Nord\" href=\"https:\/\/www.lengnau.ch\/wp-content\/uploads\/2024\/01\/Robidog_Kehrichteimer_Nord_2024.pdf\" target=\"_blank\" rel=\"noopener\">Plan d&rsquo;ensemble Nord<\/a><br \/>\n<a class=\"pdf\" title=\"Plan d'ensemble Sud\" href=\"https:\/\/www.lengnau.ch\/wp-content\/uploads\/2024\/01\/Robidog_Kehrichteimer_Sued_2024.pdf\" target=\"_blank\" rel=\"noopener\">Plan d&rsquo;ensemble Sud<\/a><\/p>\n<h2>Centre de collecte de cadavres d&rsquo;animaux Lyss<\/h2>\n<p>Les cadavres d&rsquo;animaux peuvent \u00eatre d\u00e9pos\u00e9s au centre r\u00e9gional de collecte des cadavres d&rsquo;animaux \u00e0 Lyss.<\/p>\n<p><strong>Livraison<\/strong><\/p>\n<p>Corps d&rsquo;animaux jusqu&rsquo;\u00e0 max. 200 kg sont accept\u00e9s pendant les heures d&rsquo;ouverture. Le d\u00e9p\u00f4t inappropri\u00e9 d&rsquo;animaux morts en dehors des heures d&rsquo;ouverture est interdit !<\/p>\n<p>Des conteneurs sont disponibles pour les petits animaux (chats, chiens, lapins, etc.). Les bo\u00eetes en carton, les sacs en plastique et les sacs en papier peuvent \u00eatre jet\u00e9s dans la poubelle existante.<\/p>\n<p><strong>Service de ramassage GZM (animaux de ferme)<\/strong><\/p>\n<p>Pour les cadavres de plus de 200 kg, il faut aviser le service d&rsquo;enl\u00e8vement de GZM Extraktionswerk AG, Lyss.<\/p>\n<p>Pour l&rsquo;enl\u00e8vement, veuillez contacter <a href=\"https:\/\/www.centravo.ch\/de\/dienstleistungen\/abtransport\" target=\"_blank\" rel=\"noopener\">Centravo AG <\/a>:  <\/p>\n<p>T\u00e9l\u00e9phone 032 387 47 87 (pendant les heures d&rsquo;ouverture)<br \/>\nT\u00e9l\u00e9phone 032 384 33 33 (en dehors des heures d&rsquo;ouverture)<\/p>\n<p><strong>Adresse  <\/strong><\/p>\n<p>Centre r\u00e9gional de collecte des cadavres d&rsquo;animaux de Lyss<br \/>\nAnneau industriel 26a<br \/>\n3250 Lyss<\/p>\n<p><strong>Heures d&rsquo;ouverture<\/strong><\/p>\n<p><strong>Lundi &#8211; Samedi<\/strong> de 08.00 &#8211; 12.00 heures (ferm\u00e9 les dimanches et jours f\u00e9ri\u00e9s)<\/p>\n<p>En dehors des heures d&rsquo;ouverture, le service de piquet peut \u00eatre contact\u00e9 en cas d&rsquo;urgence, au 032 384 54 56.<\/p>\n<p><a href=\"https:\/\/www.lengnau.ch\/wp-content\/uploads\/2025\/05\/Benutzungsordnung_TKS.pdf\" target=\"_blank\" rel=\"noopener\">R\u00e8glement d&rsquo;utilisation du centre r\u00e9gional de collecte de cadavres d&rsquo;animaux de Lyss<\/a><\/p>\n<h2>En savoir plus sur le sujet<\/h2>\n<p><a class=\"pdf\" title=\"Informations sur l'\u00e9limination des d\u00e9chets - Que faire des d\u00e9chets ?\" href=\"https:\/\/www.lengnau.ch\/wp-content\/uploads\/2022\/08\/Entsorgungsinfo_10_2011_Einwohnergemeinde_Lengnau.pdf\" target=\"_blank\" rel=\"noopener\">Informations sur l&rsquo;\u00e9limination des d\u00e9chets &#8211; Que faire des d\u00e9chets ?<\/a><br \/>\n<a class=\"pdf\" title=\"Information - \u00c9l\u00e9ments suppl\u00e9mentaires \u00e0 \u00e9liminer (capsules Nespresso)\" href=\"https:\/\/www.lengnau.ch\/wp-content\/uploads\/2024\/01\/11_Zusaetzliches_Entsorgungsgut_Nespresso-Kapseln-1.pdf\" target=\"_blank\" rel=\"noopener\">Information &#8211; \u00c9l\u00e9ments suppl\u00e9mentaires \u00e0 \u00e9liminer (capsules Nespresso)<\/a><br \/>\n<a class=\"pdf\" title=\"Fiche d'information sur les sacs \u00e0 ordures : une proie facile pour les renards\" href=\"https:\/\/www.lengnau.ch\/wp-content\/uploads\/2022\/08\/Information_Fuechse_Abfallsaecke.pdf\" target=\"_blank\" rel=\"noopener\">Fiche d&rsquo;information sur les sacs \u00e0 ordures : une proie facile pour les renards<\/a><br \/>\n<a class=\"pdf\" title=\"R\u00e8glement sur les d\u00e9chets avec bar\u00e8me des taxes\" href=\"https:\/\/www.lengnau.ch\/wp-content\/uploads\/2023\/02\/K2.C_Abfallreglement_Gebuehrenrahmen_Einwohnergemeinde_Lengnau_Homepage.pdf\" target=\"_blank\" rel=\"noopener\">R\u00e8glement sur les d\u00e9chets avec bar\u00e8me des taxes<\/a><br \/>\n<a href=\"https:\/\/www.lengnau.ch\/wp-content\/uploads\/2023\/02\/Abfallverordnung_2023_Homepage.pdf\" target=\"_blank\" rel=\"noopener\">R\u00e8glement sur les d\u00e9chets<\/a><\/p>\n<p><strong>Mod\u00e8le de poubelles &#8211; Plans d&rsquo;ensemble des emplacements de conteneurs \/ conteneurs souterrains :  <\/strong><\/p>\n<p><a href=\"https:\/\/www.lengnau.ch\/wp-content\/uploads\/2025\/03\/Container-NORD-1_2025.pdf\" target=\"_blank\" rel=\"noopener\">Nord 1<\/a><br \/>\n<a class=\"pdf\" title=\"Plan d'ensemble Nord 2\" href=\"https:\/\/www.lengnau.ch\/wp-content\/uploads\/2024\/01\/Container_Nord_2_2024.pdf\" target=\"_blank\" rel=\"noopener\">Nord 2<\/a><br \/>\n<a class=\"pdf\" title=\"Plan d'ensemble Nord 3\" href=\"https:\/\/www.lengnau.ch\/wp-content\/uploads\/2024\/01\/Container_Nord_3_2024.pdf\" target=\"_blank\" rel=\"noopener\">Nord 3<\/a><br \/>\n<a class=\"pdf\" title=\"Plan d'ensemble Sud 1\" href=\"https:\/\/www.lengnau.ch\/wp-content\/uploads\/2024\/01\/Container_Sued_1_2024.pdf\" target=\"_blank\" rel=\"noopener\">Sud 1<\/a><br \/>\n<a class=\"pdf\" title=\"Plan d'ensemble Sud 2\" href=\"https:\/\/www.lengnau.ch\/wp-content\/uploads\/2024\/01\/Container_Sued_2_2024.pdf\" target=\"_blank\" rel=\"noopener\">Sud 2<\/a><br \/>\n<a class=\"pdf\" title=\"Plan d'ensemble Sud 3\" href=\"https:\/\/www.lengnau.ch\/wp-content\/uploads\/2024\/01\/Container_Sued_3_2024.pdf\" target=\"_blank\" rel=\"noopener\">Sud 3<\/a><br \/>\n<a class=\"pdf\" title=\"Plan d'ensemble Sud 4\" href=\"https:\/\/www.lengnau.ch\/wp-content\/uploads\/2024\/01\/Container_Sued_4_2024.pdf\" target=\"_blank\" rel=\"noopener\">Sud 4<\/a><br \/>\n<a class=\"pdf\" title=\"Plan d'ensemble Sud 5\" href=\"https:\/\/www.lengnau.ch\/wp-content\/uploads\/2024\/01\/Container_Sued_5_2024.pdf\" target=\"_blank\" rel=\"noopener\">Sud 5<\/a><\/p>\n","protected":false},"excerpt":{"rendered":"<p>Collecte des ordures m\u00e9nag\u00e8res incl. Objets encombrants Le ramassage des ordures et des encombrants a lieu tous les jeudis. Les sacs \u00e0 ordures doivent \u00eatre d\u00e9pos\u00e9s dans les conteneurs \u00e0 ordures noirs ou dans les conteneurs souterrains. Seuls les sacs \u00e0 ordures officiels de Lengnau ou les sacs \u00e0 ordures noirs de 110 litres munis [&hellip;]<\/p>\n","protected":false},"author":1,"featured_media":0,"parent":3192,"menu_order":0,"comment_status":"closed","ping_status":"closed","template":"","meta":{"_acf_changed":false,"_relevanssi_hide_post":"","_relevanssi_hide_content":"","_relevanssi_pin_for_all":"","_relevanssi_pin_keywords":"","_relevanssi_unpin_keywords":"","_relevanssi_related_keywords":"","_relevanssi_related_include_ids":"","_relevanssi_related_exclude_ids":"","_relevanssi_related_no_append":"","_relevanssi_related_not_related":"","_relevanssi_related_posts":"","_relevanssi_noindex_reason":"","footnotes":""},"class_list":["post-3188","page","type-page","status-publish","hentry"],"acf":[],"yoast_head":"<!-- This site is optimized with the Yoast SEO plugin v27.4 - https:\/\/yoast.com\/product\/yoast-seo-wordpress\/ -->\n<title>Comment se d\u00e9barrasser de quoi ? - Gemeinde Lengnau<\/title>\n<meta name=\"robots\" content=\"index, follow, max-snippet:-1, max-image-preview:large, max-video-preview:-1\" \/>\n<link rel=\"canonical\" href=\"https:\/\/www.lengnau.ch\/fr\/themes\/abfall\/wie-entsorge-ich-was\/\" \/>\n<meta property=\"og:locale\" content=\"fr_FR\" \/>\n<meta property=\"og:type\" content=\"article\" \/>\n<meta property=\"og:title\" content=\"Comment se d\u00e9barrasser de quoi ? - Gemeinde Lengnau\" \/>\n<meta property=\"og:description\" content=\"Collecte des ordures m\u00e9nag\u00e8res incl. Objets encombrants Le ramassage des ordures et des encombrants a lieu tous les jeudis. Les sacs \u00e0 ordures doivent \u00eatre d\u00e9pos\u00e9s dans les conteneurs \u00e0 ordures noirs ou dans les conteneurs souterrains. Seuls les sacs \u00e0 ordures officiels de Lengnau ou les sacs \u00e0 ordures noirs de 110 litres munis [&hellip;]\" \/>\n<meta property=\"og:url\" content=\"https:\/\/www.lengnau.ch\/fr\/themes\/abfall\/wie-entsorge-ich-was\/\" \/>\n<meta property=\"og:site_name\" content=\"Gemeinde Lengnau\" \/>\n<meta property=\"article:modified_time\" content=\"2026-04-27T07:07:54+00:00\" \/>\n<meta property=\"og:image\" content=\"https:\/\/www.lengnau.ch\/wp-content\/uploads\/2023\/04\/Bild_Kunststoff_Sammlung_Bring_Plastic_back.jpg\" \/>\n\t<meta property=\"og:image:width\" content=\"543\" \/>\n\t<meta property=\"og:image:height\" content=\"543\" \/>\n\t<meta property=\"og:image:type\" content=\"image\/jpeg\" \/>\n<meta name=\"twitter:card\" content=\"summary_large_image\" \/>\n<script type=\"application\/ld+json\" class=\"yoast-schema-graph\">{\"@context\":\"https:\\\/\\\/schema.org\",\"@graph\":[{\"@type\":\"WebPage\",\"@id\":\"https:\\\/\\\/www.lengnau.ch\\\/fr\\\/themes\\\/abfall\\\/wie-entsorge-ich-was\\\/\",\"url\":\"https:\\\/\\\/www.lengnau.ch\\\/fr\\\/themes\\\/abfall\\\/wie-entsorge-ich-was\\\/\",\"name\":\"Comment se d\u00e9barrasser de quoi ? - Gemeinde Lengnau\",\"isPartOf\":{\"@id\":\"https:\\\/\\\/www.lengnau.ch\\\/#website\"},\"primaryImageOfPage\":{\"@id\":\"https:\\\/\\\/www.lengnau.ch\\\/fr\\\/themes\\\/abfall\\\/wie-entsorge-ich-was\\\/#primaryimage\"},\"image\":{\"@id\":\"https:\\\/\\\/www.lengnau.ch\\\/fr\\\/themes\\\/abfall\\\/wie-entsorge-ich-was\\\/#primaryimage\"},\"thumbnailUrl\":\"https:\\\/\\\/www.lengnau.ch\\\/wp-content\\\/uploads\\\/2023\\\/04\\\/Bild_Kunststoff_Sammlung_Bring_Plastic_back-150x150.jpg\",\"datePublished\":\"2022-02-16T14:41:44+00:00\",\"dateModified\":\"2026-04-27T07:07:54+00:00\",\"breadcrumb\":{\"@id\":\"https:\\\/\\\/www.lengnau.ch\\\/fr\\\/themes\\\/abfall\\\/wie-entsorge-ich-was\\\/#breadcrumb\"},\"inLanguage\":\"fr-FR\",\"potentialAction\":[{\"@type\":\"ReadAction\",\"target\":[\"https:\\\/\\\/www.lengnau.ch\\\/fr\\\/themes\\\/abfall\\\/wie-entsorge-ich-was\\\/\"]}]},{\"@type\":\"ImageObject\",\"inLanguage\":\"fr-FR\",\"@id\":\"https:\\\/\\\/www.lengnau.ch\\\/fr\\\/themes\\\/abfall\\\/wie-entsorge-ich-was\\\/#primaryimage\",\"url\":\"https:\\\/\\\/www.lengnau.ch\\\/wp-content\\\/uploads\\\/2023\\\/04\\\/Bild_Kunststoff_Sammlung_Bring_Plastic_back-150x150.jpg\",\"contentUrl\":\"https:\\\/\\\/www.lengnau.ch\\\/wp-content\\\/uploads\\\/2023\\\/04\\\/Bild_Kunststoff_Sammlung_Bring_Plastic_back-150x150.jpg\"},{\"@type\":\"BreadcrumbList\",\"@id\":\"https:\\\/\\\/www.lengnau.ch\\\/fr\\\/themes\\\/abfall\\\/wie-entsorge-ich-was\\\/#breadcrumb\",\"itemListElement\":[{\"@type\":\"ListItem\",\"position\":1,\"name\":\"Home\",\"item\":\"https:\\\/\\\/www.lengnau.ch\\\/fr\\\/\"},{\"@type\":\"ListItem\",\"position\":2,\"name\":\"Th\u00e8mes\",\"item\":\"https:\\\/\\\/www.lengnau.ch\\\/fr\\\/themes\\\/\"},{\"@type\":\"ListItem\",\"position\":3,\"name\":\"D\u00e9chets\",\"item\":\"https:\\\/\\\/www.lengnau.ch\\\/fr\\\/themes\\\/abfall\\\/\"},{\"@type\":\"ListItem\",\"position\":4,\"name\":\"Comment se d\u00e9barrasser de quoi ?\"}]},{\"@type\":\"WebSite\",\"@id\":\"https:\\\/\\\/www.lengnau.ch\\\/#website\",\"url\":\"https:\\\/\\\/www.lengnau.ch\\\/\",\"name\":\"Gemeinde Lengnau\",\"description\":\"\",\"potentialAction\":[{\"@type\":\"SearchAction\",\"target\":{\"@type\":\"EntryPoint\",\"urlTemplate\":\"https:\\\/\\\/www.lengnau.ch\\\/?s={search_term_string}\"},\"query-input\":{\"@type\":\"PropertyValueSpecification\",\"valueRequired\":true,\"valueName\":\"search_term_string\"}}],\"inLanguage\":\"fr-FR\"}]}<\/script>\n<!-- \/ Yoast SEO plugin. -->","yoast_head_json":{"title":"Comment se d\u00e9barrasser de quoi ? - Gemeinde Lengnau","robots":{"index":"index","follow":"follow","max-snippet":"max-snippet:-1","max-image-preview":"max-image-preview:large","max-video-preview":"max-video-preview:-1"},"canonical":"https:\/\/www.lengnau.ch\/fr\/themes\/abfall\/wie-entsorge-ich-was\/","og_locale":"fr_FR","og_type":"article","og_title":"Comment se d\u00e9barrasser de quoi ? - Gemeinde Lengnau","og_description":"Collecte des ordures m\u00e9nag\u00e8res incl. Objets encombrants Le ramassage des ordures et des encombrants a lieu tous les jeudis. Les sacs \u00e0 ordures doivent \u00eatre d\u00e9pos\u00e9s dans les conteneurs \u00e0 ordures noirs ou dans les conteneurs souterrains. Seuls les sacs \u00e0 ordures officiels de Lengnau ou les sacs \u00e0 ordures noirs de 110 litres munis [&hellip;]","og_url":"https:\/\/www.lengnau.ch\/fr\/themes\/abfall\/wie-entsorge-ich-was\/","og_site_name":"Gemeinde Lengnau","article_modified_time":"2026-04-27T07:07:54+00:00","og_image":[{"width":543,"height":543,"url":"https:\/\/www.lengnau.ch\/wp-content\/uploads\/2023\/04\/Bild_Kunststoff_Sammlung_Bring_Plastic_back.jpg","type":"image\/jpeg"}],"twitter_card":"summary_large_image","schema":{"@context":"https:\/\/schema.org","@graph":[{"@type":"WebPage","@id":"https:\/\/www.lengnau.ch\/fr\/themes\/abfall\/wie-entsorge-ich-was\/","url":"https:\/\/www.lengnau.ch\/fr\/themes\/abfall\/wie-entsorge-ich-was\/","name":"Comment se d\u00e9barrasser de quoi ? - Gemeinde Lengnau","isPartOf":{"@id":"https:\/\/www.lengnau.ch\/#website"},"primaryImageOfPage":{"@id":"https:\/\/www.lengnau.ch\/fr\/themes\/abfall\/wie-entsorge-ich-was\/#primaryimage"},"image":{"@id":"https:\/\/www.lengnau.ch\/fr\/themes\/abfall\/wie-entsorge-ich-was\/#primaryimage"},"thumbnailUrl":"https:\/\/www.lengnau.ch\/wp-content\/uploads\/2023\/04\/Bild_Kunststoff_Sammlung_Bring_Plastic_back-150x150.jpg","datePublished":"2022-02-16T14:41:44+00:00","dateModified":"2026-04-27T07:07:54+00:00","breadcrumb":{"@id":"https:\/\/www.lengnau.ch\/fr\/themes\/abfall\/wie-entsorge-ich-was\/#breadcrumb"},"inLanguage":"fr-FR","potentialAction":[{"@type":"ReadAction","target":["https:\/\/www.lengnau.ch\/fr\/themes\/abfall\/wie-entsorge-ich-was\/"]}]},{"@type":"ImageObject","inLanguage":"fr-FR","@id":"https:\/\/www.lengnau.ch\/fr\/themes\/abfall\/wie-entsorge-ich-was\/#primaryimage","url":"https:\/\/www.lengnau.ch\/wp-content\/uploads\/2023\/04\/Bild_Kunststoff_Sammlung_Bring_Plastic_back-150x150.jpg","contentUrl":"https:\/\/www.lengnau.ch\/wp-content\/uploads\/2023\/04\/Bild_Kunststoff_Sammlung_Bring_Plastic_back-150x150.jpg"},{"@type":"BreadcrumbList","@id":"https:\/\/www.lengnau.ch\/fr\/themes\/abfall\/wie-entsorge-ich-was\/#breadcrumb","itemListElement":[{"@type":"ListItem","position":1,"name":"Home","item":"https:\/\/www.lengnau.ch\/fr\/"},{"@type":"ListItem","position":2,"name":"Th\u00e8mes","item":"https:\/\/www.lengnau.ch\/fr\/themes\/"},{"@type":"ListItem","position":3,"name":"D\u00e9chets","item":"https:\/\/www.lengnau.ch\/fr\/themes\/abfall\/"},{"@type":"ListItem","position":4,"name":"Comment se d\u00e9barrasser de quoi ?"}]},{"@type":"WebSite","@id":"https:\/\/www.lengnau.ch\/#website","url":"https:\/\/www.lengnau.ch\/","name":"Gemeinde Lengnau","description":"","potentialAction":[{"@type":"SearchAction","target":{"@type":"EntryPoint","urlTemplate":"https:\/\/www.lengnau.ch\/?s={search_term_string}"},"query-input":{"@type":"PropertyValueSpecification","valueRequired":true,"valueName":"search_term_string"}}],"inLanguage":"fr-FR"}]}},"publishpress_future_action":{"enabled":false,"date":"2026-05-07 06:27:43","action":"change-status","newStatus":"draft","terms":[],"taxonomy":"translation_priority","extraData":[]},"publishpress_future_workflow_manual_trigger":{"enabledWorkflows":[]},"_links":{"self":[{"href":"https:\/\/www.lengnau.ch\/fr\/wp-json\/wp\/v2\/pages\/3188","targetHints":{"allow":["GET"]}}],"collection":[{"href":"https:\/\/www.lengnau.ch\/fr\/wp-json\/wp\/v2\/pages"}],"about":[{"href":"https:\/\/www.lengnau.ch\/fr\/wp-json\/wp\/v2\/types\/page"}],"author":[{"embeddable":true,"href":"https:\/\/www.lengnau.ch\/fr\/wp-json\/wp\/v2\/users\/1"}],"replies":[{"embeddable":true,"href":"https:\/\/www.lengnau.ch\/fr\/wp-json\/wp\/v2\/comments?post=3188"}],"version-history":[{"count":11,"href":"https:\/\/www.lengnau.ch\/fr\/wp-json\/wp\/v2\/pages\/3188\/revisions"}],"predecessor-version":[{"id":19529,"href":"https:\/\/www.lengnau.ch\/fr\/wp-json\/wp\/v2\/pages\/3188\/revisions\/19529"}],"up":[{"embeddable":true,"href":"https:\/\/www.lengnau.ch\/fr\/wp-json\/wp\/v2\/pages\/3192"}],"wp:attachment":[{"href":"https:\/\/www.lengnau.ch\/fr\/wp-json\/wp\/v2\/media?parent=3188"}],"curies":[{"name":"wp","href":"https:\/\/api.w.org\/{rel}","templated":true}]}}