{"id":3177,"date":"2022-02-16T15:40:19","date_gmt":"2022-02-16T14:40:19","guid":{"rendered":"https:\/\/lengnau.rettenmund.com\/themen\/umwelt\/naturschutz\/"},"modified":"2025-12-03T11:39:46","modified_gmt":"2025-12-03T10:39:46","slug":"naturschutz","status":"publish","type":"page","link":"https:\/\/www.lengnau.ch\/fr\/themes\/umwelt\/naturschutz\/","title":{"rendered":"Protection de la nature et du paysage"},"content":{"rendered":"<p>Il existe cependant diff\u00e9rentes plantes et parasites qui posent probl\u00e8me, par exemple parce que<\/p>\n<ul>\n<li>avoir un effet toxique sur l&rsquo;homme ou les animaux<\/li>\n<li>sont exotiques, ou<\/li>\n<li>supplantent la nature indig\u00e8ne.<\/li>\n<\/ul>\n<p>Les plantes et les parasites suivants constituent une menace :<\/p>\n<h2>N\u00e9ophytes et plantes \u00e0 probl\u00e8mes<\/h2>\n<p><strong>N\u00e9ophytes et plantes \u00e0 probl\u00e8mes &#8211; Reconna\u00eetre facilement, combattre correctement et \u00e9liminer en toute s\u00e9curit\u00e9 aussi \u00e0 Lengnau BE<\/strong><\/p>\n<p>Les plantes \u00e0 probl\u00e8mes sont des n\u00e9ophytes envahissantes ou des plantes indig\u00e8nes qui se propagent fortement et\/ou qui sont nuisibles pour l&rsquo;homme et les animaux.<\/p>\n<p>Les n\u00e9ophytes sont des plantes exotiques qui sont arriv\u00e9es chez nous apr\u00e8s 1492 (d\u00e9couverte de l&rsquo;Am\u00e9rique), soit consciemment comme plantes utiles ou plantes de jardin, soit inconsciemment par introduction.<\/p>\n<p>La plupart des n\u00e9ophytes se sont bien int\u00e9gr\u00e9s dans notre monde v\u00e9g\u00e9tal et enrichissent la biodiversit\u00e9. Une petite partie des n\u00e9ophytes sont toutefois des esp\u00e8ces invasives qui se propagent rapidement par le biais de graines, de racines ou de parties de tiges et qui nuisent \u00e0 l&rsquo;\u00e9cosyst\u00e8me local.<\/p>\n<p><strong>Quels sont les probl\u00e8mes que posent ces plantes ?<\/strong><\/p>\n<p>Vous pouvez<\/p>\n<ul>\n<li>mettre en danger la sant\u00e9 des personnes et des animaux<\/li>\n<li>\u00e9vincer les esp\u00e8ces v\u00e9g\u00e9tales et animales indig\u00e8nes.<\/li>\n<li>entra\u00eener des dommages aux structures et des co\u00fbts \u00e9lev\u00e9s.<\/li>\n<li>apr\u00e8s une propagation incontr\u00f4l\u00e9e, entra\u00eener des co\u00fbts d&rsquo;\u00e9limination immenses.<\/li>\n<\/ul>\n<p><strong>Comment peut-on lutter contre ces plantes ? <\/strong><strong>Comment lutter efficacement contre ces plantes ?<\/strong><\/p>\n<ul>\n<li>Retirer les plantes suffisamment t\u00f4t avant le sevrage.<\/li>\n<li>D\u00e9sherber r\u00e9guli\u00e8rement les cultures contamin\u00e9es.<\/li>\n<li>Toujours affaiblir les plantes qui ne peuvent pas \u00eatre d\u00e9terr\u00e9es en enlevant les feuilles et les pousses ou en les annelant (voir <a href=\"https:\/\/www.lengnau.ch\/wp-content\/uploads\/2025\/05\/INFOBLATT_2025_Lengnau_Neophyten_Sack.pdf\" target=\"_blank\" rel=\"noopener\">la fiche d&rsquo;information<\/a> \u00ab\u00a0Annelage\u00a0\u00bb).<\/li>\n<li>Toujours jeter les plantes dans les poubelles (pas dans le compost).<\/li>\n<\/ul>\n<h3><strong>Ensemble contre les n\u00e9ophytes envahissantes et les plantes probl\u00e9matiques<\/strong><\/h3>\n<p>Les plantes \u00e9trang\u00e8res probl\u00e9matiques n&rsquo;ont pas d&rsquo;ennemis naturels chez nous &#8211; elles se propagent donc tr\u00e8s rapidement et menacent ainsi les esp\u00e8ces v\u00e9g\u00e9tales indig\u00e8nes et la biodiversit\u00e9. Certaines de ces plantes peuvent \u00e9galement poser des probl\u00e8mes de sant\u00e9 et causer d&rsquo;importants d\u00e9g\u00e2ts aux constructions d&rsquo;infrastructures. D&rsquo;un point de vue \u00e9conomique, il est int\u00e9ressant de lutter contre la plante le plus t\u00f4t possible afin de ne pas avoir \u00e0 d\u00e9sherber d&rsquo;immenses surfaces par la suite. Avec le sac \u00e0 n\u00e9ophytes, qui peut \u00eatre \u00e9limin\u00e9 gratuitement, 18 communes du Seeland veulent lutter contre les plantes probl\u00e9matiques en collaboration avec la population.<\/p>\n<p>Les communes d&rsquo;Aegerten, Arch, Bellmund, Bienne, B\u00fcren, Diessbach, Dotzigen, Lengnau, Leuzigen, Meinisberg, Nidau, Orpund, Pieterlen, Port, Safnern, Scheuren, Schwadernau et Worben participent au projet de sacs \u00e0 n\u00e9ophytes en 2024. Ils veulent motiver la population \u00e0 ramasser les n\u00e9ophytes envahissantes et \u00e0 les \u00e9liminer correctement. Selon la commune, le sac peut \u00eatre retir\u00e9 aupr\u00e8s de l&rsquo;administration ou distribu\u00e9 dans les foyers. Un d\u00e9pliant d\u00e9crivant les plantes est \u00e9galement distribu\u00e9. Pour savoir si le sac doit \u00eatre directement remis \u00e0 la collecte des d\u00e9chets ou d\u00e9pos\u00e9 \u00e0 un endroit pr\u00e9cis, contactez votre commune. Les n\u00e9ophytes envahissantes ne doivent pas \u00eatre compost\u00e9es ni laiss\u00e9es sur place, car le risque de propagation ind\u00e9sirable est grand. Pour certaines n\u00e9ophytes envahissantes, il suffit d&rsquo;un petit morceau de racine, de tige ou de fleur dess\u00e9ch\u00e9e contenant des graines cach\u00e9es pour que de nouvelles plantes poussent.<\/p>\n<p>La lutte contre les n\u00e9ophytes envahissantes demande beaucoup de travail et ne peut \u00eatre mise en \u0153uvre par la soci\u00e9t\u00e9 que collectivement. La population est invit\u00e9e \u00e0 \u00e9liminer de ses jardins les plantes invasives telles que la verge d&rsquo;or du Canada, le laurier-cerise, l&rsquo;arbuste \u00e0 papillons ou l&rsquo;herbe professionnelle annuelle, afin d&rsquo;\u00e9viter que ces plantes ne continuent \u00e0 se propager dans des zones d&rsquo;int\u00e9r\u00eat \u00e9cologique. Il vaut la peine d&rsquo;\u00e9liminer ces plantes le plus t\u00f4t possible, avant que de grandes zones ne soient \u00ab\u00a0contamin\u00e9es\u00a0\u00bb et que les efforts pour les combattre ne deviennent tr\u00e8s importants et co\u00fbteux.<\/p>\n<p>Mais quelles plantes faut-il mettre dans le sac \u00e0 n\u00e9ophytes ? D&rsquo;une part, chaque sac est accompagn\u00e9 d&rsquo;un d\u00e9pliant contenant les informations correspondantes et, d&rsquo;autre part, des expositions sur les plantes probl\u00e9matiques sont organis\u00e9es dans plusieurs communes pendant l&rsquo;\u00e9t\u00e9 afin de permettre \u00e0 la population de les d\u00e9couvrir. L&rsquo;exposition donne \u00e9galement des conseils sur la mani\u00e8re correcte d&rsquo;enlever et d&rsquo;\u00e9liminer les n\u00e9ophytes envahissantes.<\/p>\n<h3><strong>Sac \u00e0 n\u00e9ophytes<\/strong><\/h3>\n<p>Les sacs \u00e0 n\u00e9ophytes peuvent \u00eatre retir\u00e9s gratuitement aupr\u00e8s des administrations communales. A Lengnau BE, les sacs de n\u00e9ophytes sont \u00e9galement distribu\u00e9s de mani\u00e8re cibl\u00e9e aux m\u00e9nages.<\/p>\n<p>Le sac-poubelle pour l&rsquo;\u00e9limination gratuite des n\u00e9ophytes envahissantes et des plantes probl\u00e9matiques peut \u00eatre obtenu aux endroits suivants :<\/p>\n<ul>\n<li>D\u00e9partement de la construction et de l&rsquo;am\u00e9nagement Lengnau BE, Brunnenplatz 2, 1er \u00e9tage<\/li>\n<li>Werkhof Lengnau BE, Rolliweg 3<\/li>\n<li>D\u00e9partement de la pr\u00e9sidence Lengnau BE, maison communale, Dorfplatz 1, 1er \u00e9tage<\/li>\n<\/ul>\n<p>Un <a href=\"https:\/\/www.lengnau.ch\/wp-content\/uploads\/2025\/05\/INFOBLATT_2025_Lengnau_Neophyten_Sack.pdf\" target=\"_blank\" rel=\"noopener\">d\u00e9pliant contenant des informations<\/a> sur les plantes \u00e0 combattre est \u00e9galement disponible.<\/p>\n<p>Nous comptons sur l&rsquo;aide de la population de toutes les communes. Ce n&rsquo;est qu&rsquo;en unissant nos forces que nous pourrons stopper la propagation des n\u00e9ophytes. Les sacs correspondants peuvent \u00eatre remis au ramassage ordinaire des ordures le jeudi.<\/p>\n<p><img loading=\"lazy\" decoding=\"async\" class=\"wp-image-10657 size-large alignnone\" src=\"https:\/\/www.lengnau.ch\/wp-content\/uploads\/2023\/08\/Neophyten_Problempflanzen-e1691568949894.jpg\" alt=\"\" width=\"750\" height=\"225\" srcset=\"https:\/\/www.lengnau.ch\/wp-content\/uploads\/2023\/08\/Neophyten_Problempflanzen-e1691568949894.jpg 1044w, https:\/\/www.lengnau.ch\/wp-content\/uploads\/2023\/08\/Neophyten_Problempflanzen-e1691568949894-300x90.jpg 300w, https:\/\/www.lengnau.ch\/wp-content\/uploads\/2023\/08\/Neophyten_Problempflanzen-e1691568949894-1024x307.jpg 1024w, https:\/\/www.lengnau.ch\/wp-content\/uploads\/2023\/08\/Neophyten_Problempflanzen-e1691568949894-768x230.jpg 768w\" sizes=\"auto, (max-width: 750px) 100vw, 750px\" \/><\/p>\n<p>Vous trouverez d&rsquo;autres informations sur les n\u00e9ophytes sur les sites Internet du canton et de la Conf\u00e9d\u00e9ration.<\/p>\n<p><a href=\"https:\/\/www.weu.be.ch\/de\/start\/themen\/umwelt\/biodiversitaet\/arten\/neobiota\/invasive-neophyten.html\" target=\"_blank\" rel=\"noopener\">Direction de l&rsquo;\u00e9conomie, de l&rsquo;\u00e9nergie et de l&rsquo;environnement du canton de Berne<\/a><br \/>\n<a href=\"https:\/\/www.efbs.admin.ch\/inhalte\/dokumentation\/Publikationen\/Broschuere_Invasive_Pflanzen.pdf\" target=\"_blank\" rel=\"noopener\">Commission f\u00e9d\u00e9rale d&rsquo;experts pour la s\u00e9curit\u00e9 biologique &#8211; Brochure \u00ab\u00a0Plantes exotiques envahissantes\u00a0\u00bb.<\/a><br \/>\n<a href=\"https:\/\/www.infoflora.ch\/de\/neophyten\/kurz-zusammengefasst.html\" target=\"_blank\" rel=\"noopener\">InfoFlora<\/a><br \/>\n<a href=\"https:\/\/www.pronatura.ch\/de\/stopp-den-invasiven-gebietsfremden-pflanzen-im-garten\" target=\"_blank\" rel=\"noopener\">Pro Natura<\/a><\/p>\n<h2>Feu bact\u00e9rien<\/h2>\n<p>Le <a title=\"Agroscope - Feu bact\u00e9rien\" href=\"https:\/\/www.agroscope.admin.ch\/agroscope\/de\/home\/themen\/pflanzenbau\/obstbau\/pflanzenschutz-obstbau\/krankheiten\/feuerbrand.html\" target=\"_blank\" rel=\"noopener\">feu bact\u00e9rien<\/a> est une maladie bact\u00e9rienne extr\u00eamement dangereuse. Il est inoffensif pour l&rsquo;homme et les animaux, mais peut tuer un arbre en quelques semaines en cas de forte infestation.<\/p>\n<p>Depuis le 01.01.2020, la nouvelle l\u00e9gislation phytosanitaire f\u00e9d\u00e9rale est en vigueur. Le feu bact\u00e9rien y est r\u00e9glement\u00e9 diff\u00e9remment qu&rsquo;auparavant. Le feu bact\u00e9rien ne doit plus \u00eatre d\u00e9clar\u00e9 et combattu que dans des zones d\u00e9finies. Le canton de Berne a d\u00e9cr\u00e9t\u00e9 une zone de s\u00e9curit\u00e9 dans un rayon de 4 kilom\u00e8tres autour de la p\u00e9pini\u00e8re Lehmann \u00e0 B\u00fcren an der Aare. Lengnau BE est \u00e9galement concern\u00e9e, comme le montre le plan.<\/p>\n<p>Dans la zone concern\u00e9e (zone de s\u00e9curit\u00e9 autour de la p\u00e9pini\u00e8re Lehmann), les propri\u00e9taires de plantes h\u00f4tes du feu bact\u00e9rien sont tenus de contr\u00f4ler eux-m\u00eames leurs plantes (responsabilit\u00e9 individuelle). Les contr\u00f4leurs du feu bact\u00e9rien de la commune ne passent plus r\u00e9guli\u00e8rement ; il n&rsquo;y a plus que des contr\u00f4les al\u00e9atoires bas\u00e9s sur les risques.<\/p>\n<p><strong>Les propri\u00e9taires de plantes h\u00f4tes du feu bact\u00e9rien sont tenus de <\/strong><\/p>\n<ul>\n<li>contr\u00f4ler chaque ann\u00e9e &#8211; de pr\u00e9f\u00e9rence au d\u00e9but de l&rsquo;\u00e9t\u00e9 &#8211; ses propres plantes h\u00f4tes, en particulier les pommiers, les poiriers, les cognassiers, les aub\u00e9pines, les buissons ardents, les sorbiers des oiseleurs, les alisiers, les poiriers des rochers, les coton\u00e9asters couvre-sols<\/li>\n<li>de signaler les plantes suspectes et infest\u00e9es \u00e0 la commune comp\u00e9tente<\/li>\n<li>d&rsquo;\u00e9liminer les plantes ou parties de plantes atteintes par le feu bact\u00e9rien (arrachage ou taille, l&rsquo;arrachage n&rsquo;est plus obligatoire mais recommand\u00e9) et de les \u00e9liminer de mani\u00e8re appropri\u00e9e<\/li>\n<\/ul>\n<p>Les sympt\u00f4mes du feu bact\u00e9rien sont les suivants : Les feuilles brunissent \u00e0 partir de la tige, les pousses sont recourb\u00e9es en forme de U, les feuilles deviennent brunes et coriaces par nids.<\/p>\n<p>Si vous soup\u00e7onnez un feu bact\u00e9rien : Ne touchez pas les branches et les parties de plantes d\u00e9p\u00e9rissantes &#8211; il y a un grand risque de propagation &#8211; mais signalez-le imm\u00e9diatement \u00e0 la commune municipale de Lengnau BE, service de la pr\u00e9sidence, t\u00e9l\u00e9phone 032 654 71 01. Un contr\u00f4leur du feu bact\u00e9rien de la commune de Lengnau BE peut passer chez vous et vous conseiller en cons\u00e9quence.<\/p>\n<p><a href=\"https:\/\/www.lengnau.ch\/fr\/2025\/05\/feu-bacterien-2025\/\" target=\"_blank\" rel=\"noopener\">Information des m\u00e9dias, 01.05.2025 &#8211; Feu bact\u00e9rien dangereux &#8211; contr\u00f4le des jardins familiaux<\/a><\/p>\n<p><a href=\"https:\/\/www.weu.be.ch\/content\/dam\/weu\/dokumente\/lanat\/de\/landwirtschaft\/pflanzenschutz\/Information%20zum%20Vollzug%20Feuerbrand.pdf\" target=\"_blank\" rel=\"noopener\">Canton de Berne : information sur l&rsquo;ex\u00e9cution \u00ab\u00a0Obligations dans les r\u00e9gions \u00e0 faible pr\u00e9valence\u00a0\u00bb.<\/a><\/p>\n<h2>Pyrale du buis<\/h2>\n<p>Un nouveau ravageur menace le buis dans les jardins priv\u00e9s et publics.<\/p>\n<p>La pyrale du buis est originaire d&rsquo;Asie orientale. Il a \u00e9t\u00e9 enregistr\u00e9 pour la premi\u00e8re fois en Suisse en 2007. En 2012, l&rsquo;aire de r\u00e9partition de la pyrale du buis s&rsquo;est fortement \u00e9tendue en Suisse.<\/p>\n<p>Les chenilles de la pyrale du buis d\u00e9vorent d&rsquo;abord les feuilles, puis l&rsquo;\u00e9corce. Cela peut m\u00eame faire d\u00e9p\u00e9rir les grands buis.<\/p>\n<p>Les chenilles de la pyrale du buis doivent \u00eatre combattues avec rigueur. Un contr\u00f4le r\u00e9gulier des buis de mars \u00e0 octobre permet une d\u00e9tection pr\u00e9coce de l&rsquo;infestation.<\/p>\n<p>La m\u00e9thode la plus appropri\u00e9e pour les particuliers est la lecture des chenilles (dans les sacs \u00e0 ordures). Vous trouverez d&rsquo;autres possibilit\u00e9s de lutte dans la <a title=\"Fiche technique \"Pyrale du buis - Lutte contre le ravageur\".\" href=\"https:\/\/www.lengnau.ch\/wp-content\/uploads\/2022\/08\/Buchsbaumzuensler_Merkblatt.pdf\" target=\"_blank\" rel=\"noopener\">fiche technique \u00ab\u00a0Pyrale du buis &#8211; Lutte contre le ravageur\u00a0\u00bb.<\/a><\/p>\n<p>Si vous avez des doutes ou des questions, vous pouvez vous adresser aux services suivants :<\/p>\n<p>Commune municipale de Lengnau BE<br \/>\nD\u00e9partement de la pr\u00e9sidence<br \/>\nDorfplatz 1<br \/>\n2543 Lengnau BE<\/p>\n<p>T\u00e9l\u00e9phone 032 654 71 01<br \/>\n<a href=\"mailto:in**@*****au.ch\" data-original-string=\"vgf7N4wwWqLn\/Xm+rFR+Cw==a0etSsi7YqcpWFfpJ1z0AIjpQ==\" title=\"This contact has been encoded by Anti-Spam by CleanTalk. Click to decode. To finish the decoding make sure that JavaScript is enabled in your browser.\">Courrier \u00e9lectronique<\/a><\/p>\n<p><em>ou<\/em><\/p>\n<p>Commune municipale de Lengnau BE<br \/>\nCentre d&rsquo;entretien<br \/>\nRolliweg 3<br \/>\n2543 Lengnau BE<\/p>\n<p>T\u00e9l\u00e9phone 032 652 59 20<br \/>\n<a href=\"mailto:ch************@*****au.ch\" data-original-string=\"AACUn1cXnuR23ZqJIzINnQ==a0esmCjtseUt9dhkB0mupBlIGMSRvAjSsjzP5geRAqHZL4=\" title=\"This contact has been encoded by Anti-Spam by CleanTalk. Click to decode. To finish the decoding make sure that JavaScript is enabled in your browser.\">Courrier \u00e9lectronique<\/a><\/p>\n<h2>Ambroisie<\/h2>\n<p><a title=\"Office de l&#039;agriculture et de la nature - Ambroisie\" href=\"https:\/\/www.weu.be.ch\/de\/start\/themen\/umwelt\/biodiversitaet\/arten\/neobiota\/invasive-neophyten\/artenportraits.html\" target=\"_blank\" rel=\"noopener\">L&rsquo;ambroisie<\/a> (herbe \u00e0 raisin dress\u00e9e) est une plante qui se propage depuis un certain temps en Suisse et qui repr\u00e9sente un danger.<\/p>\n<p>Le pollen de l&rsquo;ambroisie provoque de fortes allergies chez de nombreuses personnes et constitue un danger croissant pour la sant\u00e9. Depuis le 01.07.2006, les stocks d&rsquo;ambroisie doivent \u00eatre imm\u00e9diatement d\u00e9truits. <strong>Les \u00e9ventuels lieux de d\u00e9couverte de l&rsquo;ambroisie doivent \u00eatre signal\u00e9s \u00e0 la commune.<\/strong><\/p>\n<p>La p\u00e9riode de floraison de l&rsquo;ambroisie peut durer de mi-juillet \u00e0 d\u00e9but octobre. Nous demandons \u00e0 la population de contr\u00f4ler r\u00e9guli\u00e8rement leurs jardins pendant cette p\u00e9riode.<\/p>\n<p>Si la plante n&rsquo;est pas reconnue et \u00e9limin\u00e9e \u00e0 temps, une plante isol\u00e9e peut se transformer en quelques ann\u00e9es en d&rsquo;\u00e9normes populations dans des endroits appropri\u00e9s.<\/p>\n<h3>Bureau d&rsquo;inscription<\/h3>\n<p>Commune municipale de Lengnau BE<br \/>\nD\u00e9partement de la pr\u00e9sidence<br \/>\nDorfplatz 1<br \/>\n2543 Lengnau BE<\/p>\n<p>T\u00e9l\u00e9phone 032 654 71 01<br \/>\n<a href=\"mailto:in**@*****au.ch\" data-original-string=\"EuvfbiuvqasAbvu9jSKiiA==a0exPC5py\/mvNqzeOGvUHvd9w==\" title=\"This contact has been encoded by Anti-Spam by CleanTalk. Click to decode. To finish the decoding make sure that JavaScript is enabled in your browser.\">Courrier \u00e9lectronique<\/a><\/p>\n<h2>S\u00e9ne\u00e7on jacob\u00e9e et chardon des champs<\/h2>\n<p>Depuis quelques ann\u00e9es, le s\u00e9ne\u00e7on jacob\u00e9e et le chardon des champs se r\u00e9pandent de plus en plus dans les champs, le long des routes et dans les jardins priv\u00e9s.<\/p>\n<p>Le <a title=\"Office de l'agriculture et de la nature - S\u00e9ne\u00e7on jacob\u00e9e\" href=\"https:\/\/www.weu.be.ch\/de\/start\/themen\/landwirtschaft\/pflanzenschutz.html\" target=\"_blank\" rel=\"noopener\">s\u00e9ne\u00e7on jacob\u00e9e<\/a> est une plante toxique, surtout pour les bovins et les chevaux. Chez ces deux esp\u00e8ces, elle peut provoquer des troubles gastriques et intestinaux, des convulsions, des avortements et des l\u00e9sions h\u00e9patiques. Les substances toxiques ne se perdent ni dans le foin ni dans l&rsquo;ensilage. Des intoxications peuvent donc \u00e9galement se produire pendant l&rsquo;alimentation hivernale des animaux. Les toxines s&rsquo;accumulent dans le foie de l&rsquo;animal et peuvent entra\u00eener sa mort, m\u00eame apr\u00e8s une longue p\u00e9riode.<\/p>\n<p>Le <a title=\"Service de l'agriculture et de la nature - Chardon des champs\" href=\"https:\/\/www.weu.be.ch\/de\/start\/themen\/landwirtschaft\/pflanzenschutz.html\" target=\"_blank\" rel=\"noopener\">chardon des champs <\/a>est une plante vivace qui forme de nombreux stolons et qui est donc difficile \u00e0 combattre. Il faut dans tous les cas emp\u00eacher la floraison et le semis. Les t\u00eates florales doivent \u00eatre \u00e9limin\u00e9es lors de la floraison, c&rsquo;est-\u00e0-dire avant la d\u00e9fleuraison.<\/p>\n<p>La semence et donc la propagation de ces mauvaises herbes probl\u00e9matiques doivent \u00eatre stopp\u00e9es autant que possible. De juin \u00e0 ao\u00fbt, le long des bords de chemins et dans les prairies, les plantes doivent \u00eatre coup\u00e9es et d\u00e9truites <strong>avant le d\u00e9but de la floraison<\/strong>.<\/p>\n<p>Le s\u00e9ne\u00e7on jacob\u00e9e doit \u00eatre \u00e9limin\u00e9 avec les ordures m\u00e9nag\u00e8res. Si on laisse les mauvaises herbes sur place, les graines peuvent m\u00fbrir. Au bord des routes et des chemins ainsi que sur les places, cette mesure est \u00e9galement la seule possibilit\u00e9 de lutte, car la lutte chimique n&rsquo;est pas autoris\u00e9e.<\/p>\n<p>En prenant ces mesures simples mais efficaces, vous contribuerez \u00e0 \u00e9viter l&rsquo;extension de ces mauvaises herbes probl\u00e9matiques.<\/p>\n<p>Le <a title=\"Office de l'agriculture et de la nature - Service phytosanitaire\" href=\"https:\/\/www.weu.be.ch\/de\/start\/themen\/landwirtschaft\/pflanzenschutz.html\" target=\"_blank\" rel=\"noopener\">service de protection des plantes<\/a>, t\u00e9l\u00e9phone 031 636 49 10, est responsable des conseils en mati\u00e8re de protection des plantes. Si vous avez des questions pour savoir si une mauvaise herbe est le s\u00e9ne\u00e7on jacob\u00e9e ou le chardon des champs, vous pouvez vous adresser \u00e0 Fritz Alchenberger, contr\u00f4leur de la commune municipale de Lengnau BE, t\u00e9l\u00e9phone 079 437 47 62.<\/p>\n","protected":false},"excerpt":{"rendered":"<p>Il existe cependant diff\u00e9rentes plantes et parasites qui posent probl\u00e8me, par exemple parce que avoir un effet toxique sur l&rsquo;homme ou les animaux sont exotiques, ou supplantent la nature indig\u00e8ne. Les plantes et les parasites suivants constituent une menace : N\u00e9ophytes et plantes \u00e0 probl\u00e8mes N\u00e9ophytes et plantes \u00e0 probl\u00e8mes &#8211; Reconna\u00eetre facilement, combattre correctement [&hellip;]<\/p>\n","protected":false},"author":1,"featured_media":0,"parent":3164,"menu_order":44,"comment_status":"closed","ping_status":"closed","template":"","meta":{"_acf_changed":false,"_relevanssi_hide_post":"","_relevanssi_hide_content":"","_relevanssi_pin_for_all":"","_relevanssi_pin_keywords":"","_relevanssi_unpin_keywords":"","_relevanssi_related_keywords":"","_relevanssi_related_include_ids":"","_relevanssi_related_exclude_ids":"","_relevanssi_related_no_append":"","_relevanssi_related_not_related":"","_relevanssi_related_posts":"","_relevanssi_noindex_reason":"","footnotes":""},"class_list":["post-3177","page","type-page","status-publish","hentry"],"acf":[],"yoast_head":"<!-- This site is optimized with the Yoast SEO plugin v27.4 - https:\/\/yoast.com\/product\/yoast-seo-wordpress\/ -->\n<title>Protection de la nature et du paysage - Gemeinde Lengnau<\/title>\n<meta name=\"robots\" content=\"index, follow, max-snippet:-1, max-image-preview:large, max-video-preview:-1\" \/>\n<link rel=\"canonical\" href=\"https:\/\/www.lengnau.ch\/fr\/themes\/umwelt\/naturschutz\/\" \/>\n<meta property=\"og:locale\" content=\"fr_FR\" \/>\n<meta property=\"og:type\" content=\"article\" \/>\n<meta property=\"og:title\" content=\"Protection de la nature et du paysage - Gemeinde Lengnau\" \/>\n<meta property=\"og:description\" content=\"Il existe cependant diff\u00e9rentes plantes et parasites qui posent probl\u00e8me, par exemple parce que avoir un effet toxique sur l&rsquo;homme ou les animaux sont exotiques, ou supplantent la nature indig\u00e8ne. Les plantes et les parasites suivants constituent une menace : N\u00e9ophytes et plantes \u00e0 probl\u00e8mes N\u00e9ophytes et plantes \u00e0 probl\u00e8mes &#8211; Reconna\u00eetre facilement, combattre correctement [&hellip;]\" \/>\n<meta property=\"og:url\" content=\"https:\/\/www.lengnau.ch\/fr\/themes\/umwelt\/naturschutz\/\" \/>\n<meta property=\"og:site_name\" content=\"Gemeinde Lengnau\" \/>\n<meta property=\"article:modified_time\" content=\"2025-12-03T10:39:46+00:00\" \/>\n<meta property=\"og:image\" content=\"https:\/\/www.lengnau.ch\/wp-content\/uploads\/2023\/08\/Neophyten_Problempflanzen-e1691568949894.jpg\" \/>\n\t<meta property=\"og:image:width\" content=\"1044\" \/>\n\t<meta property=\"og:image:height\" content=\"313\" \/>\n\t<meta property=\"og:image:type\" content=\"image\/jpeg\" \/>\n<meta name=\"twitter:card\" content=\"summary_large_image\" \/>\n<script type=\"application\/ld+json\" class=\"yoast-schema-graph\">{\"@context\":\"https:\\\/\\\/schema.org\",\"@graph\":[{\"@type\":\"WebPage\",\"@id\":\"https:\\\/\\\/www.lengnau.ch\\\/fr\\\/themes\\\/umwelt\\\/naturschutz\\\/\",\"url\":\"https:\\\/\\\/www.lengnau.ch\\\/fr\\\/themes\\\/umwelt\\\/naturschutz\\\/\",\"name\":\"Protection de la nature et du paysage - Gemeinde Lengnau\",\"isPartOf\":{\"@id\":\"https:\\\/\\\/www.lengnau.ch\\\/#website\"},\"primaryImageOfPage\":{\"@id\":\"https:\\\/\\\/www.lengnau.ch\\\/fr\\\/themes\\\/umwelt\\\/naturschutz\\\/#primaryimage\"},\"image\":{\"@id\":\"https:\\\/\\\/www.lengnau.ch\\\/fr\\\/themes\\\/umwelt\\\/naturschutz\\\/#primaryimage\"},\"thumbnailUrl\":\"https:\\\/\\\/www.lengnau.ch\\\/wp-content\\\/uploads\\\/2023\\\/08\\\/Neophyten_Problempflanzen-e1691568949894.jpg\",\"datePublished\":\"2022-02-16T14:40:19+00:00\",\"dateModified\":\"2025-12-03T10:39:46+00:00\",\"breadcrumb\":{\"@id\":\"https:\\\/\\\/www.lengnau.ch\\\/fr\\\/themes\\\/umwelt\\\/naturschutz\\\/#breadcrumb\"},\"inLanguage\":\"fr-FR\",\"potentialAction\":[{\"@type\":\"ReadAction\",\"target\":[\"https:\\\/\\\/www.lengnau.ch\\\/fr\\\/themes\\\/umwelt\\\/naturschutz\\\/\"]}]},{\"@type\":\"ImageObject\",\"inLanguage\":\"fr-FR\",\"@id\":\"https:\\\/\\\/www.lengnau.ch\\\/fr\\\/themes\\\/umwelt\\\/naturschutz\\\/#primaryimage\",\"url\":\"https:\\\/\\\/www.lengnau.ch\\\/wp-content\\\/uploads\\\/2023\\\/08\\\/Neophyten_Problempflanzen-e1691568949894.jpg\",\"contentUrl\":\"https:\\\/\\\/www.lengnau.ch\\\/wp-content\\\/uploads\\\/2023\\\/08\\\/Neophyten_Problempflanzen-e1691568949894.jpg\"},{\"@type\":\"BreadcrumbList\",\"@id\":\"https:\\\/\\\/www.lengnau.ch\\\/fr\\\/themes\\\/umwelt\\\/naturschutz\\\/#breadcrumb\",\"itemListElement\":[{\"@type\":\"ListItem\",\"position\":1,\"name\":\"Home\",\"item\":\"https:\\\/\\\/www.lengnau.ch\\\/fr\\\/\"},{\"@type\":\"ListItem\",\"position\":2,\"name\":\"Th\u00e8mes\",\"item\":\"https:\\\/\\\/www.lengnau.ch\\\/fr\\\/themes\\\/\"},{\"@type\":\"ListItem\",\"position\":3,\"name\":\"Environnement\",\"item\":\"https:\\\/\\\/www.lengnau.ch\\\/fr\\\/themes\\\/umwelt\\\/\"},{\"@type\":\"ListItem\",\"position\":4,\"name\":\"Protection de la nature et du paysage\"}]},{\"@type\":\"WebSite\",\"@id\":\"https:\\\/\\\/www.lengnau.ch\\\/#website\",\"url\":\"https:\\\/\\\/www.lengnau.ch\\\/\",\"name\":\"Gemeinde Lengnau\",\"description\":\"\",\"potentialAction\":[{\"@type\":\"SearchAction\",\"target\":{\"@type\":\"EntryPoint\",\"urlTemplate\":\"https:\\\/\\\/www.lengnau.ch\\\/?s={search_term_string}\"},\"query-input\":{\"@type\":\"PropertyValueSpecification\",\"valueRequired\":true,\"valueName\":\"search_term_string\"}}],\"inLanguage\":\"fr-FR\"}]}<\/script>\n<!-- \/ Yoast SEO plugin. -->","yoast_head_json":{"title":"Protection de la nature et du paysage - Gemeinde Lengnau","robots":{"index":"index","follow":"follow","max-snippet":"max-snippet:-1","max-image-preview":"max-image-preview:large","max-video-preview":"max-video-preview:-1"},"canonical":"https:\/\/www.lengnau.ch\/fr\/themes\/umwelt\/naturschutz\/","og_locale":"fr_FR","og_type":"article","og_title":"Protection de la nature et du paysage - Gemeinde Lengnau","og_description":"Il existe cependant diff\u00e9rentes plantes et parasites qui posent probl\u00e8me, par exemple parce que avoir un effet toxique sur l&rsquo;homme ou les animaux sont exotiques, ou supplantent la nature indig\u00e8ne. Les plantes et les parasites suivants constituent une menace : N\u00e9ophytes et plantes \u00e0 probl\u00e8mes N\u00e9ophytes et plantes \u00e0 probl\u00e8mes &#8211; Reconna\u00eetre facilement, combattre correctement [&hellip;]","og_url":"https:\/\/www.lengnau.ch\/fr\/themes\/umwelt\/naturschutz\/","og_site_name":"Gemeinde Lengnau","article_modified_time":"2025-12-03T10:39:46+00:00","og_image":[{"width":1044,"height":313,"url":"https:\/\/www.lengnau.ch\/wp-content\/uploads\/2023\/08\/Neophyten_Problempflanzen-e1691568949894.jpg","type":"image\/jpeg"}],"twitter_card":"summary_large_image","schema":{"@context":"https:\/\/schema.org","@graph":[{"@type":"WebPage","@id":"https:\/\/www.lengnau.ch\/fr\/themes\/umwelt\/naturschutz\/","url":"https:\/\/www.lengnau.ch\/fr\/themes\/umwelt\/naturschutz\/","name":"Protection de la nature et du paysage - Gemeinde Lengnau","isPartOf":{"@id":"https:\/\/www.lengnau.ch\/#website"},"primaryImageOfPage":{"@id":"https:\/\/www.lengnau.ch\/fr\/themes\/umwelt\/naturschutz\/#primaryimage"},"image":{"@id":"https:\/\/www.lengnau.ch\/fr\/themes\/umwelt\/naturschutz\/#primaryimage"},"thumbnailUrl":"https:\/\/www.lengnau.ch\/wp-content\/uploads\/2023\/08\/Neophyten_Problempflanzen-e1691568949894.jpg","datePublished":"2022-02-16T14:40:19+00:00","dateModified":"2025-12-03T10:39:46+00:00","breadcrumb":{"@id":"https:\/\/www.lengnau.ch\/fr\/themes\/umwelt\/naturschutz\/#breadcrumb"},"inLanguage":"fr-FR","potentialAction":[{"@type":"ReadAction","target":["https:\/\/www.lengnau.ch\/fr\/themes\/umwelt\/naturschutz\/"]}]},{"@type":"ImageObject","inLanguage":"fr-FR","@id":"https:\/\/www.lengnau.ch\/fr\/themes\/umwelt\/naturschutz\/#primaryimage","url":"https:\/\/www.lengnau.ch\/wp-content\/uploads\/2023\/08\/Neophyten_Problempflanzen-e1691568949894.jpg","contentUrl":"https:\/\/www.lengnau.ch\/wp-content\/uploads\/2023\/08\/Neophyten_Problempflanzen-e1691568949894.jpg"},{"@type":"BreadcrumbList","@id":"https:\/\/www.lengnau.ch\/fr\/themes\/umwelt\/naturschutz\/#breadcrumb","itemListElement":[{"@type":"ListItem","position":1,"name":"Home","item":"https:\/\/www.lengnau.ch\/fr\/"},{"@type":"ListItem","position":2,"name":"Th\u00e8mes","item":"https:\/\/www.lengnau.ch\/fr\/themes\/"},{"@type":"ListItem","position":3,"name":"Environnement","item":"https:\/\/www.lengnau.ch\/fr\/themes\/umwelt\/"},{"@type":"ListItem","position":4,"name":"Protection de la nature et du paysage"}]},{"@type":"WebSite","@id":"https:\/\/www.lengnau.ch\/#website","url":"https:\/\/www.lengnau.ch\/","name":"Gemeinde Lengnau","description":"","potentialAction":[{"@type":"SearchAction","target":{"@type":"EntryPoint","urlTemplate":"https:\/\/www.lengnau.ch\/?s={search_term_string}"},"query-input":{"@type":"PropertyValueSpecification","valueRequired":true,"valueName":"search_term_string"}}],"inLanguage":"fr-FR"}]}},"publishpress_future_action":{"enabled":false,"date":"2026-05-05 18:33:20","action":"change-status","newStatus":"draft","terms":[],"taxonomy":"translation_priority","extraData":[]},"publishpress_future_workflow_manual_trigger":{"enabledWorkflows":[]},"_links":{"self":[{"href":"https:\/\/www.lengnau.ch\/fr\/wp-json\/wp\/v2\/pages\/3177","targetHints":{"allow":["GET"]}}],"collection":[{"href":"https:\/\/www.lengnau.ch\/fr\/wp-json\/wp\/v2\/pages"}],"about":[{"href":"https:\/\/www.lengnau.ch\/fr\/wp-json\/wp\/v2\/types\/page"}],"author":[{"embeddable":true,"href":"https:\/\/www.lengnau.ch\/fr\/wp-json\/wp\/v2\/users\/1"}],"replies":[{"embeddable":true,"href":"https:\/\/www.lengnau.ch\/fr\/wp-json\/wp\/v2\/comments?post=3177"}],"version-history":[{"count":10,"href":"https:\/\/www.lengnau.ch\/fr\/wp-json\/wp\/v2\/pages\/3177\/revisions"}],"predecessor-version":[{"id":18477,"href":"https:\/\/www.lengnau.ch\/fr\/wp-json\/wp\/v2\/pages\/3177\/revisions\/18477"}],"up":[{"embeddable":true,"href":"https:\/\/www.lengnau.ch\/fr\/wp-json\/wp\/v2\/pages\/3164"}],"wp:attachment":[{"href":"https:\/\/www.lengnau.ch\/fr\/wp-json\/wp\/v2\/media?parent=3177"}],"curies":[{"name":"wp","href":"https:\/\/api.w.org\/{rel}","templated":true}]}}