{"id":3176,"date":"2022-02-16T15:40:08","date_gmt":"2022-02-16T14:40:08","guid":{"rendered":"https:\/\/lengnau.rettenmund.com\/themen\/umwelt\/laerm-ruhestoerungen\/"},"modified":"2024-11-20T11:25:19","modified_gmt":"2024-11-20T10:25:19","slug":"laerm-ruhestoerungen","status":"publish","type":"page","link":"https:\/\/www.lengnau.ch\/fr\/themes\/umwelt\/laerm-ruhestoerungen\/","title":{"rendered":"Bruit et troubles de la tranquillit\u00e9"},"content":{"rendered":"<p>En principe, il est interdit de provoquer des bruits qui peuvent \u00eatre \u00e9vit\u00e9s ou r\u00e9duits en agissant de mani\u00e8re respectueuse. Si tout le monde respecte cette r\u00e8gle de base, il y aura certainement moins de disputes et de discussions.<\/p>\n<p>Le <a class=\"pdf\" title=\"R\u00e8glement de la police locale\" href=\"https:\/\/www.lengnau.ch\/wp-content\/uploads\/2022\/08\/Ortspolizeireglement.pdf\" target=\"_blank\" rel=\"noopener\">r\u00e8glement de police locale<\/a> de la commune de Lengnau BE r\u00e9git la gestion du bruit. De m\u00eame, la <a class=\"pdf\" title=\"Fiche d'information \"Profitons de l'\u00e9t\u00e9\" href=\"https:\/\/www.lengnau.ch\/wp-content\/uploads\/2024\/04\/Geniessen_wir_den_Sommer_2024_Ortspolizeireglement.pdf\" target=\"_blank\" rel=\"noopener\">fiche \u00ab\u00a0Profitons de l&rsquo;\u00e9t\u00e9\u00a0\u00bb<\/a> contient quelques principes importants.<\/p>\n<p><strong>Bruit &#8211; Bruit quotidien<\/strong><\/p>\n<p>Vous trouverez des informations sur la gestion des bruits quotidiens sur le <a href=\"https:\/\/www.police.be.ch\/de\/start\/dienstleistungen\/online-wache\/laerm.html\" target=\"_blank\" rel=\"noopener\">site de la police cantonale bernoise<\/a>.<\/p>\n","protected":false},"excerpt":{"rendered":"<p>En principe, il est interdit de provoquer des bruits qui peuvent \u00eatre \u00e9vit\u00e9s ou r\u00e9duits en agissant de mani\u00e8re respectueuse. Si tout le monde respecte cette r\u00e8gle de base, il y aura certainement moins de disputes et de discussions. Le r\u00e8glement de police locale de la commune de Lengnau BE r\u00e9git la gestion du bruit. [&hellip;]<\/p>\n","protected":false},"author":1,"featured_media":0,"parent":3164,"menu_order":34,"comment_status":"closed","ping_status":"closed","template":"","meta":{"_acf_changed":false,"_relevanssi_hide_post":"","_relevanssi_hide_content":"","_relevanssi_pin_for_all":"","_relevanssi_pin_keywords":"","_relevanssi_unpin_keywords":"","_relevanssi_related_keywords":"","_relevanssi_related_include_ids":"","_relevanssi_related_exclude_ids":"","_relevanssi_related_no_append":"","_relevanssi_related_not_related":"","_relevanssi_related_posts":"","_relevanssi_noindex_reason":"","footnotes":""},"class_list":["post-3176","page","type-page","status-publish","hentry"],"acf":[],"yoast_head":"<!-- This site is optimized with the Yoast SEO plugin v27.4 - https:\/\/yoast.com\/product\/yoast-seo-wordpress\/ -->\n<title>Bruit et troubles de la tranquillit\u00e9 - Gemeinde Lengnau<\/title>\n<meta name=\"robots\" content=\"index, follow, max-snippet:-1, max-image-preview:large, max-video-preview:-1\" \/>\n<link rel=\"canonical\" href=\"https:\/\/www.lengnau.ch\/fr\/themes\/umwelt\/laerm-ruhestoerungen\/\" \/>\n<meta property=\"og:locale\" content=\"fr_FR\" \/>\n<meta property=\"og:type\" content=\"article\" \/>\n<meta property=\"og:title\" content=\"Bruit et troubles de la tranquillit\u00e9 - Gemeinde Lengnau\" \/>\n<meta property=\"og:description\" content=\"En principe, il est interdit de provoquer des bruits qui peuvent \u00eatre \u00e9vit\u00e9s ou r\u00e9duits en agissant de mani\u00e8re respectueuse. Si tout le monde respecte cette r\u00e8gle de base, il y aura certainement moins de disputes et de discussions. Le r\u00e8glement de police locale de la commune de Lengnau BE r\u00e9git la gestion du bruit. [&hellip;]\" \/>\n<meta property=\"og:url\" content=\"https:\/\/www.lengnau.ch\/fr\/themes\/umwelt\/laerm-ruhestoerungen\/\" \/>\n<meta property=\"og:site_name\" content=\"Gemeinde Lengnau\" \/>\n<meta property=\"article:modified_time\" content=\"2024-11-20T10:25:19+00:00\" \/>\n<meta name=\"twitter:card\" content=\"summary_large_image\" \/>\n<script type=\"application\/ld+json\" class=\"yoast-schema-graph\">{\"@context\":\"https:\\\/\\\/schema.org\",\"@graph\":[{\"@type\":\"WebPage\",\"@id\":\"https:\\\/\\\/www.lengnau.ch\\\/fr\\\/themes\\\/umwelt\\\/laerm-ruhestoerungen\\\/\",\"url\":\"https:\\\/\\\/www.lengnau.ch\\\/fr\\\/themes\\\/umwelt\\\/laerm-ruhestoerungen\\\/\",\"name\":\"Bruit et troubles de la tranquillit\u00e9 - Gemeinde Lengnau\",\"isPartOf\":{\"@id\":\"https:\\\/\\\/www.lengnau.ch\\\/#website\"},\"datePublished\":\"2022-02-16T14:40:08+00:00\",\"dateModified\":\"2024-11-20T10:25:19+00:00\",\"breadcrumb\":{\"@id\":\"https:\\\/\\\/www.lengnau.ch\\\/fr\\\/themes\\\/umwelt\\\/laerm-ruhestoerungen\\\/#breadcrumb\"},\"inLanguage\":\"fr-FR\",\"potentialAction\":[{\"@type\":\"ReadAction\",\"target\":[\"https:\\\/\\\/www.lengnau.ch\\\/fr\\\/themes\\\/umwelt\\\/laerm-ruhestoerungen\\\/\"]}]},{\"@type\":\"BreadcrumbList\",\"@id\":\"https:\\\/\\\/www.lengnau.ch\\\/fr\\\/themes\\\/umwelt\\\/laerm-ruhestoerungen\\\/#breadcrumb\",\"itemListElement\":[{\"@type\":\"ListItem\",\"position\":1,\"name\":\"Home\",\"item\":\"https:\\\/\\\/www.lengnau.ch\\\/fr\\\/\"},{\"@type\":\"ListItem\",\"position\":2,\"name\":\"Th\u00e8mes\",\"item\":\"https:\\\/\\\/www.lengnau.ch\\\/fr\\\/themes\\\/\"},{\"@type\":\"ListItem\",\"position\":3,\"name\":\"Environnement\",\"item\":\"https:\\\/\\\/www.lengnau.ch\\\/fr\\\/themes\\\/umwelt\\\/\"},{\"@type\":\"ListItem\",\"position\":4,\"name\":\"Bruit et troubles de la tranquillit\u00e9\"}]},{\"@type\":\"WebSite\",\"@id\":\"https:\\\/\\\/www.lengnau.ch\\\/#website\",\"url\":\"https:\\\/\\\/www.lengnau.ch\\\/\",\"name\":\"Gemeinde Lengnau\",\"description\":\"\",\"potentialAction\":[{\"@type\":\"SearchAction\",\"target\":{\"@type\":\"EntryPoint\",\"urlTemplate\":\"https:\\\/\\\/www.lengnau.ch\\\/?s={search_term_string}\"},\"query-input\":{\"@type\":\"PropertyValueSpecification\",\"valueRequired\":true,\"valueName\":\"search_term_string\"}}],\"inLanguage\":\"fr-FR\"}]}<\/script>\n<!-- \/ Yoast SEO plugin. -->","yoast_head_json":{"title":"Bruit et troubles de la tranquillit\u00e9 - Gemeinde Lengnau","robots":{"index":"index","follow":"follow","max-snippet":"max-snippet:-1","max-image-preview":"max-image-preview:large","max-video-preview":"max-video-preview:-1"},"canonical":"https:\/\/www.lengnau.ch\/fr\/themes\/umwelt\/laerm-ruhestoerungen\/","og_locale":"fr_FR","og_type":"article","og_title":"Bruit et troubles de la tranquillit\u00e9 - Gemeinde Lengnau","og_description":"En principe, il est interdit de provoquer des bruits qui peuvent \u00eatre \u00e9vit\u00e9s ou r\u00e9duits en agissant de mani\u00e8re respectueuse. Si tout le monde respecte cette r\u00e8gle de base, il y aura certainement moins de disputes et de discussions. Le r\u00e8glement de police locale de la commune de Lengnau BE r\u00e9git la gestion du bruit. [&hellip;]","og_url":"https:\/\/www.lengnau.ch\/fr\/themes\/umwelt\/laerm-ruhestoerungen\/","og_site_name":"Gemeinde Lengnau","article_modified_time":"2024-11-20T10:25:19+00:00","twitter_card":"summary_large_image","schema":{"@context":"https:\/\/schema.org","@graph":[{"@type":"WebPage","@id":"https:\/\/www.lengnau.ch\/fr\/themes\/umwelt\/laerm-ruhestoerungen\/","url":"https:\/\/www.lengnau.ch\/fr\/themes\/umwelt\/laerm-ruhestoerungen\/","name":"Bruit et troubles de la tranquillit\u00e9 - Gemeinde Lengnau","isPartOf":{"@id":"https:\/\/www.lengnau.ch\/#website"},"datePublished":"2022-02-16T14:40:08+00:00","dateModified":"2024-11-20T10:25:19+00:00","breadcrumb":{"@id":"https:\/\/www.lengnau.ch\/fr\/themes\/umwelt\/laerm-ruhestoerungen\/#breadcrumb"},"inLanguage":"fr-FR","potentialAction":[{"@type":"ReadAction","target":["https:\/\/www.lengnau.ch\/fr\/themes\/umwelt\/laerm-ruhestoerungen\/"]}]},{"@type":"BreadcrumbList","@id":"https:\/\/www.lengnau.ch\/fr\/themes\/umwelt\/laerm-ruhestoerungen\/#breadcrumb","itemListElement":[{"@type":"ListItem","position":1,"name":"Home","item":"https:\/\/www.lengnau.ch\/fr\/"},{"@type":"ListItem","position":2,"name":"Th\u00e8mes","item":"https:\/\/www.lengnau.ch\/fr\/themes\/"},{"@type":"ListItem","position":3,"name":"Environnement","item":"https:\/\/www.lengnau.ch\/fr\/themes\/umwelt\/"},{"@type":"ListItem","position":4,"name":"Bruit et troubles de la tranquillit\u00e9"}]},{"@type":"WebSite","@id":"https:\/\/www.lengnau.ch\/#website","url":"https:\/\/www.lengnau.ch\/","name":"Gemeinde Lengnau","description":"","potentialAction":[{"@type":"SearchAction","target":{"@type":"EntryPoint","urlTemplate":"https:\/\/www.lengnau.ch\/?s={search_term_string}"},"query-input":{"@type":"PropertyValueSpecification","valueRequired":true,"valueName":"search_term_string"}}],"inLanguage":"fr-FR"}]}},"publishpress_future_action":{"enabled":false,"date":"2026-05-07 05:22:22","action":"change-status","newStatus":"draft","terms":[],"taxonomy":"translation_priority","extraData":[]},"publishpress_future_workflow_manual_trigger":{"enabledWorkflows":[]},"_links":{"self":[{"href":"https:\/\/www.lengnau.ch\/fr\/wp-json\/wp\/v2\/pages\/3176","targetHints":{"allow":["GET"]}}],"collection":[{"href":"https:\/\/www.lengnau.ch\/fr\/wp-json\/wp\/v2\/pages"}],"about":[{"href":"https:\/\/www.lengnau.ch\/fr\/wp-json\/wp\/v2\/types\/page"}],"author":[{"embeddable":true,"href":"https:\/\/www.lengnau.ch\/fr\/wp-json\/wp\/v2\/users\/1"}],"replies":[{"embeddable":true,"href":"https:\/\/www.lengnau.ch\/fr\/wp-json\/wp\/v2\/comments?post=3176"}],"version-history":[{"count":9,"href":"https:\/\/www.lengnau.ch\/fr\/wp-json\/wp\/v2\/pages\/3176\/revisions"}],"predecessor-version":[{"id":13119,"href":"https:\/\/www.lengnau.ch\/fr\/wp-json\/wp\/v2\/pages\/3176\/revisions\/13119"}],"up":[{"embeddable":true,"href":"https:\/\/www.lengnau.ch\/fr\/wp-json\/wp\/v2\/pages\/3164"}],"wp:attachment":[{"href":"https:\/\/www.lengnau.ch\/fr\/wp-json\/wp\/v2\/media?parent=3176"}],"curies":[{"name":"wp","href":"https:\/\/api.w.org\/{rel}","templated":true}]}}