{"id":3146,"date":"2022-02-16T15:35:36","date_gmt":"2022-02-16T14:35:36","guid":{"rendered":"https:\/\/lengnau.rettenmund.com\/themen\/alter-60\/angebote-unterstuetzung\/"},"modified":"2025-09-16T11:19:29","modified_gmt":"2025-09-16T09:19:29","slug":"angebote-unterstuetzung","status":"publish","type":"page","link":"https:\/\/www.lengnau.ch\/fr\/themes\/alter-60\/angebote-unterstuetzung\/","title":{"rendered":"Offres et soutien"},"content":{"rendered":"<h2>Agence AVS<\/h2>\n<p>Pour toute question relative aux assurances sociales (rente AVS, prestation compl\u00e9mentaire, allocation pour impotent, etc.), veuillez vous adresser \u00e0 l&rsquo;agence AVS de Lengnau-Pieterlen.<\/p>\n<p><strong>Contact<\/strong><\/p>\n<p><a href=\"https:\/\/www.lengnau.ch\/fr\/verwaltung-politik-2\/gemeindeverwaltung\/finanzabteilung\/\">Agence AVS de Lengnau-Pieterlen<\/a><br \/>\nDorfplatz 1<br \/>\n2543 Lengnau BE<\/p>\n<p>T\u00e9l\u00e9phone 032 654 71 02<br \/>\n<a href=\"mailto:ah*@*****au.ch\" data-original-string=\"AfkClEtju5KcdJD8m6RHyA==a0eRtD9+kBGe9Kk\/bZ8l9MnxA==\" title=\"This contact has been encoded by Anti-Spam by CleanTalk. Click to decode. To finish the decoding make sure that JavaScript is enabled in your browser.\">Courrier \u00e9lectronique<\/a><\/p>\n<h2><em>malreden<\/em> &#8211; le service de conversation pour les personnes \u00e2g\u00e9es<\/h2>\n<p><strong>Pouvoir parler simplement \u00e0 quelqu&rsquo;un<br \/>\n<\/strong>Vous souhaitez partager vos exp\u00e9riences, vos joies et vos pens\u00e9es, mais personne n&rsquo;est disponible pour vous \u00e9couter ? Vous ressentez le besoin de parler et d&rsquo;\u00e9changer avec quelqu&rsquo;un ? N&rsquo;h\u00e9sitez pas \u00e0 nous appeler, nous serons ravis de discuter avec vous.<\/p>\n<p>malreden est un service d&rsquo;entretien t\u00e9l\u00e9phonique de l&rsquo;association R\u00e9seau Argent Suisse pour les personnes \u00e2g\u00e9es, accessible tous les jours de 9h \u00e0 20h au num\u00e9ro gratuit 0800 890 890. L&rsquo;offre en trois parties se compose d&rsquo;une ligne t\u00e9l\u00e9phonique quotidienne, d&rsquo;un stand de discussion et de la transmission d&rsquo;informations sur d&rsquo;autres offres appropri\u00e9es et est disponible dans toute la Suisse en allemand.<\/p>\n<p>Tous les appels sont gratuits, anonymes et confidentiels.<\/p>\n<p><strong>Notre offre<\/strong><\/p>\n<ul>\n<li>Alltagstelefon &#8211; pour une bonne conversation de temps en temps : Les personnes \u00e2g\u00e9es trouvent une oreille attentive aupr\u00e8s du Alltagstelefon. Il r\u00e9pond au d\u00e9sir de pouvoir parler simplement. Nos interlocuteurs sont joignables tous les jours de 9h \u00e0 20h, gratuitement, anonymement et en toute confidentialit\u00e9 au 0800 890 890. Que ce soit pour bavarder, raconter des histoires ou discuter intens\u00e9ment, tout a sa place. Il ne peut pas offrir de soutien aux personnes dans le besoin.<\/li>\n<li>Tandem de conversation &#8211; pour un partenariat de conversation \u00e0 long terme : le tandem de conversation r\u00e9pond chaque semaine au souhait d&rsquo;un partenariat de conversation durable. Il est propos\u00e9 \u00e0 toutes les personnes \u00e2g\u00e9es qui souhaitent une r\u00e9gularit\u00e9, un engagement et une familiarit\u00e9 dans les \u00e9changes sociaux. Une fois par semaine, ils sont appel\u00e9s par leur ami(e) au t\u00e9l\u00e9phone de <em>malreden<\/em> ayant des int\u00e9r\u00eats similaires. Il en r\u00e9sulte une relation t\u00e9l\u00e9phonique \u00e0 long terme qui apporte soutien, structure et plaisir.<\/li>\n<li>Transmission d&rsquo;informations &#8211; pour plus de participation : Si l&rsquo;entretien t\u00e9l\u00e9phonique r\u00e9v\u00e8le que quelqu&rsquo;un a envie de plus de contacts sociaux, nos interlocuteurs l&rsquo;aident en lui fournissant des adresses et des contacts de services ou d&rsquo;organisations sp\u00e9cialis\u00e9s.<\/li>\n<\/ul>\n<p><strong>L&rsquo;offre <em>malreden<\/em><\/strong><br \/>\nEntretiens spontan\u00e9s anonymes sur la hotline ou entretiens hebdomadaires convenus en tandem<br \/>\nNum\u00e9ro gratuit Hotline 0800 890 890<br \/>\nAccessibilit\u00e9 tous les jours de 9h \u00e0 20h<br \/>\nPlus d&rsquo;informations <a title=\"www.malreden.ch\" href=\"https:\/\/www.malreden.ch\/\" target=\"_blank\" rel=\"noopener\">www.malreden.ch<\/a><br \/>\n<a title=\"D\u00e9pliant malreden\" href=\"https:\/\/www.lengnau.ch\/wp-content\/uploads\/2022\/06\/Flyer_malreden_02_2022.pdf\" target=\"_blank\" rel=\"noopener\">D\u00e9pliant <em>malreden<\/em><\/a><\/p>\n<h2>Pro Senectute<\/h2>\n<p>Pro Senectute est l&rsquo;organisation sp\u00e9cialis\u00e9e pour toutes les questions li\u00e9es \u00e0 la vieillesse. Elle<\/p>\n<ul>\n<li>conseille gratuitement et discr\u00e8tement les personnes \u00e2g\u00e9es et leurs proches<\/li>\n<li>soutient les personnes \u00e2g\u00e9es qui ont des difficult\u00e9s financi\u00e8res<\/li>\n<li>fournit des prestations telles que l&rsquo;aide \u00e0 domicile (services), qui permettent de vivre de mani\u00e8re ind\u00e9pendante et autonome chez soi jusqu&rsquo;\u00e0 un \u00e2ge avanc\u00e9<\/li>\n<li>dispose d&rsquo;une vaste offre de cours de langues, de cours cr\u00e9atifs, de cours de sport, de cours de pr\u00e9paration \u00e0 l&rsquo;\u00e2ge et de cours d&rsquo;informatique<\/li>\n<li>s&rsquo;engage pour l&rsquo;int\u00e9gration des personnes \u00e2g\u00e9es dans la soci\u00e9t\u00e9 par des projets interg\u00e9n\u00e9rationnels et un travail communautaire<\/li>\n<li>est pr\u00e9sent dans chaque canton\/r\u00e9gion avec un bureau et des centres de conseil<\/li>\n<\/ul>\n<p><strong>Contact<\/strong><\/p>\n<p>Pro Senectute Biel-Bienne\/Seeland<br \/>\nCentre de consultation Lyss<br \/>\nSteinweg 26<br \/>\nPostfach 171<br \/>\n3250 Lyss<\/p>\n<p>T\u00e9l\u00e9phone 032 328 31 11<br \/>\n<a href=\"mailto:se*****@*************te.ch\" data-original-string=\"xis9Zk3s\/VZx2FOkmjWVvw==a0eJMgY1QPPI7B\/Uxvfj4SEkH8Ru\/LvxMbhSEIqTd9jV3E=\" title=\"This contact has been encoded by Anti-Spam by CleanTalk. Click to decode. To finish the decoding make sure that JavaScript is enabled in your browser.\">Courrier \u00e9lectronique<\/a><br \/>\n<a href=\"https:\/\/be.prosenectute.ch\/de\" target=\"_blank\" rel=\"noopener\">Site web<\/a><\/p>\n<h3>Heures de t\u00e9l\u00e9phone<\/h3>\n<p><strong>lundi &#8211; jeudi<\/strong><br \/>\n08.00 &#8211; 12.00 heures \/ 14.00 &#8211; 17.00 heures<\/p>\n<p><strong>vendredi<\/strong><br \/>\n08.00 &#8211; 12.00 heures \/ 14.00 &#8211; 16.00 heures<\/p>\n<h3>Heures de bureau (rendez-vous pour consultation sur demande)<\/h3>\n<p><strong>lundi &#8211; vendredi<\/strong><br \/>\n09.00 &#8211; 12.00 heures<\/p>\n<h2>Service de transport Croix-Rouge<\/h2>\n<p><a href=\"https:\/\/www.lengnau.ch\/fr\/themes\/verkehr-und-mobilitaet\/rotkreuz-fahrdienst\/\">Vous trouverez ici de plus amples informations<\/a><\/p>\n<h2>En savoir plus sur le sujet<\/h2>\n<p><a href=\"https:\/\/www.spitex-biel-regio.ch\/\" target=\"_blank\" rel=\"noopener\">SPITEX Biel-Bienne Regio SA<\/a><br \/>\n<a href=\"https:\/\/be.prosenectute.ch\/de\/ueber-uns\/standorte\" target=\"_blank\" rel=\"noopener\">Pro Senectute Biel-Bienne\/Seeland &#8211; Bureau de consultation Lyss<\/a><br \/>\n<a href=\"https:\/\/www.srk-bern.ch\/de\" target=\"_blank\" rel=\"noopener\">Croix-Rouge suisse du canton de Berne &#8211; R\u00e9gion Seeland<\/a><br \/>\n<a href=\"https:\/\/www.lengnau.ch\/wp-content\/uploads\/2022\/08\/Einkaufsdienst_Flyer_SRK_Seeland.pdf\" target=\"_blank\" rel=\"noopener\">D\u00e9pliant Service d&rsquo;achat CRS Seeland<\/a><br \/>\n<a href=\"https:\/\/www.srk-bern.ch\/de\/unterstuetzung-im-alltag\/im-alter\/rotkreuz-fahrdienst\" target=\"_blank\" rel=\"noopener\">Service de transport Croix-Rouge<\/a><br \/>\n<a href=\"http:\/\/fbk-svam.ch\/\" target=\"_blank\" rel=\"noopener\">Service volontaire d&rsquo;accompagnement des malades<\/a><br \/>\n<a href=\"https:\/\/www.entlastungsdienst.ch\/bern\" target=\"_blank\" rel=\"noopener\">Service de rel\u00e8ve Suisse &#8211; Canton de Berne<\/a><br \/>\n<a href=\"https:\/\/www.big.sid.be.ch\/de\/start\/haeusliche-gewalt\/betreuende-angehoerige.html\" target=\"_blank\" rel=\"noopener\">Centre d&rsquo;intervention bernois contre la violence domestique &#8211; Prise en charge et soins des proches<\/a><br \/>\n<a href=\"https:\/\/www.lengnau.ch\/wp-content\/uploads\/2025\/05\/Faltblatt_Betreuung_Angehoerige_DE.pdf\" target=\"_blank\" rel=\"noopener\">D\u00e9pliant \u00ab\u00a0S&rsquo;occuper d&rsquo;un proche\u00a0\u00bb &#8211; Respecter les limites, accepter l&rsquo;aide, \u00e9viter les agressions<\/a><\/p>\n","protected":false},"excerpt":{"rendered":"<p>Agence AVS Pour toute question relative aux assurances sociales (rente AVS, prestation compl\u00e9mentaire, allocation pour impotent, etc.), veuillez vous adresser \u00e0 l&rsquo;agence AVS de Lengnau-Pieterlen. Contact Agence AVS de Lengnau-Pieterlen Dorfplatz 1 2543 Lengnau BE T\u00e9l\u00e9phone 032 654 71 02 Courrier \u00e9lectronique malreden &#8211; le service de conversation pour les personnes \u00e2g\u00e9es Pouvoir parler simplement [&hellip;]<\/p>\n","protected":false},"author":1,"featured_media":0,"parent":3138,"menu_order":6,"comment_status":"closed","ping_status":"closed","template":"","meta":{"_acf_changed":false,"_relevanssi_hide_post":"","_relevanssi_hide_content":"","_relevanssi_pin_for_all":"","_relevanssi_pin_keywords":"","_relevanssi_unpin_keywords":"","_relevanssi_related_keywords":"","_relevanssi_related_include_ids":"","_relevanssi_related_exclude_ids":"","_relevanssi_related_no_append":"","_relevanssi_related_not_related":"","_relevanssi_related_posts":"","_relevanssi_noindex_reason":"","footnotes":""},"class_list":["post-3146","page","type-page","status-publish","hentry"],"acf":[],"yoast_head":"<!-- This site is optimized with the Yoast SEO plugin v27.4 - https:\/\/yoast.com\/product\/yoast-seo-wordpress\/ -->\n<title>Offres et soutien - Gemeinde Lengnau<\/title>\n<meta name=\"robots\" content=\"index, follow, max-snippet:-1, max-image-preview:large, max-video-preview:-1\" \/>\n<link rel=\"canonical\" href=\"https:\/\/www.lengnau.ch\/fr\/themes\/alter-60\/angebote-unterstuetzung\/\" \/>\n<meta property=\"og:locale\" content=\"fr_FR\" \/>\n<meta property=\"og:type\" content=\"article\" \/>\n<meta property=\"og:title\" content=\"Offres et soutien - Gemeinde Lengnau\" \/>\n<meta property=\"og:description\" content=\"Agence AVS Pour toute question relative aux assurances sociales (rente AVS, prestation compl\u00e9mentaire, allocation pour impotent, etc.), veuillez vous adresser \u00e0 l&rsquo;agence AVS de Lengnau-Pieterlen. Contact Agence AVS de Lengnau-Pieterlen Dorfplatz 1 2543 Lengnau BE T\u00e9l\u00e9phone 032 654 71 02 Courrier \u00e9lectronique malreden &#8211; le service de conversation pour les personnes \u00e2g\u00e9es Pouvoir parler simplement [&hellip;]\" \/>\n<meta property=\"og:url\" content=\"https:\/\/www.lengnau.ch\/fr\/themes\/alter-60\/angebote-unterstuetzung\/\" \/>\n<meta property=\"og:site_name\" content=\"Gemeinde Lengnau\" \/>\n<meta property=\"article:modified_time\" content=\"2025-09-16T09:19:29+00:00\" \/>\n<meta name=\"twitter:card\" content=\"summary_large_image\" \/>\n<script type=\"application\/ld+json\" class=\"yoast-schema-graph\">{\"@context\":\"https:\\\/\\\/schema.org\",\"@graph\":[{\"@type\":\"WebPage\",\"@id\":\"https:\\\/\\\/www.lengnau.ch\\\/fr\\\/themes\\\/alter-60\\\/angebote-unterstuetzung\\\/\",\"url\":\"https:\\\/\\\/www.lengnau.ch\\\/fr\\\/themes\\\/alter-60\\\/angebote-unterstuetzung\\\/\",\"name\":\"Offres et soutien - Gemeinde Lengnau\",\"isPartOf\":{\"@id\":\"https:\\\/\\\/www.lengnau.ch\\\/#website\"},\"datePublished\":\"2022-02-16T14:35:36+00:00\",\"dateModified\":\"2025-09-16T09:19:29+00:00\",\"breadcrumb\":{\"@id\":\"https:\\\/\\\/www.lengnau.ch\\\/fr\\\/themes\\\/alter-60\\\/angebote-unterstuetzung\\\/#breadcrumb\"},\"inLanguage\":\"fr-FR\",\"potentialAction\":[{\"@type\":\"ReadAction\",\"target\":[\"https:\\\/\\\/www.lengnau.ch\\\/fr\\\/themes\\\/alter-60\\\/angebote-unterstuetzung\\\/\"]}]},{\"@type\":\"BreadcrumbList\",\"@id\":\"https:\\\/\\\/www.lengnau.ch\\\/fr\\\/themes\\\/alter-60\\\/angebote-unterstuetzung\\\/#breadcrumb\",\"itemListElement\":[{\"@type\":\"ListItem\",\"position\":1,\"name\":\"Home\",\"item\":\"https:\\\/\\\/www.lengnau.ch\\\/fr\\\/\"},{\"@type\":\"ListItem\",\"position\":2,\"name\":\"Th\u00e8mes\",\"item\":\"https:\\\/\\\/www.lengnau.ch\\\/fr\\\/themes\\\/\"},{\"@type\":\"ListItem\",\"position\":3,\"name\":\"\u00c2ge 60+\",\"item\":\"https:\\\/\\\/www.lengnau.ch\\\/fr\\\/themes\\\/alter-60\\\/\"},{\"@type\":\"ListItem\",\"position\":4,\"name\":\"Offres et soutien\"}]},{\"@type\":\"WebSite\",\"@id\":\"https:\\\/\\\/www.lengnau.ch\\\/#website\",\"url\":\"https:\\\/\\\/www.lengnau.ch\\\/\",\"name\":\"Gemeinde Lengnau\",\"description\":\"\",\"potentialAction\":[{\"@type\":\"SearchAction\",\"target\":{\"@type\":\"EntryPoint\",\"urlTemplate\":\"https:\\\/\\\/www.lengnau.ch\\\/?s={search_term_string}\"},\"query-input\":{\"@type\":\"PropertyValueSpecification\",\"valueRequired\":true,\"valueName\":\"search_term_string\"}}],\"inLanguage\":\"fr-FR\"}]}<\/script>\n<!-- \/ Yoast SEO plugin. -->","yoast_head_json":{"title":"Offres et soutien - Gemeinde Lengnau","robots":{"index":"index","follow":"follow","max-snippet":"max-snippet:-1","max-image-preview":"max-image-preview:large","max-video-preview":"max-video-preview:-1"},"canonical":"https:\/\/www.lengnau.ch\/fr\/themes\/alter-60\/angebote-unterstuetzung\/","og_locale":"fr_FR","og_type":"article","og_title":"Offres et soutien - Gemeinde Lengnau","og_description":"Agence AVS Pour toute question relative aux assurances sociales (rente AVS, prestation compl\u00e9mentaire, allocation pour impotent, etc.), veuillez vous adresser \u00e0 l&rsquo;agence AVS de Lengnau-Pieterlen. Contact Agence AVS de Lengnau-Pieterlen Dorfplatz 1 2543 Lengnau BE T\u00e9l\u00e9phone 032 654 71 02 Courrier \u00e9lectronique malreden &#8211; le service de conversation pour les personnes \u00e2g\u00e9es Pouvoir parler simplement [&hellip;]","og_url":"https:\/\/www.lengnau.ch\/fr\/themes\/alter-60\/angebote-unterstuetzung\/","og_site_name":"Gemeinde Lengnau","article_modified_time":"2025-09-16T09:19:29+00:00","twitter_card":"summary_large_image","schema":{"@context":"https:\/\/schema.org","@graph":[{"@type":"WebPage","@id":"https:\/\/www.lengnau.ch\/fr\/themes\/alter-60\/angebote-unterstuetzung\/","url":"https:\/\/www.lengnau.ch\/fr\/themes\/alter-60\/angebote-unterstuetzung\/","name":"Offres et soutien - Gemeinde Lengnau","isPartOf":{"@id":"https:\/\/www.lengnau.ch\/#website"},"datePublished":"2022-02-16T14:35:36+00:00","dateModified":"2025-09-16T09:19:29+00:00","breadcrumb":{"@id":"https:\/\/www.lengnau.ch\/fr\/themes\/alter-60\/angebote-unterstuetzung\/#breadcrumb"},"inLanguage":"fr-FR","potentialAction":[{"@type":"ReadAction","target":["https:\/\/www.lengnau.ch\/fr\/themes\/alter-60\/angebote-unterstuetzung\/"]}]},{"@type":"BreadcrumbList","@id":"https:\/\/www.lengnau.ch\/fr\/themes\/alter-60\/angebote-unterstuetzung\/#breadcrumb","itemListElement":[{"@type":"ListItem","position":1,"name":"Home","item":"https:\/\/www.lengnau.ch\/fr\/"},{"@type":"ListItem","position":2,"name":"Th\u00e8mes","item":"https:\/\/www.lengnau.ch\/fr\/themes\/"},{"@type":"ListItem","position":3,"name":"\u00c2ge 60+","item":"https:\/\/www.lengnau.ch\/fr\/themes\/alter-60\/"},{"@type":"ListItem","position":4,"name":"Offres et soutien"}]},{"@type":"WebSite","@id":"https:\/\/www.lengnau.ch\/#website","url":"https:\/\/www.lengnau.ch\/","name":"Gemeinde Lengnau","description":"","potentialAction":[{"@type":"SearchAction","target":{"@type":"EntryPoint","urlTemplate":"https:\/\/www.lengnau.ch\/?s={search_term_string}"},"query-input":{"@type":"PropertyValueSpecification","valueRequired":true,"valueName":"search_term_string"}}],"inLanguage":"fr-FR"}]}},"publishpress_future_action":{"enabled":false,"date":"2026-05-06 10:28:07","action":"change-status","newStatus":"draft","terms":[],"taxonomy":"translation_priority","extraData":[]},"publishpress_future_workflow_manual_trigger":{"enabledWorkflows":[]},"_links":{"self":[{"href":"https:\/\/www.lengnau.ch\/fr\/wp-json\/wp\/v2\/pages\/3146","targetHints":{"allow":["GET"]}}],"collection":[{"href":"https:\/\/www.lengnau.ch\/fr\/wp-json\/wp\/v2\/pages"}],"about":[{"href":"https:\/\/www.lengnau.ch\/fr\/wp-json\/wp\/v2\/types\/page"}],"author":[{"embeddable":true,"href":"https:\/\/www.lengnau.ch\/fr\/wp-json\/wp\/v2\/users\/1"}],"replies":[{"embeddable":true,"href":"https:\/\/www.lengnau.ch\/fr\/wp-json\/wp\/v2\/comments?post=3146"}],"version-history":[{"count":10,"href":"https:\/\/www.lengnau.ch\/fr\/wp-json\/wp\/v2\/pages\/3146\/revisions"}],"predecessor-version":[{"id":17785,"href":"https:\/\/www.lengnau.ch\/fr\/wp-json\/wp\/v2\/pages\/3146\/revisions\/17785"}],"up":[{"embeddable":true,"href":"https:\/\/www.lengnau.ch\/fr\/wp-json\/wp\/v2\/pages\/3138"}],"wp:attachment":[{"href":"https:\/\/www.lengnau.ch\/fr\/wp-json\/wp\/v2\/media?parent=3146"}],"curies":[{"name":"wp","href":"https:\/\/api.w.org\/{rel}","templated":true}]}}