{"id":3120,"date":"2022-02-16T18:36:17","date_gmt":"2022-02-16T17:36:17","guid":{"rendered":"https:\/\/lengnau.rettenmund.com\/verwaltung-politik\/gemeindeverwaltung\/adressverzeichnis\/"},"modified":"2026-03-25T09:21:51","modified_gmt":"2026-03-25T08:21:51","slug":"adressverzeichnis","status":"publish","type":"page","link":"https:\/\/www.lengnau.ch\/fr\/verwaltung-politik-2\/gemeindeverwaltung\/adressverzeichnis\/","title":{"rendered":"R\u00e9pertoire d&rsquo;adresses"},"content":{"rendered":"<h2>\u00c9coles \/ Garde d&rsquo;enfants<\/h2>\n<h3>\u00c9cole de Lengnau<\/h3>\n<p>\u00c9cole de Lengnau<br \/>\nDirection de l&rsquo;\u00e9cole \/ Administration de l&rsquo;\u00e9cole<br \/>\nSchulweg 6<br \/>\n2543 Lengnau BE<\/p>\n<p>T\u00e9l\u00e9phone 032 654 71 06<br \/>\n<a href=\"https:\/\/www.schule-lengnau.ch\/\">Site web<\/a><\/p>\n<p><strong>Heures d&rsquo;ouverture de l&rsquo;administration scolaire<br \/>\n<\/strong>Lundi, mardi, jeudi et vendredi<br \/>\n09h00 &#8211; 11h30<\/p>\n<p>Ferm\u00e9 le mercredi<\/p>\n<h3>Travail social en milieu scolaire<\/h3>\n<p>Travail social en milieu scolaire<strong><br \/>\n<\/strong>Andrea Balmer \/ Chris Ritter<br \/>\nChemin de l&rsquo;\u00e9cole 6 \/ 1er \u00e9tage<br \/>\n2543 Lengnau BE<\/p>\n<p>T\u00e9l\u00e9phone 032 652 08 12<br \/>\n<a href=\"https:\/\/www.schule-lengnau.ch\/schulsozialarbeit\/\" target=\"_blank\" rel=\"noopener\">Site web<\/a><\/p>\n<p><strong>Heures d&rsquo;ouverture du service social scolaire<br \/>\n<\/strong>Du lundi au vendredi<br \/>\n08h15 &#8211; 12h15 \/ 13h30 &#8211; 17h15<\/p>\n<p>Ferm\u00e9 le mercredi apr\u00e8s-midi<\/p>\n<h3>Jardins d&rsquo;enfants<\/h3>\n<p><strong>Jardin d&rsquo;enfants Vert<\/strong><br \/>\nRue de l&rsquo;Usine 19<br \/>\n2543 Lengnau BE<br \/>\nT\u00e9l\u00e9phone 032 654 71 74<\/p>\n<p><strong>Jardin d&rsquo;enfants jaune<\/strong><br \/>\nRue de l&rsquo;Usine 21<br \/>\n2543 Lengnau BE<br \/>\nT\u00e9l\u00e9phone 032 654 71 72<\/p>\n<p><strong>Jardin d&rsquo;enfants bleu <\/strong><br \/>\nRue de la Fabrique 23<br \/>\n2543 Lengnau BE<br \/>\nT\u00e9l\u00e9phone 032 654 71 71<\/p>\n<p><strong>Jardin d&rsquo;enfants rouge <\/strong><br \/>\n25, rue de l&rsquo;Usine<br \/>\n2543 Lengnau BE<br \/>\nT\u00e9l\u00e9phone 032 654 71 73<\/p>\n<p><strong>Jardin d&rsquo;enfants Magenta<\/strong><br \/>\n18, rue de B\u00fcren<br \/>\n2543 Lengnau BE<br \/>\nT\u00e9l\u00e9phone 032 652 64 60<\/p>\n<p><strong>Jardin d&rsquo;enfants Violet<\/strong><br \/>\n7, chemin du Moulin<br \/>\n2543 Lengnau BE<br \/>\nT\u00e9l\u00e9phone 032 652 56 49<\/p>\n<h3>\u00c9tablissements scolaires Campus Dorf<\/h3>\n<p><strong>\u00c9cole Campus Sud<\/strong><br \/>\n<strong>Primaire 1. &#8211; 2\u00e8me classe<\/strong><br \/>\n6, rue K\u00fcpf<br \/>\n2543 Lengnau BE<br \/>\nT\u00e9l\u00e9phone 032 652 30 25 (salle des professeurs)<\/p>\n<p><strong>\u00c9cole Campus Nord<\/strong><br \/>\n<strong>Primaire 3. &#8211; 4\u00e8me classe<\/strong><br \/>\nChemin de l&rsquo;\u00e9cole 5<br \/>\n2543 Lengnau BE<br \/>\nT\u00e9l\u00e9phone 032 652 35 92 (salle des professeurs)<\/p>\n<p><strong>\u00c9cole Campus Ouest<\/strong><br \/>\n<strong>Enseignement secondaire et sup\u00e9rieur 7. &#8211; 8e ann\u00e9e<\/strong><br \/>\nSchulweg 6<br \/>\n2543 Lengnau BE<br \/>\nT\u00e9l\u00e9phone <em>en attente<\/em> (salle des professeurs)<\/p>\n<p><strong>\u00c9cole Campus Nord-Ouest<\/strong><br \/>\n<strong>Niveau secondaire 9e ann\u00e9e<\/strong><br \/>\nChemin de l&rsquo;\u00e9cole 3<br \/>\n2543 Lengnau BE<br \/>\nT\u00e9l\u00e9phone 032 652 35 91 (salle des professeurs)<\/p>\n<p><strong>Container Campus Village<\/strong><br \/>\n<strong>Psychomotricit\u00e9 \/ Logop\u00e9die<\/strong><br \/>\nSchulweg 5 (conteneur sur la cour de r\u00e9cr\u00e9ation)<br \/>\n2543 Lengnau BE<br \/>\nT\u00e9l\u00e9phone 032 652 74 75 (salle des professeurs)<\/p>\n<h3>\u00c9cole Kleinfeld<\/h3>\n<p><strong>\u00c9cole Kleinfeld<\/strong><br \/>\n<strong>Niveau interm\u00e9diaire 5. &#8211; 6e ann\u00e9e<\/strong><br \/>\nSimon Gfellerweg 5<br \/>\n2543 Lengnau BE<br \/>\nT\u00e9l\u00e9phone 032 652 22 12 (salle des professeurs)<\/p>\n<p><strong>\u00c9cole Kleinfeld<\/strong><br \/>\n<strong>Piscine couverte<\/strong><br \/>\nSimon Gfellerweg 5<br \/>\n2543 Lengnau BE<br \/>\nT\u00e9l\u00e9phone 032 653 72 66<\/p>\n<p><strong>\u00c9cole Kleinfeld<\/strong><br \/>\n<strong>Gymnase<\/strong><br \/>\nSimon Gfellerweg 5<br \/>\n2543 Lengnau BE<br \/>\nT\u00e9l\u00e9phone 032 653 72 67<\/p>\n<h3>\u00c9cole de jour<\/h3>\n<p>\u00c9cole \u00e0 journ\u00e9e continue Lengnau<br \/>\n10A, rue K\u00fcpf<br \/>\n2543 Lengnau BE<\/p>\n<p>T\u00e9l\u00e9phone 032 654 71 75 (CE)<br \/>\nT\u00e9l\u00e9phone 032 654 71 76 (OG)<br \/>\n<a href=\"https:\/\/www.schule-lengnau.ch\/betreuung\/\" target=\"_blank\" rel=\"noopener\">Site web<\/a><\/p>\n<p><strong>Heures d&rsquo;ouverture de l&rsquo;\u00e9cole de jour<br \/>\n<\/strong>Du lundi au vendredi<br \/>\n07.00 &#8211; 08.00 heures \/ 11.35 &#8211; 18.00 heures<\/p>\n<h3>Animation de jeunesse<\/h3>\n<p>OKJA Lengnau<br \/>\nChris Ritter, chef de poste<br \/>\nDans le vieux moulin<br \/>\nM\u00fchleweg 12<br \/>\n2543 Lengnau BE<\/p>\n<p>T\u00e9l\u00e9phone 078 303 72 36<br \/>\n<a href=\"mailto:in*******@*****au.ch\" data-original-string=\"KjnFfJwhRpmZziUuD1y5aQ==a0eQMD3d53brY4etg\/817xgOJtEd5firHi6VVnKDCokSGI=\" title=\"This contact has been encoded by Anti-Spam by CleanTalk. Click to decode. To finish the decoding make sure that JavaScript is enabled in your browser.\" target=\"_blank\" rel=\"noopener\">Courrier \u00e9lectronique<\/a><br \/>\n<a href=\"https:\/\/www.lengnau.ch\/fr\/themes\/familien\/animation-de-jeunesse\/\" target=\"_blank\" rel=\"noopener\">Site web<\/a><br \/>\nInstagram : okja_lengnau<\/p>\n<p><strong>Heures de contact<\/strong><br \/>\nTous les lundis entre 14h00 et 17h00 (t\u00e9l\u00e9phone ou e-mail)<br \/>\nou pendant les offres directement sur place<\/p>\n<h3>Cr\u00e8che<\/h3>\n<p>KITA Balu<br \/>\nChemin des Peupliers 7<br \/>\n2543 Lengnau BE<\/p>\n<p>T\u00e9l\u00e9phone 032 652 91 54<br \/>\n<a href=\"https:\/\/www.lengnau.ch\/fr\/themes\/familien\/kinderbetreuung\/\" target=\"_blank\" rel=\"noopener\">Site web<\/a><\/p>\n<h2>Services et officiels cantonaux<\/h2>\n<h3>Administration fiscale<\/h3>\n<p>Intendance des imp\u00f4ts du canton de Berne<br \/>\nR\u00e9gion Jura bernois-Seeland<br \/>\nTaxation et recouvrement<br \/>\nPlace de la gare 10<br \/>\n2501 Biel\/Bienne<\/p>\n<p>T\u00e9l\u00e9phone 031 633 60 01<br \/>\n<a href=\"mailto:sl***@**.ch\" data-original-string=\"HF450bXGJ6ptGqc8N\/KQOA==a0ePfUlGZmk7B6tVmBtvJ7kYw==\" title=\"This contact has been encoded by Anti-Spam by CleanTalk. Click to decode. To finish the decoding make sure that JavaScript is enabled in your browser.\">Courrier \u00e9lectronique<\/a><br \/>\n<a href=\"https:\/\/www.sv.fin.be.ch\/de\/start\/ueber-uns\/adressen-regionen-staedte.html\" target=\"_blank\" rel=\"noopener\">Site web<\/a><\/p>\n<h3>Office des poursuites<\/h3>\n<p>Office des poursuites du Seeland<br \/>\nService Biel\/Bienne<br \/>\nRue du Contr\u00f4le 20<br \/>\n2501 Biel\/Bienne<\/p>\n<p>T\u00e9l\u00e9phone 031 635 95 00<br \/>\n<a href=\"https:\/\/www.baka.dij.be.ch\/de\/start\/ueber-uns\/Standort\/BA_Biel.html\" target=\"_blank\" rel=\"noopener\">Site web<\/a><\/p>\n<h3>Office des faillites<\/h3>\n<p>Office des faillites du Seeland<br \/>\nService Seeland<br \/>\nRue du Contr\u00f4le 20<br \/>\n2501 Biel\/Bienne<\/p>\n<p>T\u00e9l\u00e9phone 031 635 95 50<br \/>\n<a href=\"https:\/\/www.baka.dij.be.ch\/de\/start\/ueber-uns\/Standort\/BA_Biel.html\" target=\"_blank\" rel=\"noopener\">Site web<\/a><\/p>\n<h3>Collaborateur du service ext\u00e9rieur de l&rsquo;Office des poursuites et des faillites<\/h3>\n<p>Monsieur Kunz, Office des poursuites du Seeland<br \/>\nService Biel\/Bienne, bureau n\u00b0 3<\/p>\n<p>T\u00e9l\u00e9phone 031 636 23 47 \/ 079 206 11 06<br \/>\n<a href=\"mailto:cl**********@**.ch\" data-original-string=\"URakrXyLQRE5gZRRTd2IbA==a0e2Gl5UmK9zTns0nImsA2uNgZBXydF9aAApwNdqeuW\/HM=\" title=\"This contact has been encoded by Anti-Spam by CleanTalk. Click to decode. To finish the decoding make sure that JavaScript is enabled in your browser.\">Courrier \u00e9lectronique<\/a><\/p>\n<h3>Police cantonale bernoise \/ Poste de police de Lengnau BE<\/h3>\n<p>Police cantonale bernoise<br \/>\nPoste de police de Lengnau BE<br \/>\nRue de Soleure 12<br \/>\n2543 Lengnau BE<\/p>\n<p>T\u00e9l\u00e9phone 031 638 88 20<br \/>\n<a title=\"Police cantonale bernoise\" href=\"https:\/\/www.police.be.ch\/de\/start.html\" target=\"_blank\" rel=\"noopener\">www.police.be.ch<\/a><\/p>\n<p><strong>Heures d&rsquo;ouverture du poste de police de Lengnau BE<\/strong><br \/>\nmardi de 14h00 \u00e0 17h00<\/p>\n<p>M\u00eame en dehors des heures d&rsquo;ouverture ou en cas d&rsquo;urgence, il est possible de contacter la police \u00e0 tout moment en composant le 117.<\/p>\n<h3>Bureau de l&rsquo;\u00e9tat civil<\/h3>\n<p>Office de l&rsquo;\u00e9tat civil du Seeland<br \/>\nVilla Rockhall III<br \/>\nSeevorstadt 105<br \/>\n2502 Biel\/Bienne<\/p>\n<p>T\u00e9l\u00e9phone 031 635 43 70<br \/>\n<a href=\"https:\/\/www.zivilstand.sid.be.ch\/de\/start\/zivilstandsaemter\/zasl.html\" target=\"_blank\" rel=\"noopener\">Site web<\/a><\/p>\n<h3>Bureau du registre foncier<\/h3>\n<p>Registre foncier du Seeland<br \/>\nCh\u00e2teau<br \/>\n6, rue principale<br \/>\n2560 Nidau<\/p>\n<p>T\u00e9l\u00e9phone 031 635 25 50<br \/>\n<a href=\"https:\/\/www.gba.dij.be.ch\/de\/start\/ueber-uns\/standorte-grundbuchaemter\/grundbuchamt-seeland.html\">Site web<\/a><\/p>\n<h3>Pr\u00e9fecture<\/h3>\n<p>Regierungsstatthalteramt Biel\/Bienne<br \/>\nCh\u00e2teau<br \/>\n6, rue principale<br \/>\n2560 Nidau<\/p>\n<p>T\u00e9l\u00e9phone 031 635 25 00<br \/>\n<a href=\"https:\/\/www.rsta.dij.be.ch\/de\/start\/ueber-uns\/regierungsstatthalteraemter\/biel-bienne.html\" target=\"_blank\" rel=\"noopener\">Site web<\/a><\/p>\n<h3>Garde-chasse<\/h3>\n<p>Olivier L\u00e9chot, garde-chasse responsable de Lengnau BE<\/p>\n<p>T\u00e9l\u00e9phone 0800 940 100<br \/>\nchaque fois apr\u00e8s le d\u00e9but du texte d&rsquo;annonce Num\u00e9rotation directe : 1 1 3 1<br \/>\n<a href=\"https:\/\/www.weu.be.ch\/de\/start\/themen\/jagd-fischerei\/jagd-wildtiere\/wildhueter-finden.html\" target=\"_blank\" rel=\"noopener\">Site web<\/a><\/p>\n<p><em>Les gardes-chasse sont disponibles de 07h00 \u00e0 19h00. Entre 19h00 et 07h00, la police r\u00e9pond \u00e0 votre appel (t\u00e9l\u00e9phone 117).<\/em><\/p>\n<h3>Autorit\u00e9 de protection de l&rsquo;enfant et de l&rsquo;adulte<\/h3>\n<p>Autorit\u00e9 de protection de l&rsquo;enfant et de l&rsquo;adulte Biel\/Bienne (KESB)<br \/>\nChemin d&rsquo;angle 8D<br \/>\nBo\u00eete postale 704<br \/>\n2501 Biel\/Bienne<\/p>\n<p>T\u00e9l\u00e9phone 031 635 21 50<br \/>\n<a href=\"https:\/\/www.kesb.dij.be.ch\/de\/start\/ueber-uns\/ueber-die-kesb\/kesb-biel-bienne.html\" target=\"_blank\" rel=\"noopener\">Site web<\/a><\/p>\n<h3>Kreisgeometer<\/h3>\n<p>RSW AG<br \/>\nArpentage et g\u00e9oinformation<br \/>\n35, rue des Roses<br \/>\n3250 Lyss<\/p>\n<p>T\u00e9l\u00e9phone 032 387 79 30<br \/>\n<a href=\"https:\/\/rswag.ch\/\" target=\"_blank\" rel=\"noopener\">Site web<\/a><\/p>\n<h3>Office de l&rsquo;assurance ch\u00f4mage<\/h3>\n<p>OAC Office de l\u2019assurance-ch\u00f4mage<br \/>\nCentre de service client<br \/>\nRue centrale 63<br \/>\n2501 Biel\/Bienne<\/p>\n<p>T\u00e9l\u00e9phone 031 636 70 00<br \/>\n<a href=\"https:\/\/www.weu.be.ch\/de\/start\/ueber-uns\/die-organisation\/amt-fuer-arbeitslosenversicherung\/kontaktformular-ava.html\" target=\"_blank\" rel=\"noopener\">Formulaire de contact AVA<\/a><br \/>\n<a href=\"https:\/\/www.weu.be.ch\/de\/start\/themen\/wirtschaft-und-arbeit\/arbeitslosigkeit.html\" target=\"_blank\" rel=\"noopener\">Site web<\/a><\/p>\n<h3>Autorit\u00e9 de conciliation<\/h3>\n<p>Autorit\u00e9 r\u00e9gionale de conciliation du Jura bernois-Seeland<br \/>\nService Biel\/Bienne<br \/>\n8, rue de la Nouvelle<br \/>\nBo\u00eete postale<br \/>\n2501 Biel\/Bienne<\/p>\n<p>T\u00e9l\u00e9phone 031 636 39 50<br \/>\n<a href=\"https:\/\/www.zsg.justice.be.ch\/de\/start\/ueber-uns\/schlichtungsbehoerden\/berner-jura-seeland.html\" target=\"_blank\" rel=\"noopener\">Site web<\/a><\/p>\n<p><strong>Conseils en mati\u00e8re de droit du bail<\/strong><br \/>\nT\u00e9l\u00e9phone 031 636 39 60<\/p>\n<p><strong>Conseils en mati\u00e8re de droit du travail<\/strong><br \/>\nT\u00e9l\u00e9phone 031 636 39 70<\/p>\n<h3>Tribunal r\u00e9gional<\/h3>\n<p>Tribunal r\u00e9gional Jura bernois-Seeland<br \/>\nDivision p\u00e9nale<br \/>\nMaison de l&rsquo;Office de Bienne<br \/>\nRue de l&rsquo;H\u00f4pital 14<br \/>\n2502 Biel\/Bienne<\/p>\n<p>T\u00e9l\u00e9phone 031 636 36 20<br \/>\n<a href=\"https:\/\/www.zsg.justice.be.ch\/de\/start\/ueber-uns\/regionalgerichte\/berner-jura-seeland.html\" target=\"_blank\" rel=\"noopener\">Site web<\/a><\/p>\n<h3>Bureau du registre du commerce<\/h3>\n<p>Office du registre du commerce du canton de Berne<br \/>\n25, rue de la Poste<br \/>\n3071 Ostermundigen<\/p>\n<p>T\u00e9l\u00e9phone 031 633 43 60<br \/>\n<a href=\"https:\/\/www.hra.dij.be.ch\/de\/start.html\" target=\"_blank\" rel=\"noopener\">Site web<\/a><\/p>\n<h2>Institutions<\/h2>\n<h3>M\u00e9decins<\/h3>\n<p><strong>Cabinet m\u00e9dical \u00e0 la Brunnenplatz<br \/>\n<\/strong>Cabinet m\u00e9dical Lengnau AG<br \/>\nBrunnenplatz 3<br \/>\n2543 Lengnau BE<\/p>\n<p>T\u00e9l\u00e9phone 032 652 28 28<br \/>\n<a href=\"https:\/\/www.praxis-brunnenplatz.ch\/\">Site web<\/a><br \/>\n<em>(Le Dr Val\u00e9rie Duchoud est \u00e9galement le m\u00e9decin de l&rsquo;\u00e9cole)<\/em><\/p>\n<p><strong>Dr. med. Edith F\u00e4h<br \/>\n<\/strong>Solothurnstrasse 10<br \/>\n2543 Lengnau BE<\/p>\n<p>T\u00e9l\u00e9phone 032 652 03 53<\/p>\n<h3>Maison de retraite<\/h3>\n<p>Maison de retraite et de soins S\u00e4gematt<br \/>\nBahnhofstrasse 12<br \/>\n2543 Lengnau BE<\/p>\n<p>T\u00e9l\u00e9phone 032 654 14 14<br \/>\n<a href=\"https:\/\/www.saegematt.ch\/\" target=\"_blank\" rel=\"noopener\">Site web<\/a><\/p>\n<h3>Centre de pu\u00e9riculture<\/h3>\n<p>Centre de pu\u00e9riculture du canton de Berne \/ Team Bienne<br \/>\nLieu de consultation Centre de l&rsquo;\u00e9glise catholique<br \/>\nEmil Schiblistrasse 3<br \/>\n2543 Lengnau BE<\/p>\n<p><strong>Dates et heures de consultation<br \/>\n<\/strong><a href=\"https:\/\/www.mvb-be.ch\/de\" target=\"_blank\" rel=\"noopener\">Site web<\/a><br \/>\n(heures de consultation avec \/ sans inscription)<\/p>\n<p><strong>Pu\u00e9ricultrice<\/strong><br \/>\nS\u00e9verine M\u00f6ri<br \/>\nConseill\u00e8re petite enfance<br \/>\nCentre de pu\u00e9riculture du canton de Berne<br \/>\nT\u00e9l\u00e9phone 079 257 35 63<br \/>\n<a href=\"mailto:se************@****be.ch\" data-original-string=\"mPkEFmbQ0jTLMqIsKKDn1w==a0ehX7LhEYyREIMzhLGAiQf17JtWBhkRUb+gmLFun6l9wk=\" title=\"This contact has been encoded by Anti-Spam by CleanTalk. Click to decode. To finish the decoding make sure that JavaScript is enabled in your browser.\" target=\"_blank\" rel=\"noopener\">Courrier \u00e9lectronique<\/a><\/p>\n<p><strong>Conseil t\u00e9l\u00e9phonique<br \/>\n<\/strong>T\u00e9l\u00e9phone 031 552 16 16<br \/>\ndu lundi au vendredi<br \/>\n08h00 &#8211; 19h00<\/p>\n<h3>Spitex, aide et soins \u00e0 domicile<\/h3>\n<p>Spitex Biel-Bienne Regio SA<br \/>\nSite de Pieterlen\/Lengnau<br \/>\nHauptstrasse 1<br \/>\n2542 Pieterlen<\/p>\n<p>T\u00e9l\u00e9phone 032 329 39 00<br \/>\n<a href=\"https:\/\/www.spitex-biel-regio.ch\/\" target=\"_blank\" rel=\"noopener\">Site web<\/a><\/p>\n<p><strong>Heures d&rsquo;ouverture du bureau<br \/>\n<\/strong>Du lundi au vendredi<br \/>\n08h00 &#8211; 11h00 \/ 14h00 &#8211; 16h00<\/p>\n<p><strong>Repas Service de transport<\/strong><br \/>\nLuginb\u00fchl&rsquo;s Event &amp; Catering GmbH<br \/>\n65, rue de la Schwadernau<br \/>\n2558 Aegerten<\/p>\n<p>T\u00e9l\u00e9phone 032 373 18 01<\/p>\n<h3>Service de transport Croix-Rouge<\/h3>\n<p>CRS canton de Berne<br \/>\nR\u00e9gion Seeland &#8211; Jura bernois<br \/>\nRue de Soleure 136<br \/>\n2504 Biel\/Bienne<\/p>\n<p>T\u00e9l\u00e9phone 032 341 80 80<br \/>\n<a href=\"https:\/\/www.srk-bern.ch\/de\/unterstuetzung-im-alltag\/im-alter\/rotkreuz-fahrdienst\" target=\"_blank\" rel=\"noopener\">Site web<\/a><\/p>\n<p>du lundi au vendredi<br \/>\n08.30 &#8211; 11.30 heures \/ 14.00 &#8211; 16.00 heures<\/p>\n<h3>Remise du mobilier de l&rsquo;h\u00f4pital<\/h3>\n<p><strong>Section de samaritains de Pieterlen<\/strong><\/p>\n<p>Brigitte Burri, gestion du mobilier m\u00e9dical<br \/>\nT\u00e9l\u00e9phone 032 377 11 52<\/p>\n<p>Walter Stucki, suppl\u00e9ant<br \/>\nT\u00e9l\u00e9phone 079 512 17 90<\/p>\n<h3>H\u00f4pitaux<\/h3>\n<p><strong>Spitalzentrum Biel<\/strong><br \/>\nVogelsang 84<br \/>\n2501 Biel\/Bienne<\/p>\n<p>T\u00e9l\u00e9phone 032 324 24 24<br \/>\n<a href=\"https:\/\/www.spitalzentrum-biel.ch\/\" target=\"_blank\" rel=\"noopener\">Site web<\/a><\/p>\n<p><strong>Clinique Hirslanden des Tilleuls<\/strong><br \/>\nCouloir des fleurs 105<br \/>\n2501 Biel\/Bienne<\/p>\n<p>T\u00e9l\u00e9phone 032 366 41 11<br \/>\n<a class=\"external\" href=\"https:\/\/www.hirslanden.ch\/de\/klinik-linde\/home.html\" target=\"_blank\" rel=\"noopener\">Site web<\/a><\/p>\n<p><strong>Clinique pour enfants Wildermeth<\/strong><br \/>\nVogelsang 84<br \/>\n2501 Biel\/Bienne<\/p>\n<p>T\u00e9l\u00e9phone 032 324 24 24<br \/>\n<a href=\"https:\/\/www.spitalzentrum-biel.ch\/medizinisches-angebot\/abteilungen\/kinderklinik-wildermeth\" target=\"_blank\" rel=\"noopener\">Site web<\/a><\/p>\n<p><strong>H\u00f4pital des citoyens de Soleure<\/strong><br \/>\n42, rue Sch\u00f6nfr\u00fcn<br \/>\n4500 Solothurn<\/p>\n<p>T\u00e9l\u00e9phone 032 627 31 21<br \/>\n<a href=\"https:\/\/www.solothurnerspitaeler.ch\/unsere-spitaeler\/buergerspital-solothurn\/\" target=\"_blank\" rel=\"noopener\">Site web<\/a><\/p>\n<h3>Dentistes<\/h3>\n<p><strong>MSc Dr. med. dent. Svetlana Grisa<\/strong><br \/>\nBeundenstrasse 3<br \/>\n2543 Lengnau BE<\/p>\n<p>T\u00e9l\u00e9phone 032 652 18 58<\/p>\n<p><strong>Dr. med. dent. Dusko Vulovic<\/strong><br \/>\nBeundenstrasse 1<br \/>\n2543 Lengnau BE<\/p>\n<p>T\u00e9l\u00e9phone 032 652 33 28<\/p>\n<h2>Commune bourgeoise de Lengnau<\/h2>\n<p><strong>Burgerverwaltung<\/strong><\/p>\n<p>Commune bourgeoise de Lengnau<br \/>\nMonika Gribi, directrice g\u00e9n\u00e9rale<br \/>\nOelestrasse 30<br \/>\n2543 Lengnau BE<\/p>\n<p>T\u00e9l\u00e9phone 032 652 58 50<br \/>\n<a href=\"mailto:ve********@****be.ch\" data-original-string=\"kC7oyaoHH3H9rZkI7eGf6g==a0eI9x9Rt5gYgmG2vjB61d9TNF3yvDbN05N1WcfGtfJIZo=\" title=\"This contact has been encoded by Anti-Spam by CleanTalk. Click to decode. To finish the decoding make sure that JavaScript is enabled in your browser.\">Courrier \u00e9lectronique<\/a><br \/>\n<a title=\"burgergemeinde-lengnau.ch\" href=\"http:\/\/burgergemeinde-lengnau.ch\/\" target=\"_blank\" rel=\"noopener\">Site web<\/a><\/p>\n<p><strong>Conseil de la bourgeoisie<\/strong><\/p>\n<p>Bettina Widmer-Renfer, pr\u00e9sidente de la commune bourgeoise et du conseil bourgeoisial<br \/>\nT\u00e9l\u00e9phone 079 407 73 57<br \/>\n<a href=\"mailto:pr********@****be.ch\" data-original-string=\"90Z6WPiSSvoZ0S5aLFNIFA==a0eqaCvnCiq2UAPwAeeognIf4\/23bsCKd0GfDw4VsJTuzU=\" title=\"This contact has been encoded by Anti-Spam by CleanTalk. Click to decode. To finish the decoding make sure that JavaScript is enabled in your browser.\">Courrier \u00e9lectronique<\/a><\/p>\n<p><strong>Administration des for\u00eats<\/strong><\/p>\n<p>Andrea Spahr, administratrice des for\u00eats<br \/>\n<a href=\"mailto:fo***@****be.ch\" data-original-string=\"SD8Ki0ZYmPq7zVUBtbLlBQ==a0ejoPO0HmKFgEaYAqJ1MVaOg==\" title=\"This contact has been encoded by Anti-Spam by CleanTalk. Click to decode. To finish the decoding make sure that JavaScript is enabled in your browser.\">Courrier \u00e9lectronique<\/a><\/p>\n<p><strong>Location Maison foresti\u00e8re<\/strong><\/p>\n<p>Marlies et Christian R\u00fcfli<br \/>\n3A, rue de Nerben<br \/>\n2543 Lengnau BE<\/p>\n<p>T\u00e9l\u00e9phone 032 652 45 36<\/p>\n<p><strong>Location salle polyvalente Brunnenplatz<\/strong><\/p>\n<p>Barbara Gribi<br \/>\nPlace de la Fontaine 1<br \/>\n2543 Lengnau BE<\/p>\n<p>T\u00e9l\u00e9phone 079 451 47 40<br \/>\n<a href=\"mailto:br**********@****be.ch\" data-original-string=\"4b0rIzzqe9uQrkTCqOM2RQ==a0eI4we2ZiEFaC11rYmW8ZvIYc+g46EIPADNpUeWL3Nozw=\" title=\"This contact has been encoded by Anti-Spam by CleanTalk. Click to decode. To finish the decoding make sure that JavaScript is enabled in your browser.\">Courrier \u00e9lectronique<\/a><\/p>\n<h2>Passeport et carte d&rsquo;identit\u00e9 \/ R\u00e9servation de rendez-vous<\/h2>\n<p>R\u00e9servation de rendez-vous n\u00e9cessaire : <a href=\"https:\/\/www.pass-id.sid.be.ch\/de\/start\/dienstleistungen\/neuer-pass-id.html\">site web<\/a><\/p>\n<p>T\u00e9l\u00e9phone 031 635 40 00<\/p>\n<p>du lundi au vendredi<br \/>\n08.00 \u2013 12.00 Uhr \/ 13.00 \u2013 16.00 Uhr<\/p>\n<p>Plus d&rsquo;informations sur la carte d&rsquo;identit\u00e9 et le passeport sur <a href=\"https:\/\/www.pass-id.sid.be.ch\/de\/start.html\" target=\"_blank\" rel=\"noopener\">www.be.ch\/pass<\/a> ou <a href=\"https:\/\/www.fedpol.admin.ch\/de\/pass-und-identitaetskarte\" target=\"_blank\" rel=\"noopener\">www.schweizerpass.ch<\/a><\/p>\n<h2>Pompiers<\/h2>\n<p><em><span style=\"color: #ff0000;\"><strong>En cas d&rsquo;urgence, num\u00e9ro d&rsquo;appel d&rsquo;urgence unique 112 ou pompiers 118<\/strong><\/span><\/em><\/p>\n<p><strong>Sapeurs-pompiers de Longeau, Pieterlen et Meinisberg (LePiMe)<\/strong><\/p>\n<p>Association des sapeurs-pompiers de la commune de LePiMe<br \/>\nBureau<br \/>\n32, chemin des Fr\u00eanes<br \/>\n3294 B\u00fcren an der Aare<\/p>\n<p>T\u00e9l\u00e9phone 076 389 23 00<br \/>\n<a href=\"mailto:ad***@****me.ch\" data-original-string=\"ifPNDv6Z\/iQJgUgIoWUkHg==a0ea0otvqxYxJ26z\/CUpjEn5g==\" title=\"This contact has been encoded by Anti-Spam by CleanTalk. Click to decode. To finish the decoding make sure that JavaScript is enabled in your browser.\">Courrier \u00e9lectronique<\/a><br \/>\n<a href=\"https:\/\/lepime.ch\/\" target=\"_blank\" rel=\"noopener\">Site web<\/a><\/p>\n<h2>Chef de section<\/h2>\n<p>Office de la protection de la population, du sport et des affaires militaires<br \/>\nChef de section Seeland<br \/>\nPapierm\u00fchlestrasse 17v<br \/>\nBo\u00eete postale<br \/>\n3000 Bern 22<\/p>\n<p>T\u00e9l\u00e9phone 031 636 05 50<br \/>\n<a href=\"https:\/\/www.bsm.sid.be.ch\/de\/start\/themen\/militaer\/meldepflicht.html\" target=\"_blank\" rel=\"noopener\">Site web<\/a><\/p>\n<h2>Protection civile<\/h2>\n<p>Association des communes pour la s\u00e9curit\u00e9 publique Regio B\u00fcren<br \/>\nBachstrasse 4<br \/>\n3295 R\u00fcti bei B\u00fcren<\/p>\n<p>T\u00e9l\u00e9phone 032 351 65 25<br \/>\n<a href=\"https:\/\/regiobueren.ch\/\" target=\"_blank\" rel=\"noopener\">Site web<\/a><\/p>\n<p><strong>Heures d&rsquo;ouverture du bureau<br \/>\n<\/strong>Mardi et jeudi<br \/>\n14 h 00 &#8211; 17 h 00<\/p>\n<h2>\u00c9glises<\/h2>\n<h3>Paroisse \u00e9vang\u00e9lique r\u00e9form\u00e9e de Leugene \/ site de Lengnau<\/h3>\n<p>Paroisse r\u00e9form\u00e9e de Leugene<br \/>\nSite de Lengnau<br \/>\nM\u00fchleweg 12<br \/>\n2543 Lengnau BE<\/p>\n<p>T\u00e9l\u00e9phone 032 652 48 88<br \/>\n<a href=\"mailto:se*********@********ne.ch\" data-original-string=\"nuW8fnJ7rXum\/fdetoZG3Q==a0evBxo0pLv7LVmwYh56x1sgcGIpy1QkJN87ZA\/UPgG8mk=\" title=\"This contact has been encoded by Anti-Spam by CleanTalk. Click to decode. To finish the decoding make sure that JavaScript is enabled in your browser.\">Courrier \u00e9lectronique<\/a><br \/>\n<a href=\"https:\/\/refleugene.ch\/\" target=\"_blank\" rel=\"noopener\">Site web<\/a><\/p>\n<p>Heures d&rsquo;ouverture<br \/>\nMardi 09.00 &#8211; 11.30 heures<\/p>\n<p><strong>Services religieux<\/strong><br \/>\nLe dimanche \u00e0 09h30, mais de mani\u00e8re irr\u00e9guli\u00e8re.<br \/>\nSi un culte a lieu, il est publi\u00e9 dans le Jura-Blick et sur le site <a href=\"https:\/\/refleugene.ch\/\" target=\"_blank\" rel=\"noopener\">refleugene.ch<\/a>. De m\u00eame, vous trouverez l&rsquo;information dans les bo\u00eetes d&rsquo;affichage \u00e0 la poste, au Vieux Moulin et \u00e0 l&rsquo;\u00e9glise r\u00e9form\u00e9e.<\/p>\n<p><strong>Pasteur<br \/>\n<\/strong>Heinz Friedli<br \/>\nM\u00fchleweg 10<br \/>\n2543 Lengnau BE<\/p>\n<p>T\u00e9l\u00e9phone 032 653 17 03<br \/>\n<a href=\"mailto:he***********@********ne.ch\" data-original-string=\"dtxw37eFhS1PrMTRkB+Mbw==a0e5ypHmrNT+nuabG1T4jQ1G04PdfVB2EUWi1f70wT5+Rw=\" title=\"This contact has been encoded by Anti-Spam by CleanTalk. Click to decode. To finish the decoding make sure that JavaScript is enabled in your browser.\">Courrier \u00e9lectronique<\/a><\/p>\n<p><strong>\u00c9glise r\u00e9form\u00e9e<br \/>\n<\/strong>Beundenstrasse 23<br \/>\n2543 Lengnau BE<\/p>\n<p>T\u00e9l\u00e9phone 078 608 20 61 (Beatrice De Salvador, sacristine)<\/p>\n<h3>Paroisse catholique romaine de Pieterlen-Lengnau-Meinisberg<\/h3>\n<p>Paroisse catholique romaine St-Martin et paroisse<br \/>\nSecr\u00e9tariat<br \/>\nBassbeltweg 26<br \/>\n2542 Pieterlen<\/p>\n<p>T\u00e9l\u00e9phone 032 377 19 55<br \/>\n<a href=\"mailto:pf******@***********en.ch\" data-original-string=\"6SMtinCMKFFxVTomFnJpzA==a0etw1bk4IUSVkBh8\/uy92N88d174T6v3wKK5CxUD2KUaM=\" title=\"This contact has been encoded by Anti-Spam by CleanTalk. Click to decode. To finish the decoding make sure that JavaScript is enabled in your browser.\">Courrier \u00e9lectronique<\/a><br \/>\n<a href=\"https:\/\/www.kathbern.ch\/pieterlen\">Site web<\/a><\/p>\n<p>Heures d&rsquo;ouverture<br \/>\nMardi 09.00 &#8211; 11.00 heures<\/p>\n<p><strong>Services religieux<\/strong><br \/>\nLe dimanche \u00e0 9h30, soit \u00e0 Lengnau BE, soit \u00e0 Pieterlen. Communiqu\u00e9s dans l'\u00a0\u00bbAngelus\u00a0\u00bb et dans le panneau d&rsquo;affichage pr\u00e8s du centre de l&rsquo;\u00e9glise.<\/p>\n<p><strong>Aum\u00f4nier de la paroisse<br \/>\n<\/strong>Bassbeltweg 26<br \/>\n2542 Pieterlen<\/p>\n<p>T\u00e9l\u00e9phone 032 377 19 55<br \/>\n<a class=\"icon-envelope\" href=\"mailto:se*******@***********en.ch\" data-original-string=\"S0OZ+fwJEq9dO7n+Hc6Xcw==a0esCnXibUGexweqAQfLpFeCcRHjG7yeUPJS\/PkINvdNgQ=\" title=\"This contact has been encoded by Anti-Spam by CleanTalk. Click to decode. To finish the decoding make sure that JavaScript is enabled in your browser.\">Courrier \u00e9lectronique<\/a><\/p>\n<p><strong>Centre de l&rsquo;\u00e9glise<\/strong><br \/>\nEmil Schiblistrasse 3<br \/>\n2543 Lengnau BE<\/p>\n<p>T\u00e9l\u00e9phone 032 652 84 87<\/p>\n<h2>Partis politiques \u00e0 Lengnau<\/h2>\n<p><strong>Parti radical-d\u00e9mocratique<\/strong><br \/>\n<a href=\"https:\/\/www.fdp-lengnau.ch\/willkommen\" target=\"_blank\" rel=\"noopener\">Site web<\/a><\/p>\n<p><strong>Parti social-d\u00e9mocrate<\/strong><br \/>\n<a href=\"https:\/\/lengnau.spschweiz.ch\/\" target=\"_blank\" rel=\"noopener\">Site web<\/a><\/p>\n<p><strong>Union d\u00e9mocratique du centre<\/strong><br \/>\n<a href=\"https:\/\/www.svp-lengnau.ch\/\" target=\"_blank\" rel=\"noopener\">Site web<\/a><\/p>\n<p><strong>Parti populaire \u00e9vang\u00e9lique<\/strong><br \/>\n<a href=\"https:\/\/www.evp-lengnau.ch\/aktuell\" target=\"_blank\" rel=\"noopener\">Site web<\/a><\/p>\n<h2>Centres de conseil social<\/h2>\n<p><strong>Conseil en \u00e9ducation Bienne-Seeland<\/strong><br \/>\nRue de la Gare 50<br \/>\n2502 Biel\/Bienne<\/p>\n<p>T\u00e9l\u00e9phone 031 636 15 20<br \/>\n<a href=\"https:\/\/www.eb.bkd.be.ch\/de\/start.html\" target=\"_blank\" rel=\"noopener\">Site web<\/a><\/p>\n<p><strong>Pro Senectute Biel-Bienne\/Seeland<\/strong><br \/>\nCentre de consultation Lyss<br \/>\nSteinweg 26<br \/>\n3250 Lyss<\/p>\n<p>T\u00e9l\u00e9phone 032 328 31 11<br \/>\n<a href=\"https:\/\/be.prosenectute.ch\/de\" target=\"_blank\" rel=\"noopener\">Site web<\/a><\/p>\n<p><strong>Pro Infirmis<\/strong><br \/>\nCentre de consultation de Bienne<br \/>\nReitschulstrasse 5<br \/>\n2502 Biel\/Bienne<\/p>\n<p>T\u00e9l\u00e9phone 058 775 14 32<br \/>\n<a href=\"https:\/\/www.proinfirmis.ch\/\" target=\"_blank\" rel=\"noopener\">Site web<\/a><\/p>\n<p><strong>Chindernetz Kanton Bern<\/strong><br \/>\nBureau<br \/>\nPavillonweg 3<br \/>\n3012 Berne<\/p>\n<p>T\u00e9l\u00e9phone 031 300 20 50<br \/>\n<a href=\"https:\/\/www.chindernetz.be\/\" target=\"_blank\" rel=\"noopener\">Site web<\/a><\/p>\n<h2>Transports publics<\/h2>\n<p><strong>Rail Service CFF<\/strong><br \/>\nT\u00e9l\u00e9phone 0900 300 300 (CHF 1.19 par minute depuis le r\u00e9seau fixe)<br \/>\n<a href=\"https:\/\/www.sbb.ch\/de\" target=\"_blank\" rel=\"noopener\">Site web<\/a><\/p>\n<p><strong>BGU Grenchen \/ Busbetrieb Solothurn Grenchen und Umgebung AG<\/strong><br \/>\nT\u00e9l\u00e9phone 032 644 32 11<br \/>\n<a href=\"https:\/\/bgu.ch\/Willkommen\" target=\"_blank\" rel=\"noopener\">Site web<\/a><\/p>\n<p><strong>Bus de nuit MOONLINER<\/strong><br \/>\nT\u00e9l\u00e9phone 031 321 88 12<br \/>\n<a href=\"https:\/\/www.moonliner.ch\/\" target=\"_blank\" rel=\"noopener\">Site web<\/a><\/p>\n<h2>Chantier agricole<\/h2>\n<p>Mischa Scherrer<br \/>\nBois de ch\u00eane 79<br \/>\n2543 Lengnau BE<\/p>\n<p>T\u00e9l\u00e9phone 078 772 69 97<br \/>\n(Responsable de l&rsquo;\u00e9vacuation du lisier en hiver)<\/p>\n<h2>Surveillant du feu<\/h2>\n<p>Christian Walthert<br \/>\nCommune de Br\u00fcgg<br \/>\n1, rue Mettgasse<br \/>\n2555 Br\u00fcgg<\/p>\n<p>T\u00e9l\u00e9phone 032 372 71 06<\/p>\n<h2>Internet, t\u00e9l\u00e9vision num\u00e9rique, t\u00e9l\u00e9phonie fixe et mobile<\/h2>\n<p>GAGNET AG<br \/>\n63, rue des Alpes<br \/>\n2540 Grenchen<\/p>\n<p>T\u00e9l\u00e9phone 032 654 79 19<br \/>\n<a href=\"https:\/\/www.gagnet.ch\/\" target=\"_blank\" rel=\"noopener\">Site web<\/a><\/p>\n<h2>Ma\u00eetre ramoneur \/ contr\u00f4leur de combustion d&rsquo;huile<\/h2>\n<p>Chemifritz GmbH<br \/>\nFritz Hofer<br \/>\nDahlienweg 5<br \/>\n2543 Lengnau BE<\/p>\n<p>T\u00e9l\u00e9phone 032 652 36 80 \/ 076 571 90 02<br \/>\n<a href=\"https:\/\/chemifritz.ch\/\" target=\"_blank\" rel=\"noopener\">Site web<\/a><\/p>\n<h2>Contr\u00f4le des denr\u00e9es alimentaires<\/h2>\n<p>Laboratoire cantonal de Berne<br \/>\n19, rue Muesmatt<br \/>\n3012 Berne<\/p>\n<p>T\u00e9l\u00e9phone 031 633 11 11<br \/>\n<a href=\"https:\/\/www.weu.be.ch\/de\/start\/themen\/lebensmittelsicherheit\/lebensmittel-gebrauchsgegenstaende.html\" target=\"_blank\" rel=\"noopener\">Site web<\/a><\/p>\n<h2>Contr\u00f4le des champignons<\/h2>\n<p>Rolf Keller \/ Kurt Bisang<br \/>\nCuisine militaire \/ Magasin des pompiers<br \/>\ndans l&rsquo;angle 6<br \/>\n2543 Lengnau BE<\/p>\n<p>T\u00e9l\u00e9phone 032 653 36 62<\/p>\n<p><strong>Heures d&rsquo;ouverture du bureau de contr\u00f4le des champignons pendant la saison des champignons<\/strong><br \/>\nMercredi<br \/>\n16h45 &#8211; 17h45<\/p>\n<p>Samedi<br \/>\n16h45 &#8211; 17h45<\/p>\n<p>Dimanche<br \/>\n16h45 &#8211; 17h45<\/p>\n<h2>Loisirs<\/h2>\n<h3>M\u00e9diath\u00e8que (biblioth\u00e8que)<\/h3>\n<p>M\u00e9diath\u00e8que scolaire et communale<br \/>\nTriple salle de sport Campus Dorf<br \/>\n8, rue K\u00fcpf<br \/>\n2543 Lengnau BE<\/p>\n<p>T\u00e9l\u00e9phone 032 653 76 60<br \/>\n<a href=\"https:\/\/www.lengnau.ch\/fr\/themes\/schule-und-bildung\/mediothek\/\" target=\"_blank\" rel=\"noopener\">Site web<\/a><\/p>\n<p><strong>Heures d&rsquo;ouverture de la m\u00e9diath\u00e8que<br \/>\n<\/strong>Lundi<br \/>\n15 h 00 &#8211; 19 h 00<\/p>\n<p>Jeudi<br \/>\n15 h 00 &#8211; 19 h 00<\/p>\n<p>Samedi<br \/>\n10 h 00 &#8211; 12 h 00<\/p>\n<h3>Piscine couverte \/ Piscine d&rsquo;apprentissage<\/h3>\n<p>\u00c9cole Kleinfeld<br \/>\nPiscine couverte<br \/>\nSimon Gfellerweg 5<br \/>\n2543 Lengnau BE<\/p>\n<p><a href=\"https:\/\/www.lengnau.ch\/fr\/themes\/freizeit\/hallenbad\/\" target=\"_blank\" rel=\"noopener\">Site web<\/a><\/p>\n<p><strong>Piscine couverte ouverte du 1er septembre au 31 mai \/ Heures d&rsquo;ouverture<br \/>\n<\/strong>Lundi<br \/>\n18h00 &#8211; 21h00 (les enfants doivent \u00eatre accompagn\u00e9s d&rsquo;un adulte)<\/p>\n<p>Mardi<br \/>\n18h00 &#8211; 21h00 (les enfants doivent \u00eatre accompagn\u00e9s d&rsquo;un adulte)<\/p>\n<p>Mercredi<br \/>\n14h00 &#8211; 17h00 (pr\u00e9sence d&rsquo;un surveillant de baignade)<\/p>\n<p>Samedi<br \/>\n09.00 &#8211; 11.00 heures (acc\u00e8s r\u00e9serv\u00e9 aux adultes)<br \/>\n14h00 &#8211; 17h00 (pr\u00e9sence d&rsquo;un surveillant de baignade)<\/p>\n<h3>\u00c9cole de musique<\/h3>\n<p>\u00c9cole de musique r\u00e9gionale de Lengnau-B\u00fcren a\/A<br \/>\nSecr\u00e9tariat<br \/>\n7, rue principale<br \/>\n3294 B\u00fcren an der Aare<\/p>\n<p>T\u00e9l\u00e9phone 032 652 11 21<br \/>\n<a href=\"https:\/\/www.musikschule-rlb.ch\/\" target=\"_blank\" rel=\"noopener\">Site web<\/a><\/p>\n<p><strong>Communes affili\u00e9es<\/strong><br \/>\nArch, B\u00fcetigen, B\u00fcren an der Aare, Dotzigen, Lengnau, Leuzigen, Meinisberg, Oberwil bei B\u00fcren, Orpund, Pieterlen et Safnern<\/p>\n","protected":false},"excerpt":{"rendered":"<p>\u00c9coles \/ Garde d&rsquo;enfants \u00c9cole de Lengnau \u00c9cole de Lengnau Direction de l&rsquo;\u00e9cole \/ Administration de l&rsquo;\u00e9cole Schulweg 6 2543 Lengnau BE T\u00e9l\u00e9phone 032 654 71 06 Site web Heures d&rsquo;ouverture de l&rsquo;administration scolaire Lundi, mardi, jeudi et vendredi 09h00 &#8211; 11h30 Ferm\u00e9 le mercredi Travail social en milieu scolaire Travail social en milieu scolaire [&hellip;]<\/p>\n","protected":false},"author":1,"featured_media":0,"parent":3119,"menu_order":85,"comment_status":"closed","ping_status":"closed","template":"","meta":{"_acf_changed":false,"_relevanssi_hide_post":"","_relevanssi_hide_content":"","_relevanssi_pin_for_all":"","_relevanssi_pin_keywords":"","_relevanssi_unpin_keywords":"","_relevanssi_related_keywords":"","_relevanssi_related_include_ids":"","_relevanssi_related_exclude_ids":"","_relevanssi_related_no_append":"","_relevanssi_related_not_related":"","_relevanssi_related_posts":"","_relevanssi_noindex_reason":"","footnotes":""},"class_list":["post-3120","page","type-page","status-publish","hentry"],"acf":[],"yoast_head":"<!-- This site is optimized with the Yoast SEO plugin v27.4 - https:\/\/yoast.com\/product\/yoast-seo-wordpress\/ -->\n<title>R\u00e9pertoire d&#039;adresses - Gemeinde Lengnau<\/title>\n<meta name=\"robots\" content=\"index, follow, max-snippet:-1, max-image-preview:large, max-video-preview:-1\" \/>\n<link rel=\"canonical\" href=\"https:\/\/www.lengnau.ch\/fr\/verwaltung-politik-2\/gemeindeverwaltung\/adressverzeichnis\/\" \/>\n<meta property=\"og:locale\" content=\"fr_FR\" \/>\n<meta property=\"og:type\" content=\"article\" \/>\n<meta property=\"og:title\" content=\"R\u00e9pertoire d&#039;adresses - Gemeinde Lengnau\" \/>\n<meta property=\"og:description\" content=\"\u00c9coles \/ Garde d&rsquo;enfants \u00c9cole de Lengnau \u00c9cole de Lengnau Direction de l&rsquo;\u00e9cole \/ Administration de l&rsquo;\u00e9cole Schulweg 6 2543 Lengnau BE T\u00e9l\u00e9phone 032 654 71 06 Site web Heures d&rsquo;ouverture de l&rsquo;administration scolaire Lundi, mardi, jeudi et vendredi 09h00 &#8211; 11h30 Ferm\u00e9 le mercredi Travail social en milieu scolaire Travail social en milieu scolaire [&hellip;]\" \/>\n<meta property=\"og:url\" content=\"https:\/\/www.lengnau.ch\/fr\/verwaltung-politik-2\/gemeindeverwaltung\/adressverzeichnis\/\" \/>\n<meta property=\"og:site_name\" content=\"Gemeinde Lengnau\" \/>\n<meta property=\"article:modified_time\" content=\"2026-03-25T08:21:51+00:00\" \/>\n<meta name=\"twitter:card\" content=\"summary_large_image\" \/>\n<script type=\"application\/ld+json\" class=\"yoast-schema-graph\">{\"@context\":\"https:\\\/\\\/schema.org\",\"@graph\":[{\"@type\":\"WebPage\",\"@id\":\"https:\\\/\\\/www.lengnau.ch\\\/fr\\\/verwaltung-politik-2\\\/gemeindeverwaltung\\\/adressverzeichnis\\\/\",\"url\":\"https:\\\/\\\/www.lengnau.ch\\\/fr\\\/verwaltung-politik-2\\\/gemeindeverwaltung\\\/adressverzeichnis\\\/\",\"name\":\"R\u00e9pertoire d'adresses - Gemeinde Lengnau\",\"isPartOf\":{\"@id\":\"https:\\\/\\\/www.lengnau.ch\\\/#website\"},\"datePublished\":\"2022-02-16T17:36:17+00:00\",\"dateModified\":\"2026-03-25T08:21:51+00:00\",\"breadcrumb\":{\"@id\":\"https:\\\/\\\/www.lengnau.ch\\\/fr\\\/verwaltung-politik-2\\\/gemeindeverwaltung\\\/adressverzeichnis\\\/#breadcrumb\"},\"inLanguage\":\"fr-FR\",\"potentialAction\":[{\"@type\":\"ReadAction\",\"target\":[\"https:\\\/\\\/www.lengnau.ch\\\/fr\\\/verwaltung-politik-2\\\/gemeindeverwaltung\\\/adressverzeichnis\\\/\"]}]},{\"@type\":\"BreadcrumbList\",\"@id\":\"https:\\\/\\\/www.lengnau.ch\\\/fr\\\/verwaltung-politik-2\\\/gemeindeverwaltung\\\/adressverzeichnis\\\/#breadcrumb\",\"itemListElement\":[{\"@type\":\"ListItem\",\"position\":1,\"name\":\"Home\",\"item\":\"https:\\\/\\\/www.lengnau.ch\\\/fr\\\/\"},{\"@type\":\"ListItem\",\"position\":2,\"name\":\"Administration et politique\",\"item\":\"https:\\\/\\\/www.lengnau.ch\\\/fr\\\/verwaltung-politik-2\\\/\"},{\"@type\":\"ListItem\",\"position\":3,\"name\":\"Administration communale\",\"item\":\"https:\\\/\\\/www.lengnau.ch\\\/fr\\\/verwaltung-politik-2\\\/gemeindeverwaltung\\\/\"},{\"@type\":\"ListItem\",\"position\":4,\"name\":\"R\u00e9pertoire d&#8217;adresses\"}]},{\"@type\":\"WebSite\",\"@id\":\"https:\\\/\\\/www.lengnau.ch\\\/#website\",\"url\":\"https:\\\/\\\/www.lengnau.ch\\\/\",\"name\":\"Gemeinde Lengnau\",\"description\":\"\",\"potentialAction\":[{\"@type\":\"SearchAction\",\"target\":{\"@type\":\"EntryPoint\",\"urlTemplate\":\"https:\\\/\\\/www.lengnau.ch\\\/?s={search_term_string}\"},\"query-input\":{\"@type\":\"PropertyValueSpecification\",\"valueRequired\":true,\"valueName\":\"search_term_string\"}}],\"inLanguage\":\"fr-FR\"}]}<\/script>\n<!-- \/ Yoast SEO plugin. -->","yoast_head_json":{"title":"R\u00e9pertoire d'adresses - Gemeinde Lengnau","robots":{"index":"index","follow":"follow","max-snippet":"max-snippet:-1","max-image-preview":"max-image-preview:large","max-video-preview":"max-video-preview:-1"},"canonical":"https:\/\/www.lengnau.ch\/fr\/verwaltung-politik-2\/gemeindeverwaltung\/adressverzeichnis\/","og_locale":"fr_FR","og_type":"article","og_title":"R\u00e9pertoire d'adresses - Gemeinde Lengnau","og_description":"\u00c9coles \/ Garde d&rsquo;enfants \u00c9cole de Lengnau \u00c9cole de Lengnau Direction de l&rsquo;\u00e9cole \/ Administration de l&rsquo;\u00e9cole Schulweg 6 2543 Lengnau BE T\u00e9l\u00e9phone 032 654 71 06 Site web Heures d&rsquo;ouverture de l&rsquo;administration scolaire Lundi, mardi, jeudi et vendredi 09h00 &#8211; 11h30 Ferm\u00e9 le mercredi Travail social en milieu scolaire Travail social en milieu scolaire [&hellip;]","og_url":"https:\/\/www.lengnau.ch\/fr\/verwaltung-politik-2\/gemeindeverwaltung\/adressverzeichnis\/","og_site_name":"Gemeinde Lengnau","article_modified_time":"2026-03-25T08:21:51+00:00","twitter_card":"summary_large_image","schema":{"@context":"https:\/\/schema.org","@graph":[{"@type":"WebPage","@id":"https:\/\/www.lengnau.ch\/fr\/verwaltung-politik-2\/gemeindeverwaltung\/adressverzeichnis\/","url":"https:\/\/www.lengnau.ch\/fr\/verwaltung-politik-2\/gemeindeverwaltung\/adressverzeichnis\/","name":"R\u00e9pertoire d'adresses - Gemeinde Lengnau","isPartOf":{"@id":"https:\/\/www.lengnau.ch\/#website"},"datePublished":"2022-02-16T17:36:17+00:00","dateModified":"2026-03-25T08:21:51+00:00","breadcrumb":{"@id":"https:\/\/www.lengnau.ch\/fr\/verwaltung-politik-2\/gemeindeverwaltung\/adressverzeichnis\/#breadcrumb"},"inLanguage":"fr-FR","potentialAction":[{"@type":"ReadAction","target":["https:\/\/www.lengnau.ch\/fr\/verwaltung-politik-2\/gemeindeverwaltung\/adressverzeichnis\/"]}]},{"@type":"BreadcrumbList","@id":"https:\/\/www.lengnau.ch\/fr\/verwaltung-politik-2\/gemeindeverwaltung\/adressverzeichnis\/#breadcrumb","itemListElement":[{"@type":"ListItem","position":1,"name":"Home","item":"https:\/\/www.lengnau.ch\/fr\/"},{"@type":"ListItem","position":2,"name":"Administration et politique","item":"https:\/\/www.lengnau.ch\/fr\/verwaltung-politik-2\/"},{"@type":"ListItem","position":3,"name":"Administration communale","item":"https:\/\/www.lengnau.ch\/fr\/verwaltung-politik-2\/gemeindeverwaltung\/"},{"@type":"ListItem","position":4,"name":"R\u00e9pertoire d&#8217;adresses"}]},{"@type":"WebSite","@id":"https:\/\/www.lengnau.ch\/#website","url":"https:\/\/www.lengnau.ch\/","name":"Gemeinde Lengnau","description":"","potentialAction":[{"@type":"SearchAction","target":{"@type":"EntryPoint","urlTemplate":"https:\/\/www.lengnau.ch\/?s={search_term_string}"},"query-input":{"@type":"PropertyValueSpecification","valueRequired":true,"valueName":"search_term_string"}}],"inLanguage":"fr-FR"}]}},"publishpress_future_action":{"enabled":false,"date":"2026-05-07 05:08:18","action":"change-status","newStatus":"draft","terms":[],"taxonomy":"translation_priority","extraData":[]},"publishpress_future_workflow_manual_trigger":{"enabledWorkflows":[]},"_links":{"self":[{"href":"https:\/\/www.lengnau.ch\/fr\/wp-json\/wp\/v2\/pages\/3120","targetHints":{"allow":["GET"]}}],"collection":[{"href":"https:\/\/www.lengnau.ch\/fr\/wp-json\/wp\/v2\/pages"}],"about":[{"href":"https:\/\/www.lengnau.ch\/fr\/wp-json\/wp\/v2\/types\/page"}],"author":[{"embeddable":true,"href":"https:\/\/www.lengnau.ch\/fr\/wp-json\/wp\/v2\/users\/1"}],"replies":[{"embeddable":true,"href":"https:\/\/www.lengnau.ch\/fr\/wp-json\/wp\/v2\/comments?post=3120"}],"version-history":[{"count":10,"href":"https:\/\/www.lengnau.ch\/fr\/wp-json\/wp\/v2\/pages\/3120\/revisions"}],"predecessor-version":[{"id":19358,"href":"https:\/\/www.lengnau.ch\/fr\/wp-json\/wp\/v2\/pages\/3120\/revisions\/19358"}],"up":[{"embeddable":true,"href":"https:\/\/www.lengnau.ch\/fr\/wp-json\/wp\/v2\/pages\/3119"}],"wp:attachment":[{"href":"https:\/\/www.lengnau.ch\/fr\/wp-json\/wp\/v2\/media?parent=3120"}],"curies":[{"name":"wp","href":"https:\/\/api.w.org\/{rel}","templated":true}]}}