{"id":3117,"date":"2022-02-16T18:44:11","date_gmt":"2022-02-16T17:44:11","guid":{"rendered":"https:\/\/lengnau.rettenmund.com\/verwaltung-politik\/finanzen\/budget\/"},"modified":"2025-12-03T11:38:42","modified_gmt":"2025-12-03T10:38:42","slug":"budget","status":"publish","type":"page","link":"https:\/\/www.lengnau.ch\/fr\/verwaltung-politik-2\/finanzen\/budget\/","title":{"rendered":"Budget"},"content":{"rendered":"<p>Malgr\u00e9 le r\u00e9sultat n\u00e9gatif, le taux d&rsquo;imposition est maintenu \u00e0 1,49 unit\u00e9. Apr\u00e8s le bouclement \u00e9quilibr\u00e9 des comptes 2024, les indices fondamentaux montrent que la commune municipale de Lengnau continuera \u00e0 jouir d&rsquo;une situation financi\u00e8re extr\u00eamement saine au cours des prochaines ann\u00e9es. Avec des fonds propres \u00e9lev\u00e9s et un niveau d&rsquo;endettement actuel, la strat\u00e9gie financi\u00e8re mise en place jusqu&rsquo;\u00e0 pr\u00e9sent s&rsquo;av\u00e8re efficace.<\/p>\n<p>Le d\u00e9ficit estim\u00e9 est de Fr. 530&rsquo;400.00 plus bas que le budget 2025. La raison principale de l&rsquo;exc\u00e9dent de d\u00e9penses est l&rsquo;amortissement n\u00e9cessaire des investissements r\u00e9alis\u00e9s ces derni\u00e8res ann\u00e9es. Il est \u00e9galement important de v\u00e9rifier la n\u00e9cessit\u00e9 de chaque d\u00e9pense et d&rsquo;utiliser les ressources financi\u00e8res de mani\u00e8re tr\u00e8s prudente.<\/p>\n<p>Les financements sp\u00e9ciaux (eau, eaux us\u00e9es, d\u00e9chets et \u00e9lectricit\u00e9) de la commune municipale de Lengnau pr\u00e9sentent un solde n\u00e9gatif de Fr. 645&rsquo;900.00 en provenance de. Corrig\u00e9 des r\u00e9sultats des financements sp\u00e9ciaux, l&rsquo;exc\u00e9dent de charges du budget g\u00e9n\u00e9ral s&rsquo;\u00e9l\u00e8ve \u00e0 Fr. 1&rsquo;459&rsquo;500.00.<\/p>\n<p><img loading=\"lazy\" decoding=\"async\" class=\"alignnone size-full wp-image-18455\" src=\"https:\/\/www.lengnau.ch\/wp-content\/uploads\/2025\/12\/Grafik_Budget_2026.png\" alt=\"\" width=\"737\" height=\"197\" srcset=\"https:\/\/www.lengnau.ch\/wp-content\/uploads\/2025\/12\/Grafik_Budget_2026.png 737w, https:\/\/www.lengnau.ch\/wp-content\/uploads\/2025\/12\/Grafik_Budget_2026-300x80.png 300w\" sizes=\"auto, (max-width: 737px) 100vw, 737px\" \/><\/p>\n<p>Le financement sp\u00e9cial de l&rsquo;eau est en exc\u00e9dent de recettes de Fr. 73&rsquo;500.00 a \u00e9t\u00e9 budg\u00e9t\u00e9.<\/p>\n<p>Un exc\u00e9dent de recettes de Fr. 67&rsquo;600.00 est le r\u00e9sultat du financement sp\u00e9cial des eaux us\u00e9es.<\/p>\n<p>Tant le secteur de l&rsquo;eau que celui de l&rsquo;assainissement pr\u00e9sentent une situation de d\u00e9part couvrant les taxes et stable sur le plan de la gestion.<\/p>\n<p>Le financement sp\u00e9cial des d\u00e9chets pr\u00e9sente un solde l\u00e9g\u00e8rement n\u00e9gatif. L&rsquo;exc\u00e9dent de charges est de Fr. 30&rsquo;900.00 sont pr\u00e9vus.<\/p>\n<p>Le financement sp\u00e9cial de l&rsquo;\u00e9lectricit\u00e9 est tr\u00e8s bien dot\u00e9. Le budget pr\u00e9voit un exc\u00e9dent de d\u00e9penses de Fr. 756&rsquo;100.00.<\/p>\n<p>Vous trouverez le budget actuel ainsi que les ann\u00e9es pr\u00e9c\u00e9dentes 2023, 2024 et 2025 sous \u00ab\u00a0En savoir plus\u00a0\u00bb.<\/p>\n<h2>En savoir plus sur le sujet<\/h2>\n<p><a href=\"https:\/\/www.lengnau.ch\/wp-content\/uploads\/2025\/08\/Budget_2026.pdf\" target=\"_blank\" rel=\"noopener\">Budget 2026<\/a><br \/>\n<a href=\"https:\/\/www.lengnau.ch\/wp-content\/uploads\/2024\/11\/Budget_2025.pdf\" target=\"_blank\" rel=\"noopener\">Budget 2025<\/a><br \/>\n<a href=\"https:\/\/www.lengnau.ch\/wp-content\/uploads\/2023\/08\/Budget-2024-inkl.-Vorbericht.pdf\" target=\"_blank\" rel=\"noopener\">Budget 2024<\/a><br \/>\n<a href=\"https:\/\/www.lengnau.ch\/wp-content\/uploads\/2022\/08\/Budget-2023-inkl.-Vorbericht.pdf\" target=\"_blank\" rel=\"noopener\">Budget 2023<\/a><\/p>\n","protected":false},"excerpt":{"rendered":"<p>Malgr\u00e9 le r\u00e9sultat n\u00e9gatif, le taux d&rsquo;imposition est maintenu \u00e0 1,49 unit\u00e9. Apr\u00e8s le bouclement \u00e9quilibr\u00e9 des comptes 2024, les indices fondamentaux montrent que la commune municipale de Lengnau continuera \u00e0 jouir d&rsquo;une situation financi\u00e8re extr\u00eamement saine au cours des prochaines ann\u00e9es. Avec des fonds propres \u00e9lev\u00e9s et un niveau d&rsquo;endettement actuel, la strat\u00e9gie financi\u00e8re [&hellip;]<\/p>\n","protected":false},"author":1,"featured_media":0,"parent":3115,"menu_order":8,"comment_status":"closed","ping_status":"closed","template":"","meta":{"_acf_changed":false,"_relevanssi_hide_post":"","_relevanssi_hide_content":"","_relevanssi_pin_for_all":"","_relevanssi_pin_keywords":"","_relevanssi_unpin_keywords":"","_relevanssi_related_keywords":"","_relevanssi_related_include_ids":"","_relevanssi_related_exclude_ids":"","_relevanssi_related_no_append":"","_relevanssi_related_not_related":"","_relevanssi_related_posts":"","_relevanssi_noindex_reason":"","footnotes":""},"class_list":["post-3117","page","type-page","status-publish","hentry"],"acf":[],"yoast_head":"<!-- This site is optimized with the Yoast SEO plugin v27.4 - https:\/\/yoast.com\/product\/yoast-seo-wordpress\/ -->\n<title>Budget - Gemeinde Lengnau<\/title>\n<meta name=\"robots\" content=\"index, follow, max-snippet:-1, max-image-preview:large, max-video-preview:-1\" \/>\n<link rel=\"canonical\" href=\"https:\/\/www.lengnau.ch\/fr\/verwaltung-politik-2\/finanzen\/budget\/\" \/>\n<meta property=\"og:locale\" content=\"fr_FR\" \/>\n<meta property=\"og:type\" content=\"article\" \/>\n<meta property=\"og:title\" content=\"Budget - Gemeinde Lengnau\" \/>\n<meta property=\"og:description\" content=\"Malgr\u00e9 le r\u00e9sultat n\u00e9gatif, le taux d&rsquo;imposition est maintenu \u00e0 1,49 unit\u00e9. Apr\u00e8s le bouclement \u00e9quilibr\u00e9 des comptes 2024, les indices fondamentaux montrent que la commune municipale de Lengnau continuera \u00e0 jouir d&rsquo;une situation financi\u00e8re extr\u00eamement saine au cours des prochaines ann\u00e9es. Avec des fonds propres \u00e9lev\u00e9s et un niveau d&rsquo;endettement actuel, la strat\u00e9gie financi\u00e8re [&hellip;]\" \/>\n<meta property=\"og:url\" content=\"https:\/\/www.lengnau.ch\/fr\/verwaltung-politik-2\/finanzen\/budget\/\" \/>\n<meta property=\"og:site_name\" content=\"Gemeinde Lengnau\" \/>\n<meta property=\"article:modified_time\" content=\"2025-12-03T10:38:42+00:00\" \/>\n<meta property=\"og:image\" content=\"https:\/\/www.lengnau.ch\/wp-content\/uploads\/2025\/12\/Grafik_Budget_2026.png\" \/>\n\t<meta property=\"og:image:width\" content=\"737\" \/>\n\t<meta property=\"og:image:height\" content=\"197\" \/>\n\t<meta property=\"og:image:type\" content=\"image\/png\" \/>\n<meta name=\"twitter:card\" content=\"summary_large_image\" \/>\n<script type=\"application\/ld+json\" class=\"yoast-schema-graph\">{\"@context\":\"https:\\\/\\\/schema.org\",\"@graph\":[{\"@type\":\"WebPage\",\"@id\":\"https:\\\/\\\/www.lengnau.ch\\\/fr\\\/verwaltung-politik-2\\\/finanzen\\\/budget\\\/\",\"url\":\"https:\\\/\\\/www.lengnau.ch\\\/fr\\\/verwaltung-politik-2\\\/finanzen\\\/budget\\\/\",\"name\":\"Budget - Gemeinde Lengnau\",\"isPartOf\":{\"@id\":\"https:\\\/\\\/www.lengnau.ch\\\/#website\"},\"primaryImageOfPage\":{\"@id\":\"https:\\\/\\\/www.lengnau.ch\\\/fr\\\/verwaltung-politik-2\\\/finanzen\\\/budget\\\/#primaryimage\"},\"image\":{\"@id\":\"https:\\\/\\\/www.lengnau.ch\\\/fr\\\/verwaltung-politik-2\\\/finanzen\\\/budget\\\/#primaryimage\"},\"thumbnailUrl\":\"https:\\\/\\\/www.lengnau.ch\\\/wp-content\\\/uploads\\\/2025\\\/12\\\/Grafik_Budget_2026.png\",\"datePublished\":\"2022-02-16T17:44:11+00:00\",\"dateModified\":\"2025-12-03T10:38:42+00:00\",\"breadcrumb\":{\"@id\":\"https:\\\/\\\/www.lengnau.ch\\\/fr\\\/verwaltung-politik-2\\\/finanzen\\\/budget\\\/#breadcrumb\"},\"inLanguage\":\"fr-FR\",\"potentialAction\":[{\"@type\":\"ReadAction\",\"target\":[\"https:\\\/\\\/www.lengnau.ch\\\/fr\\\/verwaltung-politik-2\\\/finanzen\\\/budget\\\/\"]}]},{\"@type\":\"ImageObject\",\"inLanguage\":\"fr-FR\",\"@id\":\"https:\\\/\\\/www.lengnau.ch\\\/fr\\\/verwaltung-politik-2\\\/finanzen\\\/budget\\\/#primaryimage\",\"url\":\"https:\\\/\\\/www.lengnau.ch\\\/wp-content\\\/uploads\\\/2025\\\/12\\\/Grafik_Budget_2026.png\",\"contentUrl\":\"https:\\\/\\\/www.lengnau.ch\\\/wp-content\\\/uploads\\\/2025\\\/12\\\/Grafik_Budget_2026.png\"},{\"@type\":\"BreadcrumbList\",\"@id\":\"https:\\\/\\\/www.lengnau.ch\\\/fr\\\/verwaltung-politik-2\\\/finanzen\\\/budget\\\/#breadcrumb\",\"itemListElement\":[{\"@type\":\"ListItem\",\"position\":1,\"name\":\"Home\",\"item\":\"https:\\\/\\\/www.lengnau.ch\\\/fr\\\/\"},{\"@type\":\"ListItem\",\"position\":2,\"name\":\"Administration et politique\",\"item\":\"https:\\\/\\\/www.lengnau.ch\\\/fr\\\/verwaltung-politik-2\\\/\"},{\"@type\":\"ListItem\",\"position\":3,\"name\":\"Finances\",\"item\":\"https:\\\/\\\/www.lengnau.ch\\\/fr\\\/verwaltung-politik-2\\\/finanzen\\\/\"},{\"@type\":\"ListItem\",\"position\":4,\"name\":\"Budget\"}]},{\"@type\":\"WebSite\",\"@id\":\"https:\\\/\\\/www.lengnau.ch\\\/#website\",\"url\":\"https:\\\/\\\/www.lengnau.ch\\\/\",\"name\":\"Gemeinde Lengnau\",\"description\":\"\",\"potentialAction\":[{\"@type\":\"SearchAction\",\"target\":{\"@type\":\"EntryPoint\",\"urlTemplate\":\"https:\\\/\\\/www.lengnau.ch\\\/?s={search_term_string}\"},\"query-input\":{\"@type\":\"PropertyValueSpecification\",\"valueRequired\":true,\"valueName\":\"search_term_string\"}}],\"inLanguage\":\"fr-FR\"}]}<\/script>\n<!-- \/ Yoast SEO plugin. -->","yoast_head_json":{"title":"Budget - Gemeinde Lengnau","robots":{"index":"index","follow":"follow","max-snippet":"max-snippet:-1","max-image-preview":"max-image-preview:large","max-video-preview":"max-video-preview:-1"},"canonical":"https:\/\/www.lengnau.ch\/fr\/verwaltung-politik-2\/finanzen\/budget\/","og_locale":"fr_FR","og_type":"article","og_title":"Budget - Gemeinde Lengnau","og_description":"Malgr\u00e9 le r\u00e9sultat n\u00e9gatif, le taux d&rsquo;imposition est maintenu \u00e0 1,49 unit\u00e9. Apr\u00e8s le bouclement \u00e9quilibr\u00e9 des comptes 2024, les indices fondamentaux montrent que la commune municipale de Lengnau continuera \u00e0 jouir d&rsquo;une situation financi\u00e8re extr\u00eamement saine au cours des prochaines ann\u00e9es. Avec des fonds propres \u00e9lev\u00e9s et un niveau d&rsquo;endettement actuel, la strat\u00e9gie financi\u00e8re [&hellip;]","og_url":"https:\/\/www.lengnau.ch\/fr\/verwaltung-politik-2\/finanzen\/budget\/","og_site_name":"Gemeinde Lengnau","article_modified_time":"2025-12-03T10:38:42+00:00","og_image":[{"width":737,"height":197,"url":"https:\/\/www.lengnau.ch\/wp-content\/uploads\/2025\/12\/Grafik_Budget_2026.png","type":"image\/png"}],"twitter_card":"summary_large_image","schema":{"@context":"https:\/\/schema.org","@graph":[{"@type":"WebPage","@id":"https:\/\/www.lengnau.ch\/fr\/verwaltung-politik-2\/finanzen\/budget\/","url":"https:\/\/www.lengnau.ch\/fr\/verwaltung-politik-2\/finanzen\/budget\/","name":"Budget - Gemeinde Lengnau","isPartOf":{"@id":"https:\/\/www.lengnau.ch\/#website"},"primaryImageOfPage":{"@id":"https:\/\/www.lengnau.ch\/fr\/verwaltung-politik-2\/finanzen\/budget\/#primaryimage"},"image":{"@id":"https:\/\/www.lengnau.ch\/fr\/verwaltung-politik-2\/finanzen\/budget\/#primaryimage"},"thumbnailUrl":"https:\/\/www.lengnau.ch\/wp-content\/uploads\/2025\/12\/Grafik_Budget_2026.png","datePublished":"2022-02-16T17:44:11+00:00","dateModified":"2025-12-03T10:38:42+00:00","breadcrumb":{"@id":"https:\/\/www.lengnau.ch\/fr\/verwaltung-politik-2\/finanzen\/budget\/#breadcrumb"},"inLanguage":"fr-FR","potentialAction":[{"@type":"ReadAction","target":["https:\/\/www.lengnau.ch\/fr\/verwaltung-politik-2\/finanzen\/budget\/"]}]},{"@type":"ImageObject","inLanguage":"fr-FR","@id":"https:\/\/www.lengnau.ch\/fr\/verwaltung-politik-2\/finanzen\/budget\/#primaryimage","url":"https:\/\/www.lengnau.ch\/wp-content\/uploads\/2025\/12\/Grafik_Budget_2026.png","contentUrl":"https:\/\/www.lengnau.ch\/wp-content\/uploads\/2025\/12\/Grafik_Budget_2026.png"},{"@type":"BreadcrumbList","@id":"https:\/\/www.lengnau.ch\/fr\/verwaltung-politik-2\/finanzen\/budget\/#breadcrumb","itemListElement":[{"@type":"ListItem","position":1,"name":"Home","item":"https:\/\/www.lengnau.ch\/fr\/"},{"@type":"ListItem","position":2,"name":"Administration et politique","item":"https:\/\/www.lengnau.ch\/fr\/verwaltung-politik-2\/"},{"@type":"ListItem","position":3,"name":"Finances","item":"https:\/\/www.lengnau.ch\/fr\/verwaltung-politik-2\/finanzen\/"},{"@type":"ListItem","position":4,"name":"Budget"}]},{"@type":"WebSite","@id":"https:\/\/www.lengnau.ch\/#website","url":"https:\/\/www.lengnau.ch\/","name":"Gemeinde Lengnau","description":"","potentialAction":[{"@type":"SearchAction","target":{"@type":"EntryPoint","urlTemplate":"https:\/\/www.lengnau.ch\/?s={search_term_string}"},"query-input":{"@type":"PropertyValueSpecification","valueRequired":true,"valueName":"search_term_string"}}],"inLanguage":"fr-FR"}]}},"publishpress_future_action":{"enabled":false,"date":"2026-05-07 20:17:04","action":"change-status","newStatus":"draft","terms":[],"taxonomy":"translation_priority","extraData":[]},"publishpress_future_workflow_manual_trigger":{"enabledWorkflows":[]},"_links":{"self":[{"href":"https:\/\/www.lengnau.ch\/fr\/wp-json\/wp\/v2\/pages\/3117","targetHints":{"allow":["GET"]}}],"collection":[{"href":"https:\/\/www.lengnau.ch\/fr\/wp-json\/wp\/v2\/pages"}],"about":[{"href":"https:\/\/www.lengnau.ch\/fr\/wp-json\/wp\/v2\/types\/page"}],"author":[{"embeddable":true,"href":"https:\/\/www.lengnau.ch\/fr\/wp-json\/wp\/v2\/users\/1"}],"replies":[{"embeddable":true,"href":"https:\/\/www.lengnau.ch\/fr\/wp-json\/wp\/v2\/comments?post=3117"}],"version-history":[{"count":10,"href":"https:\/\/www.lengnau.ch\/fr\/wp-json\/wp\/v2\/pages\/3117\/revisions"}],"predecessor-version":[{"id":18475,"href":"https:\/\/www.lengnau.ch\/fr\/wp-json\/wp\/v2\/pages\/3117\/revisions\/18475"}],"up":[{"embeddable":true,"href":"https:\/\/www.lengnau.ch\/fr\/wp-json\/wp\/v2\/pages\/3115"}],"wp:attachment":[{"href":"https:\/\/www.lengnau.ch\/fr\/wp-json\/wp\/v2\/media?parent=3117"}],"curies":[{"name":"wp","href":"https:\/\/api.w.org\/{rel}","templated":true}]}}