{"id":15772,"date":"2025-02-14T08:46:27","date_gmt":"2025-02-14T07:46:27","guid":{"rendered":"https:\/\/www.lengnau.ch\/themes\/familien\/travail-en-milieu-ouvert-pour-les-enfants-et-les-jeunes\/"},"modified":"2026-04-21T08:15:55","modified_gmt":"2026-04-21T06:15:55","slug":"animation-de-jeunesse","status":"publish","type":"page","link":"https:\/\/www.lengnau.ch\/fr\/themes\/familien\/animation-de-jeunesse\/","title":{"rendered":"Animation de jeunesse"},"content":{"rendered":"<p>Les offres de l&rsquo;animation de jeunesse sont conformes \u00e0 l&rsquo;Ordonnance sur les prestations de promotion de la famille, de l&rsquo;enfance et de la jeunesse (OPFEJ) du canton de Berne ainsi qu&rsquo;aux documents de base de l&rsquo;Association fa\u00eeti\u00e8re suisse pour l&rsquo;animation enfance et jeunesse en milieu ouvert (AEJO).<\/p>\n<h2>Locaux<\/h2>\n<p>Le COJA loue l&rsquo;espace de rencontre \u00ab\u00a0alte M\u00fchle\u00a0\u00bb de la paroisse r\u00e9form\u00e9e de Leugene.<\/p>\n<p><strong>Adresse<\/strong><\/p>\n<p>M\u00fchleweg 12<br \/>\n2543 Lengnau BE<\/p>\n<h2>Offres<\/h2>\n<p>Les offres sont publi\u00e9es \u00e0 la fin de chaque mois pour le mois suivant sous la forme d&rsquo;un d\u00e9pliant. Elles peuvent \u00eatre consult\u00e9es sur ce site web ainsi que sur d&rsquo;autres canaux tels que notre propre site web, Instagram et Klapp.<\/p>\n<p><a href=\"https:\/\/www.instagram.com\/okja_lengnau\" target=\"_blank\" rel=\"noopener\">okja_lengnau &#8211; Photos et vid\u00e9os Instagram<\/a><\/p>\n<p><a href=\"https:\/\/okja-lengnau.jimdosite.com\/\" target=\"_blank\" rel=\"noopener\">Site web OKJA Lengnau<\/a><\/p>\n<p><a href=\"https:\/\/www.lengnau.ch\/wp-content\/uploads\/2025\/02\/OKJA_Logo.jpg\" target=\"_blank\" rel=\"noopener\"><img loading=\"lazy\" decoding=\"async\" class=\"alignnone wp-image-15720\" src=\"https:\/\/www.lengnau.ch\/wp-content\/uploads\/2025\/02\/OKJA_Logo.jpg\" alt=\"\" width=\"400\" height=\"400\" srcset=\"https:\/\/www.lengnau.ch\/wp-content\/uploads\/2025\/02\/OKJA_Logo.jpg 1024w, https:\/\/www.lengnau.ch\/wp-content\/uploads\/2025\/02\/OKJA_Logo-300x300.jpg 300w, https:\/\/www.lengnau.ch\/wp-content\/uploads\/2025\/02\/OKJA_Logo-150x150.jpg 150w, https:\/\/www.lengnau.ch\/wp-content\/uploads\/2025\/02\/OKJA_Logo-768x768.jpg 768w, https:\/\/www.lengnau.ch\/wp-content\/uploads\/2025\/02\/OKJA_Logo-400x400.jpg 400w, https:\/\/www.lengnau.ch\/wp-content\/uploads\/2025\/02\/OKJA_Logo-600x600.jpg 600w\" sizes=\"auto, (max-width: 400px) 100vw, 400px\" \/><\/a><\/p>\n<h3><strong>Rencontre des ados<\/strong><\/h3>\n<ul>\n<li>Pour les enfants de la 5. &#8211; 6e ann\u00e9e<\/li>\n<li>Mercredi, de 14h00 \u00e0 16h30<\/li>\n<li>Ferm\u00e9 pendant les vacances scolaires<\/li>\n<\/ul>\n<p><a href=\"https:\/\/www.lengnau.ch\/wp-content\/uploads\/2026\/03\/OKJA_Teens-Treff_Angebot_04_2026-scaled.png\" target=\"_blank\" rel=\"noopener\"><img loading=\"lazy\" decoding=\"async\" class=\"alignnone wp-image-19404\" src=\"https:\/\/www.lengnau.ch\/wp-content\/uploads\/2026\/03\/OKJA_Teens-Treff_Angebot_04_2026-scaled.png\" alt=\"\" width=\"500\" height=\"500\" srcset=\"https:\/\/www.lengnau.ch\/wp-content\/uploads\/2026\/03\/OKJA_Teens-Treff_Angebot_04_2026-scaled.png 2560w, https:\/\/www.lengnau.ch\/wp-content\/uploads\/2026\/03\/OKJA_Teens-Treff_Angebot_04_2026-300x300.png 300w, https:\/\/www.lengnau.ch\/wp-content\/uploads\/2026\/03\/OKJA_Teens-Treff_Angebot_04_2026-1024x1024.png 1024w, https:\/\/www.lengnau.ch\/wp-content\/uploads\/2026\/03\/OKJA_Teens-Treff_Angebot_04_2026-150x150.png 150w, https:\/\/www.lengnau.ch\/wp-content\/uploads\/2026\/03\/OKJA_Teens-Treff_Angebot_04_2026-768x768.png 768w, https:\/\/www.lengnau.ch\/wp-content\/uploads\/2026\/03\/OKJA_Teens-Treff_Angebot_04_2026-1536x1536.png 1536w, https:\/\/www.lengnau.ch\/wp-content\/uploads\/2026\/03\/OKJA_Teens-Treff_Angebot_04_2026-2048x2048.png 2048w, https:\/\/www.lengnau.ch\/wp-content\/uploads\/2026\/03\/OKJA_Teens-Treff_Angebot_04_2026-1568x1568.png 1568w\" sizes=\"auto, (max-width: 500px) 100vw, 500px\" \/><\/a><\/p>\n<h3><strong>Centre de jeunes<\/strong><\/h3>\n<ul>\n<li>Pour les jeunes de la 7e \u00e0 la 9e ann\u00e9e et plus (jusqu&rsquo;\u00e0 20 ans)<\/li>\n<li>Vendredi, de 18 h 00 \u00e0 21 h 30<\/li>\n<li>Ferm\u00e9 pendant les vacances scolaires<\/li>\n<\/ul>\n<p><a href=\"https:\/\/www.lengnau.ch\/wp-content\/uploads\/2026\/03\/OKJA_Jugendtreff_Angebot_04_2026-scaled.png\" target=\"_blank\" rel=\"noopener\"><img loading=\"lazy\" decoding=\"async\" class=\"alignnone wp-image-19407\" src=\"https:\/\/www.lengnau.ch\/wp-content\/uploads\/2026\/03\/OKJA_Jugendtreff_Angebot_04_2026-scaled.png\" alt=\"\" width=\"500\" height=\"500\" srcset=\"https:\/\/www.lengnau.ch\/wp-content\/uploads\/2026\/03\/OKJA_Jugendtreff_Angebot_04_2026-scaled.png 2560w, https:\/\/www.lengnau.ch\/wp-content\/uploads\/2026\/03\/OKJA_Jugendtreff_Angebot_04_2026-300x300.png 300w, https:\/\/www.lengnau.ch\/wp-content\/uploads\/2026\/03\/OKJA_Jugendtreff_Angebot_04_2026-1024x1024.png 1024w, https:\/\/www.lengnau.ch\/wp-content\/uploads\/2026\/03\/OKJA_Jugendtreff_Angebot_04_2026-150x150.png 150w, https:\/\/www.lengnau.ch\/wp-content\/uploads\/2026\/03\/OKJA_Jugendtreff_Angebot_04_2026-768x768.png 768w, https:\/\/www.lengnau.ch\/wp-content\/uploads\/2026\/03\/OKJA_Jugendtreff_Angebot_04_2026-1536x1536.png 1536w, https:\/\/www.lengnau.ch\/wp-content\/uploads\/2026\/03\/OKJA_Jugendtreff_Angebot_04_2026-2048x2048.png 2048w, https:\/\/www.lengnau.ch\/wp-content\/uploads\/2026\/03\/OKJA_Jugendtreff_Angebot_04_2026-1568x1568.png 1568w\" sizes=\"auto, (max-width: 500px) 100vw, 500px\" \/><\/a><\/p>\n<p><strong>Au centre de rencontre, les enfants et les jeunes peuvent<\/strong><\/p>\n<ul>\n<li>rencontrer des gens de son \u00e2ge, bavarder, rire, se d\u00e9tendre et s&rsquo;amuser.<\/li>\n<li>r\u00e9fl\u00e9chir et s&rsquo;exercer sur des sujets sociaux (par exemple, \u00e0 travers des jeux de groupe).<\/li>\n<li>parler de soci\u00e9t\u00e9, de politique et de culture.<\/li>\n<li>proposer et mettre en \u0153uvre leurs propres id\u00e9es d&rsquo;activit\u00e9s de loisirs.<\/li>\n<li>trouver une oreille attentive pour parler de ses pens\u00e9es et de ses soucis<\/li>\n<\/ul>\n<p><strong>Qu&rsquo;est-ce qu&rsquo;il y a au centre de rencontre ?<\/strong><\/p>\n<p>Possibilit\u00e9s de jeux : Soccer de table, Billard, Ping-pong, Jeu de fl\u00e9chettes, Nintendo Switch<\/p>\n<p>Kiosque OKJA : eau et chips gratuites, boissons sucr\u00e9es et snacks entre CHF 1.00 et CHF 4.00<\/p>\n<p>des collaborateurs de l&rsquo;OKJA \u00e0 l&rsquo;\u00e9coute des enfants et des jeunes et proposant des consultations \u00e0 bas seuil.<\/p>\n<p><strong>Co\u00fbts et inscription<\/strong><\/p>\n<p>Les rencontres sont toujours gratuites et accessibles sans inscription.<\/p>\n<p>Nos projets et \u00e9v\u00e9nements peuvent donner lieu \u00e0 une petite contribution, qui sera annonc\u00e9e \u00e0 l&rsquo;avance. Si le nombre de participants est limit\u00e9, l&rsquo;inscription est obligatoire. Le lien d&rsquo;inscription est indiqu\u00e9 sur les flyers.<\/p>\n<h3><strong>Station de jeu en avril 2026 &#8211; terrain de sport de l&rsquo;\u00e9cole Campus Dorf<\/strong><\/h3>\n<p><a href=\"https:\/\/www.lengnau.ch\/wp-content\/uploads\/2026\/03\/%E2%80%AAOKJA_Spielstation_04_2026-scaled.png\" target=\"_blank\" rel=\"noopener\"><img loading=\"lazy\" decoding=\"async\" class=\"alignnone wp-image-19405\" src=\"https:\/\/www.lengnau.ch\/wp-content\/uploads\/2026\/03\/%E2%80%AAOKJA_Spielstation_04_2026-scaled.png\" alt=\"\" width=\"500\" height=\"500\"><\/a><\/p>\n<h2>Station de jeu \u00e0 la place de la Fontaine<\/h2>\n<p><strong>Un lieu de rencontre et de jeu<\/strong><\/p>\n<p>La Spiel-Station est un concept de l&rsquo;OKJA Lengnau qui vise \u00e0 animer les lieux publics (comme la Brunnenplatz) et \u00e0 renforcer la communaut\u00e9 \u00e0 Lengnau.<\/p>\n<p>Pour ce faire, l&rsquo;OKJA Lengnau s&rsquo;engage dans des coop\u00e9rations avec d&rsquo;autres acteurs de la promotion des enfants et des jeunes de la commune et encourage la collaboration. La station de jeu offre aussi et surtout aux enfants du premier cycle, accompagn\u00e9s de leurs personnes de r\u00e9f\u00e9rence, une plate-forme de jeu et d&rsquo;apprentissage. En m\u00eame temps, elle favorise les \u00e9changes entre les personnes de r\u00e9f\u00e9rence et les autres acteurs pertinents du quartier.<\/p>\n<p>En 2025, la station de jeu a eu lieu d&rsquo;avril \u00e0 juillet sur la place de la Fontaine. D&rsquo;autres offres suivront.<\/p>\n<h2>Projets et \u00e9v\u00e9nements<\/h2>\n<p>L&rsquo;un des principaux objectifs de l&rsquo;animation de jeunesse est de cr\u00e9er un espace dans lequel les jeunes peuvent s&rsquo;engager activement dans le village et acqu\u00e9rir une exp\u00e9rience pr\u00e9cieuse. Cet espace contribue \u00e0 renforcer leur autonomie et \u00e0 d\u00e9velopper leur confiance en eux. L\u2019animation de jeunesse leur offre de nombreuses possibilit\u00e9s de participer \u00e0 la conception et \u00e0 l&rsquo;organisation d&rsquo;\u00e9v\u00e9nements, qu&rsquo;il s&rsquo;agisse de petites offres au centre de rencontre ou d&rsquo;\u00e9v\u00e9nements plus importants comme une f\u00eate \u00e0 th\u00e8me dans l&rsquo;auditorium. Gr\u00e2ce \u00e0 ces activit\u00e9s vari\u00e9es, les jeunes apprennent non seulement \u00e0 r\u00e9aliser leurs propres id\u00e9es, mais aussi \u00e0 travailler ensemble en \u00e9quipe et \u00e0 prendre des responsabilit\u00e9s. Ainsi, leurs comp\u00e9tences sociales et organisationnelles sont encourag\u00e9es, ce qui renforce leur d\u00e9veloppement personnel et approfondit le sentiment de communaut\u00e9 dans le village.<\/p>\n<p>Selon l&rsquo;\u00e9v\u00e9nement ou le projet, l&rsquo;animation de jeunesse utilise les synergies de la communaut\u00e9 villageoise et s&rsquo;engage dans des coop\u00e9rations avec d&rsquo;autres acteurs \/ actrices locaux de la promotion de la jeunesse. Selon la devise<\/p>\n<p><strong>\u00ab\u00a0Pour et avec les jeunes de Lengnau\u00a0\u00bb &#8211; l&rsquo;OKJA bouge !<\/strong><\/p>\n<p>\u00cates-vous int\u00e9ress\u00e9 par une coop\u00e9ration commune pour le mouvement de jeunesse de Lengnau ? Contactez-nous !<\/p>\n<p><img loading=\"lazy\" decoding=\"async\" class=\"alignnone wp-image-15728\" src=\"https:\/\/www.lengnau.ch\/wp-content\/uploads\/2025\/02\/OKJA_Plakat_Generationenplatz.png\" alt=\"\" width=\"500\" height=\"372\" srcset=\"https:\/\/www.lengnau.ch\/wp-content\/uploads\/2025\/02\/OKJA_Plakat_Generationenplatz.png 602w, https:\/\/www.lengnau.ch\/wp-content\/uploads\/2025\/02\/OKJA_Plakat_Generationenplatz-300x223.png 300w, https:\/\/www.lengnau.ch\/wp-content\/uploads\/2025\/02\/OKJA_Plakat_Generationenplatz-600x448.png 600w\" sizes=\"auto, (max-width: 500px) 100vw, 500px\" \/><\/p>\n<h2>Contact<\/h2>\n<p>Chris Ritter, chef de service OKJA Lengnau<br \/>\nT\u00e9l\u00e9phone 078 303 72 36<br \/>\n<a href=\"mailto:in*******@*****au.ch\" data-original-string=\"ZflKdb1sePxOQ6Rxgncqkg==a0eHRc5f4Fypyr6PsuFrAjuzomT6CFdhpIJF6O0cbKMjmo=\" title=\"This contact has been encoded by Anti-Spam by CleanTalk. Click to decode. To finish the decoding make sure that JavaScript is enabled in your browser.\">Courrier \u00e9lectronique<\/a><br \/>\nInstagram : okja_lengnau<em><br \/>\n<\/em><a href=\"https:\/\/okja-lengnau.jimdosite.com\/\" target=\"_blank\" rel=\"noopener\">Site web<\/a><\/p>\n<p><strong>Options de contact<\/strong><\/p>\n<p>Tous les lundis entre 14h00 et 17h00 (par t\u00e9l\u00e9phone ou par e-mail) ou pendant les offres directement sur place.<\/p>\n","protected":false},"excerpt":{"rendered":"<p>Les offres de l&rsquo;animation de jeunesse sont conformes \u00e0 l&rsquo;Ordonnance sur les prestations de promotion de la famille, de l&rsquo;enfance et de la jeunesse (OPFEJ) du canton de Berne ainsi qu&rsquo;aux documents de base de l&rsquo;Association fa\u00eeti\u00e8re suisse pour l&rsquo;animation enfance et jeunesse en milieu ouvert (AEJO). Locaux Le COJA loue l&rsquo;espace de rencontre \u00ab\u00a0alte [&hellip;]<\/p>\n","protected":false},"author":14,"featured_media":0,"parent":3107,"menu_order":8,"comment_status":"closed","ping_status":"closed","template":"","meta":{"_acf_changed":false,"_relevanssi_hide_post":"","_relevanssi_hide_content":"","_relevanssi_pin_for_all":"","_relevanssi_pin_keywords":"","_relevanssi_unpin_keywords":"","_relevanssi_related_keywords":"","_relevanssi_related_include_ids":"","_relevanssi_related_exclude_ids":"","_relevanssi_related_no_append":"","_relevanssi_related_not_related":"","_relevanssi_related_posts":"","_relevanssi_noindex_reason":"","footnotes":""},"class_list":["post-15772","page","type-page","status-publish","hentry"],"acf":[],"yoast_head":"<!-- This site is optimized with the Yoast SEO plugin v27.4 - https:\/\/yoast.com\/product\/yoast-seo-wordpress\/ -->\n<title>Animation de jeunesse - Gemeinde Lengnau<\/title>\n<meta name=\"robots\" content=\"index, follow, max-snippet:-1, max-image-preview:large, max-video-preview:-1\" \/>\n<link rel=\"canonical\" href=\"https:\/\/www.lengnau.ch\/fr\/themes\/familien\/animation-de-jeunesse\/\" \/>\n<meta property=\"og:locale\" content=\"fr_FR\" \/>\n<meta property=\"og:type\" content=\"article\" \/>\n<meta property=\"og:title\" content=\"Animation de jeunesse - Gemeinde Lengnau\" \/>\n<meta property=\"og:description\" content=\"Les offres de l&rsquo;animation de jeunesse sont conformes \u00e0 l&rsquo;Ordonnance sur les prestations de promotion de la famille, de l&rsquo;enfance et de la jeunesse (OPFEJ) du canton de Berne ainsi qu&rsquo;aux documents de base de l&rsquo;Association fa\u00eeti\u00e8re suisse pour l&rsquo;animation enfance et jeunesse en milieu ouvert (AEJO). Locaux Le COJA loue l&rsquo;espace de rencontre \u00ab\u00a0alte [&hellip;]\" \/>\n<meta property=\"og:url\" content=\"https:\/\/www.lengnau.ch\/fr\/themes\/familien\/animation-de-jeunesse\/\" \/>\n<meta property=\"og:site_name\" content=\"Gemeinde Lengnau\" \/>\n<meta property=\"article:modified_time\" content=\"2026-04-21T06:15:55+00:00\" \/>\n<meta property=\"og:image\" content=\"https:\/\/www.lengnau.ch\/wp-content\/uploads\/2025\/02\/OKJA_Logo.jpg\" \/>\n\t<meta property=\"og:image:width\" content=\"1024\" \/>\n\t<meta property=\"og:image:height\" content=\"1024\" \/>\n\t<meta property=\"og:image:type\" content=\"image\/jpeg\" \/>\n<meta name=\"twitter:card\" content=\"summary_large_image\" \/>\n<script type=\"application\/ld+json\" class=\"yoast-schema-graph\">{\"@context\":\"https:\\\/\\\/schema.org\",\"@graph\":[{\"@type\":\"WebPage\",\"@id\":\"https:\\\/\\\/www.lengnau.ch\\\/fr\\\/themes\\\/familien\\\/animation-de-jeunesse\\\/\",\"url\":\"https:\\\/\\\/www.lengnau.ch\\\/fr\\\/themes\\\/familien\\\/animation-de-jeunesse\\\/\",\"name\":\"Animation de jeunesse - Gemeinde Lengnau\",\"isPartOf\":{\"@id\":\"https:\\\/\\\/www.lengnau.ch\\\/#website\"},\"primaryImageOfPage\":{\"@id\":\"https:\\\/\\\/www.lengnau.ch\\\/fr\\\/themes\\\/familien\\\/animation-de-jeunesse\\\/#primaryimage\"},\"image\":{\"@id\":\"https:\\\/\\\/www.lengnau.ch\\\/fr\\\/themes\\\/familien\\\/animation-de-jeunesse\\\/#primaryimage\"},\"thumbnailUrl\":\"https:\\\/\\\/www.lengnau.ch\\\/wp-content\\\/uploads\\\/2025\\\/02\\\/OKJA_Logo.jpg\",\"datePublished\":\"2025-02-14T07:46:27+00:00\",\"dateModified\":\"2026-04-21T06:15:55+00:00\",\"breadcrumb\":{\"@id\":\"https:\\\/\\\/www.lengnau.ch\\\/fr\\\/themes\\\/familien\\\/animation-de-jeunesse\\\/#breadcrumb\"},\"inLanguage\":\"fr-FR\",\"potentialAction\":[{\"@type\":\"ReadAction\",\"target\":[\"https:\\\/\\\/www.lengnau.ch\\\/fr\\\/themes\\\/familien\\\/animation-de-jeunesse\\\/\"]}]},{\"@type\":\"ImageObject\",\"inLanguage\":\"fr-FR\",\"@id\":\"https:\\\/\\\/www.lengnau.ch\\\/fr\\\/themes\\\/familien\\\/animation-de-jeunesse\\\/#primaryimage\",\"url\":\"https:\\\/\\\/www.lengnau.ch\\\/wp-content\\\/uploads\\\/2025\\\/02\\\/OKJA_Logo.jpg\",\"contentUrl\":\"https:\\\/\\\/www.lengnau.ch\\\/wp-content\\\/uploads\\\/2025\\\/02\\\/OKJA_Logo.jpg\"},{\"@type\":\"BreadcrumbList\",\"@id\":\"https:\\\/\\\/www.lengnau.ch\\\/fr\\\/themes\\\/familien\\\/animation-de-jeunesse\\\/#breadcrumb\",\"itemListElement\":[{\"@type\":\"ListItem\",\"position\":1,\"name\":\"Home\",\"item\":\"https:\\\/\\\/www.lengnau.ch\\\/fr\\\/\"},{\"@type\":\"ListItem\",\"position\":2,\"name\":\"Th\u00e8mes\",\"item\":\"https:\\\/\\\/www.lengnau.ch\\\/fr\\\/themes\\\/\"},{\"@type\":\"ListItem\",\"position\":3,\"name\":\"Familles\",\"item\":\"https:\\\/\\\/www.lengnau.ch\\\/fr\\\/themes\\\/familien\\\/\"},{\"@type\":\"ListItem\",\"position\":4,\"name\":\"Animation de jeunesse\"}]},{\"@type\":\"WebSite\",\"@id\":\"https:\\\/\\\/www.lengnau.ch\\\/#website\",\"url\":\"https:\\\/\\\/www.lengnau.ch\\\/\",\"name\":\"Gemeinde Lengnau\",\"description\":\"\",\"potentialAction\":[{\"@type\":\"SearchAction\",\"target\":{\"@type\":\"EntryPoint\",\"urlTemplate\":\"https:\\\/\\\/www.lengnau.ch\\\/?s={search_term_string}\"},\"query-input\":{\"@type\":\"PropertyValueSpecification\",\"valueRequired\":true,\"valueName\":\"search_term_string\"}}],\"inLanguage\":\"fr-FR\"}]}<\/script>\n<!-- \/ Yoast SEO plugin. -->","yoast_head_json":{"title":"Animation de jeunesse - Gemeinde Lengnau","robots":{"index":"index","follow":"follow","max-snippet":"max-snippet:-1","max-image-preview":"max-image-preview:large","max-video-preview":"max-video-preview:-1"},"canonical":"https:\/\/www.lengnau.ch\/fr\/themes\/familien\/animation-de-jeunesse\/","og_locale":"fr_FR","og_type":"article","og_title":"Animation de jeunesse - Gemeinde Lengnau","og_description":"Les offres de l&rsquo;animation de jeunesse sont conformes \u00e0 l&rsquo;Ordonnance sur les prestations de promotion de la famille, de l&rsquo;enfance et de la jeunesse (OPFEJ) du canton de Berne ainsi qu&rsquo;aux documents de base de l&rsquo;Association fa\u00eeti\u00e8re suisse pour l&rsquo;animation enfance et jeunesse en milieu ouvert (AEJO). Locaux Le COJA loue l&rsquo;espace de rencontre \u00ab\u00a0alte [&hellip;]","og_url":"https:\/\/www.lengnau.ch\/fr\/themes\/familien\/animation-de-jeunesse\/","og_site_name":"Gemeinde Lengnau","article_modified_time":"2026-04-21T06:15:55+00:00","og_image":[{"width":1024,"height":1024,"url":"https:\/\/www.lengnau.ch\/wp-content\/uploads\/2025\/02\/OKJA_Logo.jpg","type":"image\/jpeg"}],"twitter_card":"summary_large_image","schema":{"@context":"https:\/\/schema.org","@graph":[{"@type":"WebPage","@id":"https:\/\/www.lengnau.ch\/fr\/themes\/familien\/animation-de-jeunesse\/","url":"https:\/\/www.lengnau.ch\/fr\/themes\/familien\/animation-de-jeunesse\/","name":"Animation de jeunesse - Gemeinde Lengnau","isPartOf":{"@id":"https:\/\/www.lengnau.ch\/#website"},"primaryImageOfPage":{"@id":"https:\/\/www.lengnau.ch\/fr\/themes\/familien\/animation-de-jeunesse\/#primaryimage"},"image":{"@id":"https:\/\/www.lengnau.ch\/fr\/themes\/familien\/animation-de-jeunesse\/#primaryimage"},"thumbnailUrl":"https:\/\/www.lengnau.ch\/wp-content\/uploads\/2025\/02\/OKJA_Logo.jpg","datePublished":"2025-02-14T07:46:27+00:00","dateModified":"2026-04-21T06:15:55+00:00","breadcrumb":{"@id":"https:\/\/www.lengnau.ch\/fr\/themes\/familien\/animation-de-jeunesse\/#breadcrumb"},"inLanguage":"fr-FR","potentialAction":[{"@type":"ReadAction","target":["https:\/\/www.lengnau.ch\/fr\/themes\/familien\/animation-de-jeunesse\/"]}]},{"@type":"ImageObject","inLanguage":"fr-FR","@id":"https:\/\/www.lengnau.ch\/fr\/themes\/familien\/animation-de-jeunesse\/#primaryimage","url":"https:\/\/www.lengnau.ch\/wp-content\/uploads\/2025\/02\/OKJA_Logo.jpg","contentUrl":"https:\/\/www.lengnau.ch\/wp-content\/uploads\/2025\/02\/OKJA_Logo.jpg"},{"@type":"BreadcrumbList","@id":"https:\/\/www.lengnau.ch\/fr\/themes\/familien\/animation-de-jeunesse\/#breadcrumb","itemListElement":[{"@type":"ListItem","position":1,"name":"Home","item":"https:\/\/www.lengnau.ch\/fr\/"},{"@type":"ListItem","position":2,"name":"Th\u00e8mes","item":"https:\/\/www.lengnau.ch\/fr\/themes\/"},{"@type":"ListItem","position":3,"name":"Familles","item":"https:\/\/www.lengnau.ch\/fr\/themes\/familien\/"},{"@type":"ListItem","position":4,"name":"Animation de jeunesse"}]},{"@type":"WebSite","@id":"https:\/\/www.lengnau.ch\/#website","url":"https:\/\/www.lengnau.ch\/","name":"Gemeinde Lengnau","description":"","potentialAction":[{"@type":"SearchAction","target":{"@type":"EntryPoint","urlTemplate":"https:\/\/www.lengnau.ch\/?s={search_term_string}"},"query-input":{"@type":"PropertyValueSpecification","valueRequired":true,"valueName":"search_term_string"}}],"inLanguage":"fr-FR"}]}},"publishpress_future_action":{"enabled":false,"date":"2026-05-08 22:22:12","action":"change-status","newStatus":"draft","terms":[],"taxonomy":"translation_priority","extraData":[]},"publishpress_future_workflow_manual_trigger":{"enabledWorkflows":[]},"_links":{"self":[{"href":"https:\/\/www.lengnau.ch\/fr\/wp-json\/wp\/v2\/pages\/15772","targetHints":{"allow":["GET"]}}],"collection":[{"href":"https:\/\/www.lengnau.ch\/fr\/wp-json\/wp\/v2\/pages"}],"about":[{"href":"https:\/\/www.lengnau.ch\/fr\/wp-json\/wp\/v2\/types\/page"}],"author":[{"embeddable":true,"href":"https:\/\/www.lengnau.ch\/fr\/wp-json\/wp\/v2\/users\/14"}],"replies":[{"embeddable":true,"href":"https:\/\/www.lengnau.ch\/fr\/wp-json\/wp\/v2\/comments?post=15772"}],"version-history":[{"count":11,"href":"https:\/\/www.lengnau.ch\/fr\/wp-json\/wp\/v2\/pages\/15772\/revisions"}],"predecessor-version":[{"id":19516,"href":"https:\/\/www.lengnau.ch\/fr\/wp-json\/wp\/v2\/pages\/15772\/revisions\/19516"}],"up":[{"embeddable":true,"href":"https:\/\/www.lengnau.ch\/fr\/wp-json\/wp\/v2\/pages\/3107"}],"wp:attachment":[{"href":"https:\/\/www.lengnau.ch\/fr\/wp-json\/wp\/v2\/media?parent=15772"}],"curies":[{"name":"wp","href":"https:\/\/api.w.org\/{rel}","templated":true}]}}